{"id":69,"date":"2019-02-09T18:19:31","date_gmt":"2019-02-09T21:19:31","guid":{"rendered":"https:\/\/cristianschneider.wordpress.com\/?page_id=69"},"modified":"2025-06-04T16:16:14","modified_gmt":"2025-06-04T19:16:14","slug":"sitios-relacionados","status":"publish","type":"page","link":"https:\/\/monitoreoareasprotegidas.net.ar\/map\/sitios-relacionados\/","title":{"rendered":"Sitios relacionados"},"content":{"rendered":"\n<div id=\"ez-toc-container\" class=\"ez-toc-v2_0_82_2 counter-hierarchy ez-toc-counter ez-toc-grey ez-toc-container-direction\">\n<div class=\"ez-toc-title-container\">\n<span class=\"ez-toc-title\" style=\"cursor:inherit\">\u00cdndice de publicaciones por temas<\/span>\n<span class=\"ez-toc-title-toggle\"><a href=\"#\" class=\"ez-toc-pull-right ez-toc-btn ez-toc-btn-xs ez-toc-btn-default ez-toc-toggle\" aria-label=\"Alternar tabla de contenidos\"><span class=\"ez-toc-js-icon-con\"><span class=\"\"><span class=\"eztoc-hide\" style=\"display:none;\">Toggle<\/span><span class=\"ez-toc-icon-toggle-span\"><svg style=\"fill: #999;color:#999\" xmlns=\"http:\/\/www.w3.org\/2000\/svg\" class=\"list-377408\" width=\"20px\" height=\"20px\" viewBox=\"0 0 24 24\" fill=\"none\"><path d=\"M6 6H4v2h2V6zm14 0H8v2h12V6zM4 11h2v2H4v-2zm16 0H8v2h12v-2zM4 16h2v2H4v-2zm16 0H8v2h12v-2z\" fill=\"currentColor\"><\/path><\/svg><svg style=\"fill: #999;color:#999\" class=\"arrow-unsorted-368013\" xmlns=\"http:\/\/www.w3.org\/2000\/svg\" width=\"10px\" height=\"10px\" viewBox=\"0 0 24 24\" version=\"1.2\" baseProfile=\"tiny\"><path d=\"M18.2 9.3l-6.2-6.3-6.2 6.3c-.2.2-.3.4-.3.7s.1.5.3.7c.2.2.4.3.7.3h11c.3 0 .5-.1.7-.3.2-.2.3-.5.3-.7s-.1-.5-.3-.7zM5.8 14.7l6.2 6.3 6.2-6.3c.2-.2.3-.5.3-.7s-.1-.5-.3-.7c-.2-.2-.4-.3-.7-.3h-11c-.3 0-.5.1-.7.3-.2.2-.3.5-.3.7s.1.5.3.7z\"\/><\/svg><\/span><\/span><\/span><\/a><\/span><\/div>\n<nav><ul class='ez-toc-list ez-toc-list-level-1 ' ><li class='ez-toc-page-1 ez-toc-heading-level-3'><a class=\"ez-toc-link ez-toc-heading-1\" href=\"https:\/\/monitoreoareasprotegidas.net.ar\/map\/sitios-relacionados\/#Organismos_gubernamentales_relacionados_con_AP\" >Organismos gubernamentales relacionados con AP<\/a><\/li><li class='ez-toc-page-1 ez-toc-heading-level-3'><a class=\"ez-toc-link ez-toc-heading-2\" href=\"https:\/\/monitoreoareasprotegidas.net.ar\/map\/sitios-relacionados\/#Organismos_civiles_relacionados_con_AP_TICCA_y_otras_OMEC\" >Organismos civiles relacionados con AP, TICCA y otras OMEC<\/a><ul class='ez-toc-list-level-4' ><li class='ez-toc-heading-level-4'><a class=\"ez-toc-link ez-toc-heading-3\" href=\"https:\/\/monitoreoareasprotegidas.net.ar\/map\/sitios-relacionados\/#NacionalProvincial\" >Nacional\/Provincial<\/a><\/li><li class='ez-toc-page-1 ez-toc-heading-level-4'><a class=\"ez-toc-link ez-toc-heading-4\" href=\"https:\/\/monitoreoareasprotegidas.net.ar\/map\/sitios-relacionados\/#Internacional\" >Internacional<\/a><\/li><\/ul><\/li><li class='ez-toc-page-1 ez-toc-heading-level-3'><a class=\"ez-toc-link ez-toc-heading-5\" href=\"https:\/\/monitoreoareasprotegidas.net.ar\/map\/sitios-relacionados\/#Datos_sobre_AP_y_OMEC\" >Datos sobre AP y OMEC<\/a><ul class='ez-toc-list-level-4' ><li class='ez-toc-heading-level-4'><a class=\"ez-toc-link ez-toc-heading-6\" href=\"https:\/\/monitoreoareasprotegidas.net.ar\/map\/sitios-relacionados\/#NacionalProvincial-2\" >Nacional\/Provincial<\/a><\/li><li class='ez-toc-page-1 ez-toc-heading-level-4'><a class=\"ez-toc-link ez-toc-heading-7\" href=\"https:\/\/monitoreoareasprotegidas.net.ar\/map\/sitios-relacionados\/#Internacional-2\" >Internacional<\/a><\/li><\/ul><\/li><li class='ez-toc-page-1 ez-toc-heading-level-3'><a class=\"ez-toc-link ez-toc-heading-8\" href=\"https:\/\/monitoreoareasprotegidas.net.ar\/map\/sitios-relacionados\/#Paginas_institucionales_de_Areas_Protegidas\" >P\u00e1ginas institucionales de \u00c1reas Protegidas<\/a><ul class='ez-toc-list-level-4' ><li class='ez-toc-heading-level-4'><a class=\"ez-toc-link ez-toc-heading-9\" href=\"https:\/\/monitoreoareasprotegidas.net.ar\/map\/sitios-relacionados\/#NacionalProvincial-3\" >Nacional\/Provincial<\/a><\/li><li class='ez-toc-page-1 ez-toc-heading-level-4'><a class=\"ez-toc-link ez-toc-heading-10\" href=\"https:\/\/monitoreoareasprotegidas.net.ar\/map\/sitios-relacionados\/#Internacional-3\" >Internacional<\/a><\/li><\/ul><\/li><li class='ez-toc-page-1 ez-toc-heading-level-3'><a class=\"ez-toc-link ez-toc-heading-11\" href=\"https:\/\/monitoreoareasprotegidas.net.ar\/map\/sitios-relacionados\/#Cartografias\" >Cartograf\u00edas<\/a><ul class='ez-toc-list-level-4' ><li class='ez-toc-heading-level-4'><a class=\"ez-toc-link ez-toc-heading-12\" href=\"https:\/\/monitoreoareasprotegidas.net.ar\/map\/sitios-relacionados\/#NacionalProvincial-4\" >Nacional\/Provincial<\/a><\/li><li class='ez-toc-page-1 ez-toc-heading-level-4'><a class=\"ez-toc-link ez-toc-heading-13\" href=\"https:\/\/monitoreoareasprotegidas.net.ar\/map\/sitios-relacionados\/#Internacional-4\" >Internacional<\/a><\/li><\/ul><\/li><\/ul><\/nav><\/div>\n<h3 class=\"wp-block-heading\"><span class=\"ez-toc-section\" id=\"Organismos_gubernamentales_relacionados_con_AP\"><\/span><strong>Organismos gubernamentales relacionados con AP<\/strong><span class=\"ez-toc-section-end\"><\/span><\/h3>\n\n\n\n<p><strong>Nacionales<\/strong><\/p>\n\n\n\n<p><a href=\"https:\/\/www.argentina.gob.ar\/parquesnacionales\" target=\"_blank\" rel=\"noreferrer noopener\">APN &#8211; Admininstraci\u00f3n de Parques Nacionales <\/a><\/p>\n\n\n\n<p><a href=\"https:\/\/capacitacionapn.gob.ar\/\" data-type=\"URL\" data-id=\"https:\/\/capacitacionapn.gob.ar\/\" target=\"_blank\" rel=\"noreferrer noopener\">CFyCAP &#8211; Centro de Formaci\u00f3n y Capacitaci\u00f3n en \u00c1reas Protegidas (APN)<\/a><\/p>\n\n\n\n<p><a href=\"https:\/\/www.argentina.gob.ar\/cofema\" data-type=\"URL\" data-id=\"https:\/\/www.argentina.gob.ar\/cofema\" target=\"_blank\" rel=\"noreferrer noopener\">COFEMA &#8211; Consejo Federal de Medio Ambiente (MAyDS-Gobierno Nacional y Provinciales) <\/a><\/p>\n\n\n\n<p><a rel=\"noreferrer noopener\" href=\"https:\/\/www.argentina.gob.ar\/ambiente\" target=\"_blank\">Ministerio de Ambiente y Desarrollo Sostenible de la Naci\u00f3n<\/a><\/p>\n\n\n\n<p><a href=\"https:\/\/cancilleria.gob.ar\/es\/iniciativas\/dna\/proteccion-del-medio-ambiente\/areas-protegidas\" data-type=\"URL\" data-id=\"https:\/\/cancilleria.gob.ar\/es\/iniciativas\/dna\/proteccion-del-medio-ambiente\/areas-protegidas\" target=\"_blank\" rel=\"noreferrer noopener\">Ministerio de Relaciones Exteriores, Comercio Internacional y Culto  &#8211; Direcci\u00f3n Nacional del Ant\u00e1rtico &#8211; \u00c1reas Protegidas<\/a><\/p>\n\n\n\n<p><a rel=\"noreferrer noopener\" href=\"https:\/\/www.argentina.gob.ar\/ambiente\/areas-protegidas\/programa-mab\" data-type=\"URL\" data-id=\"https:\/\/www.argentina.gob.ar\/ambiente\/areas-protegidas\/programa-mab\" target=\"_blank\">Programa MaB &#8211; El Hombre y la Biosfera (Ministerio de Ambiente y Desarrollo Sostenible de la Naci\u00f3n)<\/a> <\/p>\n\n\n\n<p><a rel=\"noreferrer noopener\" href=\"https:\/\/sifap.gob.ar\/\" data-type=\"URL\" data-id=\"https:\/\/sifap.gob.ar\/\" target=\"_blank\">SiFAP &#8211; Sistema Federal de \u00c1reas Protegidas de Argentina (COFEMA)<\/a><\/p>\n\n\n\n<p><strong>Provinciales<\/strong><\/p>\n\n\n\n<p><a href=\"https:\/\/www.ambiente.gba.gob.ar\/anp\" data-type=\"URL\" data-id=\"https:\/\/www.ambiente.gba.gob.ar\/\" target=\"_blank\" rel=\"noreferrer noopener\">Buenos Aires &#8211; Ministerio de Ambiente<\/a><\/p>\n\n\n\n<p><a rel=\"noreferrer noopener\" href=\"http:\/\/www.buenosaires.gob.ar\/agenciaambiental\" data-type=\"URL\" data-id=\"http:\/\/www.buenosaires.gob.ar\/agenciaambiental\" target=\"_blank\">Ciudad Aut\u00f3noma de Buenos Aires &#8211; Secretar\u00eda de Ambiente<\/a><\/p>\n\n\n\n<p><a href=\"https:\/\/portal.catamarca.gob.ar\/ui\/organismos\/secretaria-de-medio-ambiente\" data-type=\"URL\" target=\"_blank\" rel=\"noreferrer noopener\">Catamarca &#8211; Ministerio de Agua, Energ\u00eda y Medio Ambiente<\/a><\/p>\n\n\n\n<p><a href=\"https:\/\/secretariadeambiente.cba.gov.ar\/\" data-type=\"URL\" data-id=\"https:\/\/secretariadeambiente.cba.gov.ar\/\" target=\"_blank\" rel=\"noreferrer noopener\">C\u00f3rdoba &#8211; Ministerio de Ambiente y Econom\u00eda Circular<\/a><\/p>\n\n\n\n<p><a href=\"http:\/\/www.icaa.gov.ar\/\" data-type=\"URL\" data-id=\"http:\/\/www.icaa.gov.ar\/\" target=\"_blank\" rel=\"noreferrer noopener\">Corrientes &#8211; Instituto Correntino del Agua y del Ambiente (ICAA)<\/a><\/p>\n\n\n\n<p><a href=\"https:\/\/chaco.gov.ar\/secretaria-de-desarrollo-territorial\" data-type=\"URL\" target=\"_blank\" rel=\"noreferrer noopener\">Chaco &#8211; Secretar\u00eda de Desarrollo Territorial y Ambiente<\/a><\/p>\n\n\n\n<p><a href=\"http:\/\/www.ambiente.chubut.gov.ar\/\" data-type=\"URL\" data-id=\"http:\/\/www.ambiente.chubut.gov.ar\/\" target=\"_blank\" rel=\"noreferrer noopener\">Chubut &#8211; Ministerio de Ambiente y Control del Desarrollo Sustentable<\/a><\/p>\n\n\n\n<p><a href=\"https:\/\/www.entrerios.gov.ar\/ambiente\/index.php?codigo=269&amp;codsubmenu=300&amp;codppal=216\" data-type=\"URL\" target=\"_blank\" rel=\"noreferrer noopener\">Entre R\u00edos &#8211; Secretar\u00eda de Ambiente<\/a><\/p>\n\n\n\n<p><a rel=\"noreferrer noopener\" href=\"https:\/\/www.formosa.gob.ar\/produccion\" data-type=\"URL\" data-id=\"https:\/\/www.formosa.gob.ar\/produccion\" target=\"_blank\">Formosa &#8211; Ministerio de la Producci\u00f3n y Ambient<\/a><a href=\"https:\/\/www.formosa.gob.ar\/produccion\/programabiodiversidad\" data-type=\"URL\" target=\"_blank\" rel=\"noreferrer noopener\">e<\/a><\/p>\n\n\n\n<p><a rel=\"noreferrer noopener\" href=\"http:\/\/www.ambientejujuy.gob.ar\/\" data-type=\"URL\" data-id=\"http:\/\/www.ambientejujuy.gob.ar\/\" target=\"_blank\">Ju<\/a><a href=\"https:\/\/www.ambientejujuy.gob.ar\/desarrollo-sustentable\/biodiversidad\/\" data-type=\"URL\" target=\"_blank\" rel=\"noreferrer noopener\">juy &#8211; Ministerio de Ambiente<\/a><\/p>\n\n\n\n<p><a href=\"https:\/\/ambiente.lapampa.gob.ar\/sistema-provincial-de-areas-protegida.html\" data-type=\"URL\" target=\"_blank\" rel=\"noreferrer noopener\">La Pampa &#8211; Subsecretar\u00eda de Ambiente<\/a><\/p>\n\n\n\n<p><a href=\"https:\/\/www.larioja.org\/medio-ambiente\/es\/espacios-naturales-protegidos\" data-type=\"URL\" target=\"_blank\" rel=\"noreferrer noopener\">La Rioja &#8211; Secretar\u00eda de Ambiente<\/a><\/p>\n\n\n\n<p><a href=\"https:\/\/www.mendoza.gov.ar\/areasnaturales\/\" data-type=\"URL\" target=\"_blank\" rel=\"noreferrer noopener\">Mendoza &#8211; Secretar\u00eda de Ambiente y Ordenamiento Territorial<\/a><\/p>\n\n\n\n<p><a href=\"https:\/\/ecologia.misiones.gob.ar\/\" data-type=\"URL\" data-id=\"https:\/\/ecologia.misiones.gob.ar\/\" target=\"_blank\" rel=\"noreferrer noopener\">Misiones &#8211; Ministerio de Ecolog\u00eda y Recursos Naturales Renovables<\/a><\/p>\n\n\n\n<p><a href=\"https:\/\/www.anp.gob.ar\/\" data-type=\"URL\" target=\"_blank\" rel=\"noreferrer noopener\">Neuqu\u00e9n &#8211; Direcci\u00f3n Provincial de \u00c1reas Naturales Protegidas<\/a><\/p>\n\n\n\n<p><a rel=\"noreferrer noopener\" href=\"http:\/\/www.ambiente.rionegro.gov.ar\/\" data-type=\"URL\" data-id=\"http:\/\/www.ambiente.rionegro.gov.ar\/\" target=\"_blank\">R\u00edo Negro &#8211; Secretar\u00eda de Ambiente y Desarrollo Sustentable<\/a> | <a href=\"https:\/\/rionegro.gov.ar\/?contID=53085\">\u00c1reas Naturales Protegidas<\/a><\/p>\n\n\n\n<p><a href=\"http:\/\/turismosalta.gov.ar\/contenido\/56\/reas-naturales-protegidas#:~:text=Salta%20cuenta%20con%20diferentes%20y,el%20paisaje%20agreste%20de%20altura.\" data-type=\"URL\" target=\"_blank\" rel=\"noreferrer noopener\">Salta &#8211; Ministerio de Turismo y Deportes<\/a><\/p>\n\n\n\n<p><a href=\"http:\/\/ambiente.sanjuan.gob.ar\/\" data-type=\"URL\" data-id=\"http:\/\/ambiente.sanjuan.gob.ar\/\" target=\"_blank\" rel=\"noreferrer noopener\">San Juan &#8211; Secretar\u00eda de Ambiente y Desarrollo Sustentable<\/a><\/p>\n\n\n\n<p><a rel=\"noreferrer noopener\" href=\"https:\/\/ambiente.sanluis.gov.ar\/\" data-type=\"URL\" target=\"_blank\">San Luis &#8211; Secretar\u00eda de Ambiente<\/a><\/p>\n\n\n\n<p><a rel=\"noreferrer noopener\" href=\"https:\/\/cap.santacruz.gob.ar\/%C3%A1reas-protegidas\" data-type=\"URL\" target=\"_blank\">Santa Cruz &#8211; Consejo Agrario Provincial (CAP) <\/a><\/p>\n\n\n\n<p><a href=\"http:\/\/www.santafe.gob.ar\/index.php\/web\/content\/view\/full\/102676\" data-type=\"URL\" target=\"_blank\" rel=\"noreferrer noopener\">Santa Fe &#8211; Ministerio de Medio Ambiente<\/a><\/p>\n\n\n\n<p><a href=\"http:\/\/www.sde.gob.ar:84\/secAgua\/sda.html\" data-type=\"URL\" data-id=\"http:\/\/www.sde.gob.ar:84\/secAgua\/sda.html\" target=\"_blank\" rel=\"noreferrer noopener\">Santiago del Estero &#8211; Ministerio de Obras, Servicios P\u00fablicos, Agua y Ambiente<\/a><\/p>\n\n\n\n<p><a rel=\"noreferrer noopener\" href=\"https:\/\/desarrollosustentable.tierradelfuego.gob.ar\/\" data-type=\"URL\" data-id=\"https:\/\/desarrollosustentable.tierradelfuego.gob.ar\/\" target=\"_blank\">Tierra del Fuego, Ant\u00e1rtida e Islas del Atl\u00e1ntico S<\/a><a href=\"https:\/\/findelmundo.tur.ar\/es\/reservas-naturales\" data-type=\"URL\" target=\"_blank\" rel=\"noreferrer noopener\">ur &#8211; Instituto Fueguino de Turismo<\/a><\/p>\n\n\n\n<p><a href=\"http:\/\/www.sematucuman.gob.ar\/\" data-type=\"URL\" data-id=\"http:\/\/www.sematucuman.gob.ar\/\" target=\"_blank\" rel=\"noreferrer noopener\">Tucum\u00e1n &#8211; Secretar\u00eda de Estado de Medio Ambiente<\/a><\/p>\n\n\n\n<p><strong>Internacionales<\/strong><\/p>\n\n\n\n<p><a href=\"https:\/\/www.cbd.int\/protected\/\" data-type=\"URL\" data-id=\"https:\/\/www.cbd.int\/protected\/\" target=\"_blank\" rel=\"noreferrer noopener\">CDB &#8211; Convenci\u00f3n de la diversidad biol\u00f3gica &#8211; \u00c1reas protegidas<\/a><\/p>\n\n\n\n<p><a rel=\"noreferrer noopener\" href=\"https:\/\/www.olacefs.com\/\" data-type=\"URL\" data-id=\"https:\/\/www.olacefs.com\/\" target=\"_blank\">OLACEFS&nbsp;&#8211; Organizaci\u00f3n Latinoamericana y del Caribe de Entidades Fiscalizadoras Superiores<\/a><\/p>\n\n\n\n<p><a href=\"http:\/\/otca.org\/\" data-type=\"URL\" data-id=\"http:\/\/otca.org\/\" target=\"_blank\" rel=\"noreferrer noopener\">OTCA &#8211; Organizaci\u00f3n del Tratado de Cooperaci\u00f3n Amaz\u00f3nica<\/a><\/p>\n\n\n\n<p><a href=\"https:\/\/zicosur.co\/\" data-type=\"URL\" data-id=\"https:\/\/zicosur.co\/\" target=\"_blank\" rel=\"noreferrer noopener\">ZICOSUR &#8211; Zona Integraci\u00f3n Centro Oeste de Am\u00e9rica del Sur<\/a><\/p>\n\n\n\n<h3 class=\"wp-block-heading\"><span class=\"ez-toc-section\" id=\"Organismos_civiles_relacionados_con_AP_TICCA_y_otras_OMEC\"><\/span><strong>Organismos civile<strong>s re<\/strong>lacionados con AP, TICCA y otras OMEC<\/strong><span class=\"ez-toc-section-end\"><\/span><\/h3>\n\n\n\n<p style=\"font-size:11px;line-height:1.2\">TICCA: Territorios y \u00e1reas conservadas por pueblos ind\u00edgenas y comunidades locales.<br>OMEC: Otras medidas eficaces de conservaci\u00f3n basadas en \u00e1reas y territorios.<\/p>\n\n\n\n<h4 class=\"wp-block-heading\"><span class=\"ez-toc-section\" id=\"NacionalProvincial\"><\/span>Nacional\/Provincial<span class=\"ez-toc-section-end\"><\/span><\/h4>\n\n\n\n<p><a href=\"http:\/\/www.acen.org.ar\" data-type=\"link\" data-id=\"www.acen.org.ar\" target=\"_blank\" rel=\"noreferrer noopener\">ACEN &#8211; Asociaci\u00f3n Civil para la Conservaci\u00f3n y el Estudio de la Naturaleza Argentina<\/a><\/p>\n\n\n\n<p><a href=\"https:\/\/peninsulavaldes.org.ar\/\" data-type=\"URL\" data-id=\"https:\/\/peninsulavaldes.org.ar\/\" target=\"_blank\" rel=\"noreferrer noopener\">Administraci\u00f3n del \u00c1rea Natural Protegida Pen\u00ednsula Vald\u00e9z<\/a><\/p>\n\n\n\n<p><a href=\"https:\/\/www.ambientesur.org.ar\/\" data-type=\"URL\" data-id=\"https:\/\/www.ambientesur.org.ar\/\" target=\"_blank\" rel=\"noreferrer noopener\">Asociaci\u00f3n Ambiente Sur<\/a><\/p>\n\n\n\n<p><a href=\"https:\/\/www.ecosistemasarg.org.ar\/\" data-type=\"URL\" data-id=\"https:\/\/www.ecosistemasarg.org.ar\/\" target=\"_blank\" rel=\"noreferrer noopener\">Asociaci\u00f3n Civil Ecosistemas Argentinos<\/a><\/p>\n\n\n\n<p><a href=\"https:\/\/www.facebook.com\/Asociacion.Civil.Los.Manantiales\/\" data-type=\"URL\" data-id=\"https:\/\/www.facebook.com\/Asociacion.Civil.Los.Manantiales\/\">Asociaci\u00f3n Civil Los Manantiales<\/a><\/p>\n\n\n\n<p><a href=\"https:\/\/pumakawa.org\/\" data-type=\"URL\" data-id=\"https:\/\/pumakawa.org\/\" target=\"_blank\" rel=\"noreferrer noopener\">Asociaci\u00f3n Civil Pumakawa<\/a><\/p>\n\n\n\n<p><a href=\"http:\/\/www.avesargentinas.org.ar\/\" target=\"_blank\" rel=\"noreferrer noopener\">Aves Argentinas<\/a><\/p>\n\n\n\n<p><a rel=\"noreferrer noopener\" href=\"http:\/\/www.biota.org.ar\/acerca-de\/\" data-type=\"URL\" data-id=\"http:\/\/www.biota.org.ar\/acerca-de\/\" target=\"_blank\">Biota &#8211; Asociaci\u00f3n para la Conservaci\u00f3n de la Diversidad Biol\u00f3gica Argentina<\/a><\/p>\n\n\n\n<p><a href=\"https:\/\/www.casariolab.art\/\" data-type=\"URL\" data-id=\"https:\/\/www.casariolab.art\/\" target=\"_blank\" rel=\"noreferrer noopener\">Casa R\u00edo<\/a><\/p>\n\n\n\n<p><a href=\"https:\/\/www.cebio.org.ar\/\" data-type=\"URL\" data-id=\"https:\/\/www.cebio.org.ar\/\" target=\"_blank\" rel=\"noreferrer noopener\">CEBio &#8211; Fundaci\u00f3n para la Conservaci\u00f3n y el Estudio de la Biodiversidad<\/a><\/p>\n\n\n\n<p><a rel=\"noreferrer noopener\" href=\"http:\/\/ceiba.org.ar\/\" data-type=\"URL\" data-id=\"http:\/\/ceiba.org.ar\/\" target=\"_blank\">CeIBA &#8211; Asociacion Civil Centro de Investigaciones del Bosque Atl\u00e1ntico<\/a><\/p>\n\n\n\n<p><a rel=\"noreferrer noopener\" href=\"https:\/\/farn.org.ar\/\" data-type=\"URL\" data-id=\"https:\/\/farn.org.ar\/\" target=\"_blank\">FARN &#8211; Fundaci\u00f3n Ambiente y Recursos Naturales<\/a><\/p>\n\n\n\n<p><a href=\"http:\/\/marpatagonico.org\/\" data-type=\"URL\" data-id=\"http:\/\/marpatagonico.org\/\" target=\"_blank\" rel=\"noreferrer noopener\">Foro para la Conservaci\u00f3n del Mar Patag\u00f3nico y \u00c1reas de Influencia<\/a><\/p>\n\n\n\n<p><a href=\"http:\/\/www.aprenderhaciendo.org.ar\/\" data-type=\"URL\" data-id=\"http:\/\/www.aprenderhaciendo.org.ar\/\" target=\"_blank\" rel=\"noreferrer noopener\">Fundaci\u00f3n Aprender Haciendo<\/a><\/p>\n\n\n\n<p><a href=\"https:\/\/fundacionazara.org.ar\/\" data-type=\"URL\" target=\"_blank\" rel=\"noreferrer noopener\">Fundaci\u00f3n Azara<\/a><\/p>\n\n\n\n<p><a rel=\"noreferrer noopener\" href=\"https:\/\/www.fundacioncaburei.org\/\" data-type=\"URL\" data-id=\"https:\/\/www.fundacioncaburei.org\/\" target=\"_blank\">Fundaci\u00f3n Cabur<\/a><a href=\"https:\/\/www.fundacioncaburei.org\/\" data-type=\"URL\" data-id=\"https:\/\/www.fundacioncaburei.org\/\" target=\"_blank\" rel=\"noreferrer noopener\">\u00e9<\/a><a rel=\"noreferrer noopener\" href=\"https:\/\/www.fundacioncaburei.org\/\" data-type=\"URL\" data-id=\"https:\/\/www.fundacioncaburei.org\/\" target=\"_blank\">-\u00ed<\/a><\/p>\n\n\n\n<p><a href=\"https:\/\/www.facebook.com\/conydes.riocuarto\/\" data-type=\"URL\" data-id=\"https:\/\/www.facebook.com\/conydes.riocuarto\/\" target=\"_blank\" rel=\"noreferrer noopener\">Fundaci\u00f3n Conydes<\/a><\/p>\n\n\n\n<p><a href=\"http:\/\/fundacionbiodiversidad.org\/\" target=\"_blank\" rel=\"noreferrer noopener\">Fundaci\u00f3n Biodiversidad<\/a><\/p>\n\n\n\n<p><a href=\"https:\/\/www.bioandina.org.ar\/\" data-type=\"URL\" data-id=\"https:\/\/www.bioandina.org.ar\/\" target=\"_blank\" rel=\"noreferrer noopener\">Fundaci\u00f3n BioAndina Argentia<\/a><\/p>\n\n\n\n<p><a href=\"https:\/\/fcnaturaleza.org\/\" data-type=\"link\" data-id=\"https:\/\/fcnaturaleza.org\/\">Fundaci\u00f3n para la Conservaci\u00f3n de la Naturaleza<\/a><\/p>\n\n\n\n<p><a href=\"http:\/\/www.habitatydesarrollo.org.ar\/\" data-type=\"URL\" data-id=\"http:\/\/www.habitatydesarrollo.org.ar\/\" target=\"_blank\" rel=\"noreferrer noopener\">Fundaci\u00f3n H\u00e1bitat y Desarrollo<\/a><\/p>\n\n\n\n<p><a href=\"https:\/\/milaves.org\/\" data-type=\"URL\" data-id=\"https:\/\/milaves.org\/\" target=\"_blank\" rel=\"noreferrer noopener\">Fundaci\u00f3n Mil Aves<\/a><\/p>\n\n\n\n<p><a href=\"http:\/\/www.naturalezaparaelfuturo.org\/\" data-type=\"URL\" data-id=\"http:\/\/www.naturalezaparaelfuturo.org\/\" target=\"_blank\" rel=\"noreferrer noopener\">Fundaci\u00f3n Naturaleza para el Futuro<\/a><\/p>\n\n\n\n<p><a href=\"http:\/\/www.patagonianatural.org\/\" data-type=\"URL\" data-id=\"http:\/\/www.patagonianatural.org\/\" target=\"_blank\" rel=\"noreferrer noopener\">Fundaci\u00f3n Patagonia Natural<\/a><\/p>\n\n\n\n<p><a href=\"http:\/\/proyungas.org.ar\/\" data-type=\"URL\" data-id=\"http:\/\/proyungas.org.ar\/\" target=\"_blank\" rel=\"noreferrer noopener\">Fundaci\u00f3n ProYungas<\/a><\/p>\n\n\n\n<p><a rel=\"noreferrer noopener\" href=\"https:\/\/rewildingargentina.org\/\" data-type=\"URL\" data-id=\"https:\/\/rewildingargentina.org\/\" target=\"_blank\">Fundaci\u00f3n Rewilding Argentina<\/a><\/p>\n\n\n\n<p><a href=\"https:\/\/www.fundaciontemaiken.org.ar\/\" data-type=\"URL\" data-id=\"https:\/\/www.fundaciontemaiken.org.ar\/\" target=\"_blank\" rel=\"noreferrer noopener\">Fundaci\u00f3n Temaiken<\/a><\/p>\n\n\n\n<p><a href=\"https:\/\/www.facebook.com\/fundacionyuchan\/\" data-type=\"URL\" data-id=\"https:\/\/www.facebook.com\/fundacionyuchan\/\" target=\"_blank\" rel=\"noreferrer noopener\">Fundaci\u00f3n Yuchan<\/a><\/p>\n\n\n\n<p><a rel=\"noreferrer noopener\" href=\"https:\/\/www.vidasilvestre.org.ar\/\" data-type=\"URL\" data-id=\"https:\/\/www.vidasilvestre.org.ar\/\" target=\"_blank\">FVSA &#8211; Fundaci\u00f3n Vida Silvestre Argentina<\/a><\/p>\n\n\n\n<p><a rel=\"noreferrer noopener\" href=\"http:\/\/www.redflamencos-gcfa.org\/gcfa.html\" data-type=\"URL\" data-id=\"http:\/\/www.redflamencos-gcfa.org\/gcfa.html\" target=\"_blank\">Grupo de Conservaci\u00f3n de Flamencos Altoandinos<\/a><\/p>\n\n\n\n<p><a href=\"https:\/\/www.agro.uba.ar\/en\/GET\/qom\/noticias\" data-type=\"URL\" data-id=\"https:\/\/www.agro.uba.ar\/en\/GET\/qom\/noticias\" target=\"_blank\" rel=\"noreferrer noopener\">Grupo de Estudio y Trabajo junto a comunidades qom de la regi\u00f3n del Chaco<\/a><\/p>\n\n\n\n<p><a href=\"https:\/\/ballenas.org.ar\/\" data-type=\"URL\" data-id=\"https:\/\/ballenas.org.ar\/\" target=\"_blank\" rel=\"noreferrer noopener\">ICB &#8211; Instituto de Conservaci\u00f3n de Ballenas<\/a><\/p>\n\n\n\n<p><a href=\"https:\/\/www.leydehumedalesya.org\/\" data-type=\"URL\" data-id=\"https:\/\/www.leydehumedalesya.org\/\" target=\"_blank\" rel=\"noreferrer noopener\">Ley de Humedales Ya &#8211; Humedales Sin Fronteras<\/a><\/p>\n\n\n\n<p><a href=\"https:\/\/naturainternational.org\/es\/inicio\">Natura Agentina Internacional<\/a><\/p>\n\n\n\n<p><a href=\"http:\/\/pcma.com.ar\/\" data-type=\"URL\" data-id=\"http:\/\/pcma.com.ar\/\" target=\"_blank\" rel=\"noreferrer noopener\">PCMA &#8211; Fundaci\u00f3n Programa de Conservaci\u00f3n de Murci\u00e9lagos de Argentina<\/a><\/p>\n\n\n\n<p><a rel=\"noreferrer noopener\" href=\"https:\/\/www.facebook.com\/PROAVISBV\" data-type=\"URL\" data-id=\"https:\/\/www.facebook.com\/PROAVISBV\" target=\"_blank\">PROAVIs &#8211; Asociaci\u00f3n para la Protecci\u00f3n del Ambiente y la Vida Silvestre<\/a> <\/p>\n\n\n\n<p><a rel=\"noreferrer noopener\" href=\"https:\/\/www.promarmarchiquita.com.ar\/index\" data-type=\"URL\" data-id=\"https:\/\/www.promarmarchiquita.com.ar\/index\" target=\"_blank\">PROMAR &#8211; Programa de apoyo a la investigaci\u00f3n, educaci\u00f3n y extensi\u00f3n en el humedal de Mar Chiquita (C\u00f3rdoba)<\/a><\/p>\n\n\n\n<p><a rel=\"noreferrer noopener\" href=\"https:\/\/reservasprivadas.org.ar\/\" target=\"_blank\">Red de Argentina de Reservas Naturales Privadas<\/a><\/p>\n\n\n\n<p><a href=\"https:\/\/www.whsrn.org\/\" data-type=\"URL\" data-id=\"https:\/\/www.whsrn.org\/\" target=\"_blank\" rel=\"noreferrer noopener\">Red Hemisf\u00e9rica de Reservas para Aves Playeras (RHRAP)<\/a><\/p>\n\n\n\n<p><a href=\"https:\/\/www.redticcaargentina.com.ar\/\" data-type=\"link\" data-id=\"https:\/\/www.redticcaargentina.com.ar\/\" target=\"_blank\" rel=\"noreferrer noopener\">Red TICCA Argentina<\/a><\/p>\n\n\n\n<p><a rel=\"noreferrer noopener\" href=\"https:\/\/www.sarem.org.ar\/\" data-type=\"URL\" data-id=\"https:\/\/www.sarem.org.ar\/\" target=\"_blank\">SAREM &#8211; Sociedad Argentina para el Estudio de los Mam\u00edferos<\/a><\/p>\n\n\n\n<p><a href=\"https:\/\/www.snap.org.ar\/\" data-type=\"URL\" data-id=\"https:\/\/www.snap.org.ar\/\" target=\"_blank\" rel=\"noreferrer noopener\">SNAP &#8211; Sociedad Naturalista Andino Patag\u00f3nica<\/a><\/p>\n\n\n\n<p><a href=\"http:\/\/www.ramsar.org\/es\/humedal\/argentina \/\" data-type=\"URL\" data-id=\"http:\/\/www.ramsar.org\/es\/humedal\/argentina \/\" target=\"_blank\" rel=\"noreferrer noopener\">Sitios Ramsar en Argentina<\/a><\/p>\n\n\n\n<p><a href=\"https:\/\/tallerecologista.org.ar\/\" data-type=\"URL\" data-id=\"https:\/\/tallerecologista.org.ar\/\" target=\"_blank\" rel=\"noreferrer noopener\">Taller Ecologista<\/a><\/p>\n\n\n\n<p><a href=\"https:\/\/ticca.agro.uba.ar\/\" data-type=\"URL\" data-id=\"https:\/\/ticca.agro.uba.ar\/\" target=\"_blank\" rel=\"noreferrer noopener\">TICCA-UBA Agronom\u00eda<\/a><\/p>\n\n\n\n<p><a rel=\"noreferrer noopener\" href=\"http:\/\/www.turismoenconservacion.org\/\" data-type=\"URL\" data-id=\"http:\/\/www.turismoenconservacion.org\/\" target=\"_blank\">Turismo en Conservaci\u00f3n<\/a><\/p>\n\n\n\n<p><a rel=\"noreferrer noopener\" href=\"https:\/\/argentina.wcs.org\/es-es\/\" data-type=\"URL\" data-id=\"https:\/\/argentina.wcs.org\/es-es\/\" target=\"_blank\">WCS &#8211; Wildlife Conservation Society Argentina<\/a><\/p>\n\n\n\n<h4 class=\"wp-block-heading\"><span class=\"ez-toc-section\" id=\"Internacional\"><\/span>Internacional<span class=\"ez-toc-section-end\"><\/span><\/h4>\n\n\n\n<p><a href=\"https:\/\/areasfuncionales.catie.ac.cr\/\" data-type=\"URL\" data-id=\"https:\/\/areasfuncionales.catie.ac.cr\/\" target=\"_blank\" rel=\"noreferrer noopener\">CATIE &#8211; C\u00e1tedra Latinoamericana de \u00c1reas Protegidas y Corredores Biol\u00f3gicos<\/a><\/p>\n\n\n\n<p><a href=\"https:\/\/www.cbd.int\/protected\/\" data-type=\"URL\" data-id=\"https:\/\/www.cbd.int\/protected\/\" target=\"_blank\" rel=\"noreferrer noopener\">CDB &#8211; Convetion on Biological Diversity (Protected Areas)<\/a><\/p>\n\n\n\n<p><a href=\"https:\/\/www.celebracionareasprotegidas.org\/\" data-type=\"link\" data-id=\"https:\/\/www.celebracionareasprotegidas.org\/\" target=\"_blank\" rel=\"noreferrer noopener\">Celebraci\u00f3n de \u00c1reas Protegidas y Conservadas <\/a><\/p>\n\n\n\n<p><a href=\"https:\/\/conservationcorridor.org\/\" data-type=\"URL\" data-id=\"https:\/\/conservationcorridor.org\/\" target=\"_blank\" rel=\"noreferrer noopener\">Conservation Corridor<\/a><\/p>\n\n\n\n<p><a rel=\"noreferrer noopener\" href=\"https:\/\/uci.ac.cr\/escuela-latinoamericana-areas-protegidas\/\" data-type=\"URL\" data-id=\"https:\/\/uci.ac.cr\/escuela-latinoamericana-areas-protegidas\/\" target=\"_blank\">ELAP &#8211; Escuela Latinoamericana de \u00c1reas Protegidas (UCI)<\/a><\/p>\n\n\n\n<p><a href=\"https:\/\/globalfishingwatch.org\/es\/portal-marine-manager\/\" data-type=\"URL\" data-id=\"https:\/\/globalfishingwatch.org\/es\/portal-marine-manager\/\" target=\"_blank\" rel=\"noreferrer noopener\">Global Fishing Watch<\/a><\/p>\n\n\n\n<p><a href=\"https:\/\/www.goberpark.es\/\" data-type=\"URL\" data-id=\"https:\/\/www.goberpark.es\/\" target=\"_blank\" rel=\"noreferrer noopener\">Goberpark &#8211; El proyecto de investigaci\u00f3n sobre los Parques Naturales de Espa\u00f1a<\/a><\/p>\n\n\n\n<p><a rel=\"noreferrer noopener\" href=\"https:\/\/www.iccaconsortium.org\/index.php\/es\/\" data-type=\"URL\" data-id=\"https:\/\/www.iccaconsortium.org\/index.php\/es\/\" target=\"_blank\">ICCA Consortium (Consorcio Internacional TICCA)<\/a><\/p>\n\n\n\n<p><a rel=\"noreferrer noopener\" href=\"https:\/\/www.internationalrangers.org\/\" data-type=\"URL\" data-id=\"https:\/\/www.internationalrangers.org\/\" target=\"_blank\">IRF &#8211; International Ranger Federation<\/a><\/p>\n\n\n\n<p><a href=\"https:\/\/relcomlatinoamerica.net\/\" data-type=\"URL\" data-id=\"https:\/\/relcomlatinoamerica.net\/\" target=\"_blank\" rel=\"noreferrer noopener\">Red Latinoamericana y del Caribe para la Conservaci\u00f3n de los Murci\u00e9lagos (RELCOM)<\/a><\/p>\n\n\n\n<p><a href=\"https:\/\/redparques.com\/\" data-type=\"URL\" data-id=\"https:\/\/redparques.com\/\" target=\"_blank\" rel=\"noreferrer noopener\">Red Parques &#8211; Red de cooperaci\u00f3n t\u00e9cnica de instituciones p\u00fablicas, civiles y privadas en Latinoam\u00e9rica y el Caribe.<\/a><\/p>\n\n\n\n<p><a rel=\"noreferrer noopener\" href=\"https:\/\/www.iucn.org\/es\/node\/30944\" data-type=\"URL\" data-id=\"https:\/\/www.iucn.org\/es\/node\/30944\" target=\"_blank\">UICN &#8211; Comisi\u00f3n Mundial de \u00c1reas Protegidas (WCPA)<\/a><\/p>\n\n\n\n<p><a rel=\"noreferrer noopener\" href=\"https:\/\/www.iucn.org\/es\/node\/37354\" data-type=\"URL\" data-id=\"https:\/\/www.iucn.org\/es\/node\/37354\" target=\"_blank\">UICN (WCPA) &#8211; Grupo de especialistas en OMECs<\/a><\/p>\n\n\n\n<p><a href=\"https:\/\/apclocales.org\/\" data-type=\"URL\" data-id=\"https:\/\/apclocales.org\/\" target=\"_blank\" rel=\"noreferrer noopener\">UICN (WCPA) &#8211; ICLEI &#8211; GIZ &#8211; \u00c1reas Protegidas Locales<\/a><\/p>\n\n\n\n<p><a href=\"https:\/\/wildlifeconnect.org\/\" data-type=\"link\" data-id=\"https:\/\/wildlifeconnect.org\/\" target=\"_blank\" rel=\"noreferrer noopener\">Wildlife Connect &#8211; WWF &#8211; UICN &#8211; WCPA &#8211; CMS<\/a><\/p>\n\n\n\n<p><a href=\"https:\/\/wwf.panda.org\/es\/\" data-type=\"URL\" data-id=\"https:\/\/wwf.panda.org\/es\/\" target=\"_blank\" rel=\"noreferrer noopener\">WWF &#8211; World Wildlife Foundation<\/a><\/p>\n\n\n\n<h3 class=\"wp-block-heading\"><span class=\"ez-toc-section\" id=\"Datos_sobre_AP_y_OMEC\"><\/span><strong>Datos sobre AP y OMEC<\/strong><span class=\"ez-toc-section-end\"><\/span><\/h3>\n\n\n\n<h4 class=\"wp-block-heading\"><span class=\"ez-toc-section\" id=\"NacionalProvincial-2\"><\/span>Nacional\/Provincial<span class=\"ez-toc-section-end\"><\/span><\/h4>\n\n\n\n<p><a href=\"https:\/\/www.agn.gob.ar\/\" data-type=\"URL\" data-id=\"https:\/\/www.agn.gob.ar\/\" target=\"_blank\" rel=\"noreferrer noopener\">AGN &#8211; Auditor\u00eda General de la Naci\u00f3n<\/a><\/p>\n\n\n\n<p><a href=\"https:\/\/ampargentina.org\/\" data-type=\"URL\" data-id=\"https:\/\/ampargentina.org\/\" target=\"_blank\" rel=\"noreferrer noopener\">\u00c1reas protegidas costeras y marinas de la Argentina (WCS)<\/a><\/p>\n\n\n\n<p><a href=\"https:\/\/www.guardaparques.org\/\" data-type=\"URL\" data-id=\"https:\/\/www.guardaparques.org\/\" target=\"_blank\" rel=\"noreferrer noopener\">Bolet\u00edn \u00ab\u00c1reas Naturales Protegidas y Guardaparques\u00bb<\/a> &#8211;  <a href=\"https:\/\/groups.google.com\/g\/guardas\" data-type=\"URL\" data-id=\"https:\/\/groups.google.com\/g\/guardas\" target=\"_blank\" rel=\"noreferrer noopener\">Grupo de lista de distribuci\u00f3n<\/a> &#8211; <a href=\"https:\/\/www.facebook.com\/Guardaparques-y-Areas-Naturales-Protegidas-441492369220965\/\" data-type=\"URL\" data-id=\"https:\/\/www.facebook.com\/Guardaparques-y-Areas-Naturales-Protegidas-441492369220965\/\" target=\"_blank\" rel=\"noreferrer noopener\">P\u00e1gina facebook<\/a> <\/p>\n\n\n\n<p><a href=\"https:\/\/ciam.ambiente.gob.ar\/geovisor.php#\" data-type=\"link\" data-id=\"https:\/\/ciam.ambiente.gob.ar\/geovisor.php#\" target=\"_blank\" rel=\"noreferrer noopener\">Centro de Informaci\u00f3n Ambiental &#8211; Sistema Integrado de Informaci\u00f3n Ambiental (MAyDS)<\/a> <\/p>\n\n\n\n<p><a rel=\"noreferrer noopener\" href=\"https:\/\/cancilleria.gob.ar\/es\/iniciativas\/dna\/proteccion-del-medio-ambiente\/areas-protegidas\" data-type=\"URL\" data-id=\"https:\/\/cancilleria.gob.ar\/es\/iniciativas\/dna\/proteccion-del-medio-ambiente\/areas-protegidas\" target=\"_blank\">Ministerio de Relaciones Exteriores, Comercio Internacional y Culto de Argentina  &#8211; Direcci\u00f3n Nacional del Ant\u00e1rtico &#8211; \u00c1reas Protegidas en Ant\u00e1rtida Argentina<\/a><\/p>\n\n\n\n<p><a rel=\"noreferrer noopener\" href=\"https:\/\/sib.gob.ar\/portada\" target=\"_blank\">SIB &#8211; Sistema de Informaci\u00f3n de Biodiversidad (APN)<\/a><\/p>\n\n\n\n<p><a href=\"https:\/\/sifap.gob.ar\/areas-protegidas\" data-type=\"URL\" data-id=\"https:\/\/sifap.gob.ar\/areas-protegidas\" target=\"_blank\" rel=\"noreferrer noopener\">SiFAP &#8211; Portal de datos del Sistema Federal de \u00c1reas Protegidas de Argentina<\/a><\/p>\n\n\n\n<p><a rel=\"noreferrer noopener\" href=\"https:\/\/www.arcgis.com\/apps\/Cascade\/index.html?appid=ab014494cdd0415cbecad043715032e6\" data-type=\"URL\" data-id=\"https:\/\/www.arcgis.com\/apps\/Cascade\/index.html?appid=ab014494cdd0415cbecad043715032e6\" target=\"_blank\">Story Maps \u00abSituaci\u00f3n de las \u00c1reas Protegidas de C\u00f3rdoba\u00bb (MAP-ACEN)<\/a><\/p>\n\n\n\n<h4 class=\"wp-block-heading\"><span class=\"ez-toc-section\" id=\"Internacional-2\"><\/span>Internacional<span class=\"ez-toc-section-end\"><\/span><\/h4>\n\n\n\n<p><a href=\"https:\/\/dopa.jrc.ec.europa.eu\/dopa\/\" data-type=\"URL\" data-id=\"https:\/\/dopa.jrc.ec.europa.eu\/dopa\/\" target=\"_blank\" rel=\"noreferrer noopener\">DOPA &#8211; Digital Observatory for Protected Areas (European Commission)<\/a><\/p>\n\n\n\n<p><a href=\"https:\/\/www.iucn.org\/es\/regiones\/america-del-sur\/nuestros-proyectos\/proyectos-en-ejecucion\/lista-verde-de-areas-protegidas-y-conservadas-de-la-uicn\" data-type=\"URL\" data-id=\"https:\/\/www.iucn.org\/es\/regiones\/america-del-sur\/nuestros-proyectos\/proyectos-en-ejecucion\/lista-verde-de-areas-protegidas-y-conservadas-de-la-uicn\" target=\"_blank\" rel=\"noreferrer noopener\">Lista Verde de \u00c1reas Protegidas y Conservadas en Am\u00e9rica del Sur (UICN-CMAP)<\/a><\/p>\n\n\n\n<p><a rel=\"noreferrer noopener\" href=\"https:\/\/globalfishingwatch.org\/map\/marine-manager\" data-type=\"URL\" data-id=\"https:\/\/globalfishingwatch.org\/map\/marine-manager\" target=\"_blank\">Marine Manager &#8211; Global Fishing Watch<\/a><\/p>\n\n\n\n<p><a rel=\"noreferrer noopener\" href=\"https:\/\/en.unesco.org\/mab\" target=\"_blank\" data-type=\"URL\" data-id=\"https:\/\/en.unesco.org\/mab\"><\/a><a href=\"https:\/\/en.unesco.org\/mab\" data-type=\"URL\" data-id=\"https:\/\/en.unesco.org\/mab\" target=\"_blank\" rel=\"noreferrer noopener\">Programa MaB &#8211; Reservas de Bi\u00f3sfera en el mundo (UNESCO)<\/a>&nbsp;<\/p>\n\n\n\n<p><a rel=\"noreferrer noopener\" href=\"https:\/\/www.protectedplanet.net\/en\" target=\"_blank\">Protected Planet &#8211; Base de datos de APs del mundo (IUCN &#8211; UNEP-MCMC)<\/a><\/p>\n\n\n\n<p><a rel=\"noreferrer noopener\" href=\"https:\/\/www.protectedplanet.net\/en\/thematic-areas\/protected-areas-management-effectiveness-pame?tab=Results\" data-type=\"URL\" data-id=\"https:\/\/www.protectedplanet.net\/en\/thematic-areas\/protected-areas-management-effectiveness-pame?tab=Results\" target=\"_blank\">Protected Planet &#8211; Base de datos de Monitoreos de APs del mundo (IUCN &#8211; UNEP-MCMC)<\/a><\/p>\n\n\n\n<p><a href=\"https:\/\/relcomlatinoamerica.net\/%C2%BFqu%C3%A9-hacemos\/conservacion\/aicoms-sicoms\/aicoms-sicoms-buscador.html\" data-type=\"URL\" data-id=\"https:\/\/relcomlatinoamerica.net\/%C2%BFqu%C3%A9-hacemos\/conservacion\/aicoms-sicoms\/aicoms-sicoms-buscador.html\" target=\"_blank\" rel=\"noreferrer noopener\">Red Latinoamericana y del Caribe para la Conservaci\u00f3n de los Murci\u00e9lagos (RELCOM)<\/a><\/p>\n\n\n\n<p><a rel=\"noreferrer noopener\" href=\"https:\/\/www.iccaregistry.org\/?locale=es\" data-type=\"URL\" data-id=\"https:\/\/www.iccaregistry.org\/?locale=es\" target=\"_blank\"><\/a><a href=\"https:\/\/www.iccaregistry.org\/?locale=es\" data-type=\"URL\" data-id=\"https:\/\/www.iccaregistry.org\/?locale=es\" target=\"_blank\" rel=\"noreferrer noopener\">Registro global TICCA &#8211; Base de datos de TICCAs del mundo<\/a><\/p>\n\n\n\n<p><a rel=\"noreferrer noopener\" href=\"https:\/\/www.ats.aq\/devph\/es\/apa-database\" data-type=\"URL\" data-id=\"https:\/\/www.ats.aq\/devph\/es\/apa-database\" target=\"_blank\">Secretar\u00eda del Tratado Ant\u00e1rtico &#8211; Base de datos sobre zonas ant\u00e1rticas protegidas<\/a><\/p>\n\n\n\n<h3 class=\"wp-block-heading\"><span class=\"ez-toc-section\" id=\"Paginas_institucionales_de_Areas_Protegidas\"><\/span><strong>P\u00e1ginas institucionales de \u00c1reas Protegidas<\/strong><span class=\"ez-toc-section-end\"><\/span><\/h3>\n\n\n\n<h4 class=\"wp-block-heading\"><span class=\"ez-toc-section\" id=\"NacionalProvincial-3\"><\/span>Nacional\/Provincial<span class=\"ez-toc-section-end\"><\/span><\/h4>\n\n\n\n<p><a rel=\"noreferrer noopener\" href=\"https:\/\/peninsulavaldes.org.ar\/\" data-type=\"URL\" data-id=\"https:\/\/peninsulavaldes.org.ar\/\" target=\"_blank\">\u00c1rea Natural Protegida Pen\u00ednsula Vald\u00e9z (Chubut)<\/a> <\/p>\n\n\n\n<p><a href=\"http:\/\/proyungas.org.ar\/proyect\/parque-municipal-percy-hill-tucuman\/\" data-type=\"URL\" data-id=\"http:\/\/proyungas.org.ar\/proyect\/parque-municipal-percy-hill-tucuman\/\" target=\"_blank\" rel=\"noreferrer noopener\">Parque Municipal Percy Hill (Tucum\u00e1n)<\/a><\/p>\n\n\n\n<p><a href=\"https:\/\/www.patagoniaazul.org\/\" target=\"_blank\" rel=\"noreferrer noopener\">Parque Patagonia Azul<\/a><\/p>\n\n\n\n<p><a href=\"http:\/\/proyungas.org.ar\/proyect\/parque-provincial-la-florida-tucuman\/\" data-type=\"URL\" data-id=\"http:\/\/proyungas.org.ar\/proyect\/parque-provincial-la-florida-tucuman\/\" target=\"_blank\" rel=\"noreferrer noopener\">Parque Provincial La Florida (Tucum\u00e1n)<\/a><\/p>\n\n\n\n<p><a rel=\"noreferrer noopener\" href=\"http:\/\/proyungas.org.ar\/proyect\/parque-provincial-potrero-de-yala-jujuy\/\" data-type=\"URL\" data-id=\"http:\/\/proyungas.org.ar\/proyect\/parque-provincial-potrero-de-yala-jujuy\/\" target=\"_blank\">Parque Provincial Potrero de Yala (Jujuy)<\/a><\/p>\n\n\n\n<p><a href=\"http:\/\/www.rubichana.com\/\" data-type=\"URL\" data-id=\"http:\/\/www.rubichana.com\/\" target=\"_blank\" rel=\"noreferrer noopener\">Refugio de Vida Silvestre Rubichana (Misiones)<\/a><\/p>\n\n\n\n<p><a href=\"http:\/\/www.avesargentinas.org.ar\/reserva-amigos-de-la-naturaleza-%E2%80%93-san-mart%C3%ADn-de-los-andes-%E2%80%93-neuqu%C3%A9n\">Reserva Amigos de la Naturaleza (Neuqu\u00e9n)<\/a><\/p>\n\n\n\n<p><a href=\"https:\/\/www.avesargentinas.org.ar\/reserva-camb%C3%A1-trapo-%E2%80%93-colonia-carlos-pellegrini-corrientes\" data-type=\"URL\" data-id=\"https:\/\/www.avesargentinas.org.ar\/reserva-camb%C3%A1-trapo-%E2%80%93-colonia-carlos-pellegrini-corrientes\" target=\"_blank\" rel=\"noreferrer noopener\">Reserva Camb\u00e1 Trapo (Corrientes)<\/a><\/p>\n\n\n\n<p><a href=\"https:\/\/www.avesargentinas.org.ar\/reserva-natural-corporativa-las-balsas-relais-ch%C3%A2teaux-%E2%80%93-neuqu%C3%A9n#\" data-type=\"URL\" data-id=\"https:\/\/www.avesargentinas.org.ar\/reserva-natural-corporativa-las-balsas-relais-ch%C3%A2teaux-%E2%80%93-neuqu%C3%A9n#\" target=\"_blank\" rel=\"noreferrer noopener\">Reserva Natural Corporativa Las Balsas (Neuqu\u00e9n)<\/a><\/p>\n\n\n\n<p><a rel=\"noreferrer noopener\" href=\"https:\/\/www.cebio.org.ar\/ecoportal-de-piedra\" data-type=\"URL\" data-id=\"https:\/\/www.cebio.org.ar\/ecoportal-de-piedra\" target=\"_blank\">Reserva Natural Privada Ecoportal de Piedra (Jujuy<\/a><a href=\"https:\/\/www.cebio.org.ar\/ecoportal-de-piedra\" data-type=\"URL\" data-id=\"https:\/\/www.cebio.org.ar\/ecoportal-de-piedra\" target=\"_blank\" rel=\"noreferrer noopener\">)<\/a><\/p>\n\n\n\n<p><a rel=\"noreferrer noopener\" href=\"https:\/\/www.cebio.org.ar\/finca-garrapatas\" data-type=\"URL\" data-id=\"https:\/\/www.cebio.org.ar\/finca-garrapatas\" target=\"_blank\">Reserva Natural Privada Finca Garrapatas (Salta)<\/a><\/p>\n\n\n\n<p><a rel=\"noreferrer noopener\" href=\"https:\/\/rnvillavicencio.com.ar\/\" data-type=\"URL\" data-id=\"https:\/\/rnvillavicencio.com.ar\/\" target=\"_blank\">Reserva Natural Villavicencio (Mendoza<\/a><a href=\"https:\/\/rnvillavicencio.com.ar\/\" data-type=\"URL\" data-id=\"https:\/\/rnvillavicencio.com.ar\/\" target=\"_blank\" rel=\"noreferrer noopener\">)<\/a><\/p>\n\n\n\n<p><a href=\"https:\/\/www.avesargentinas.org.ar\/reserva-privada-barreal-blanco-san-juan\" data-type=\"URL\" data-id=\"https:\/\/www.avesargentinas.org.ar\/reserva-privada-barreal-blanco-san-juan\" target=\"_blank\" rel=\"noreferrer noopener\">Reserva Privada Barreal Blanco (San Juan)<\/a><\/p>\n\n\n\n<p><a rel=\"noreferrer noopener\" href=\"http:\/\/loschorrillos.com\/\" data-type=\"URL\" data-id=\"http:\/\/loschorrillos.com\/\" target=\"_blank\">Reserva Privada Los Chorrillos (C\u00f3rdoba)<\/a><\/p>\n\n\n\n<p><a href=\"http:\/\/proyungas.org.ar\/proyect\/reserva-provincial-la-angostura-tucuman\/\" data-type=\"URL\" data-id=\"http:\/\/proyungas.org.ar\/proyect\/reserva-provincial-la-angostura-tucuman\/\" target=\"_blank\" rel=\"noreferrer noopener\">Reserva Provincial La Angostura (Tucum\u00e1n)<\/a><\/p>\n\n\n\n<p><a href=\"http:\/\/proyungas.org.ar\/proyect\/reserva-provincial-los-sosa-tucuman\/\" data-type=\"URL\" data-id=\"http:\/\/proyungas.org.ar\/proyect\/reserva-provincial-los-sosa-tucuman\/\" target=\"_blank\" rel=\"noreferrer noopener\">Reserva Provincial Los Sosa (Tucum\u00e1n)<\/a><\/p>\n\n\n\n<p><a href=\"https:\/\/sites.google.com\/view\/reservanaturalfranciscotau\" data-type=\"URL\" data-id=\"https:\/\/sites.google.com\/view\/reservanaturalfranciscotau\" target=\"_blank\" rel=\"noreferrer noopener\">Reserva Tau (C\u00f3rdoba)<\/a><\/p>\n\n\n\n<p><a href=\"https:\/\/vaquerias.unc.edu.ar\/\" data-type=\"URL\" data-id=\"https:\/\/vaquerias.unc.edu.ar\/\" target=\"_blank\" rel=\"noreferrer noopener\">Reserva Vaquer\u00edas (C\u00f3rdoba)<\/a><\/p>\n\n\n\n<p><a href=\"https:\/\/www.facebook.com\/rbyungas.org?fref=ts\" data-type=\"URL\" data-id=\"https:\/\/www.facebook.com\/rbyungas.org?fref=ts\" target=\"_blank\" rel=\"noreferrer noopener\">Reserva de Biosfera de las Yungas (Salta, Jujuy)<\/a><\/p>\n\n\n\n<p><a rel=\"noreferrer noopener\" href=\"http:\/\/www.reservasanguillermo.com\/\" data-type=\"URL\" data-id=\"http:\/\/www.reservasanguillermo.com\/\" target=\"_blank\">Reserva de Biosfera San Guillermo (c\/Parque Nacional y Reserva Provincial &#8211; San Juan)<\/a><\/p>\n\n\n\n<h4 class=\"wp-block-heading\"><span class=\"ez-toc-section\" id=\"Internacional-3\"><\/span>Internacional<span class=\"ez-toc-section-end\"><\/span><\/h4>\n\n\n\n<p>&#8211;<\/p>\n\n\n\n<h3 class=\"wp-block-heading\"><span class=\"ez-toc-section\" id=\"Cartografias\"><\/span><strong>Cartograf\u00edas<\/strong><span class=\"ez-toc-section-end\"><\/span><\/h3>\n\n\n\n<h4 class=\"wp-block-heading\"><span class=\"ez-toc-section\" id=\"NacionalProvincial-4\"><\/span>Nacional\/Provincial<span class=\"ez-toc-section-end\"><\/span><\/h4>\n\n\n\n<p><a href=\"https:\/\/ampargentina.org\/\" data-type=\"URL\" data-id=\"https:\/\/ampargentina.org\/\" target=\"_blank\" rel=\"noreferrer noopener\">\u00c1reas protegidas costeras y marinas de la Argentina (WCS)<\/a><\/p>\n\n\n\n<p><a href=\"https:\/\/ciam.ambiente.gob.ar\/geovisor.php#\" data-type=\"link\" data-id=\"https:\/\/ciam.ambiente.gob.ar\/geovisor.php#\" target=\"_blank\" rel=\"noreferrer noopener\">Centro de Informaci\u00f3n Ambiental &#8211; Sistema Integrado de Informaci\u00f3n Ambiental (MAyDS)<\/a> <\/p>\n\n\n\n<p><a rel=\"noreferrer noopener\" href=\"https:\/\/www.mapascordoba.gob.ar\/#\/mapas\" data-type=\"URL\" data-id=\"https:\/\/www.mapascordoba.gob.ar\/#\/mapas\" target=\"_blank\">IDECOR &#8211; Mapas C\u00f3rdoba &#8211; Geoportal IDE (Gobierno de C\u00f3rdoba)<\/a><\/p>\n\n\n\n<p><a rel=\"noreferrer noopener\" href=\"https:\/\/www.idera.gob.ar\/index.php?option=com_content&amp;view=article&amp;id=64&amp;Itemid=301\" data-type=\"URL\" data-id=\"https:\/\/www.idera.gob.ar\/index.php?option=com_content&amp;view=article&amp;id=64&amp;Itemid=301\" target=\"_blank\">IDERA &#8211; Visualizadores IDEs de Argentina (Gobierno Nacional)<\/a><\/p>\n\n\n\n<p><a rel=\"noreferrer noopener\" href=\"https:\/\/www.ign.gob.ar\/NuestasActividades\/InformacionGeoespacial\/Principal\" data-type=\"URL\" data-id=\"https:\/\/www.ign.gob.ar\/NuestasActividades\/InformacionGeoespacial\/Principal\" target=\"_blank\">IGN &#8211; Instituto Geogr\u00e1fico Nacional &#8211; Informaci\u00f3n Geoespacial (Gobierno Nacional)<\/a><\/p>\n\n\n\n<p><a href=\"https:\/\/cfcatastro.gob.ar\/mapa\/\" data-type=\"URL\" data-id=\"https:\/\/cfcatastro.gob.ar\/mapa\/\" target=\"_blank\" rel=\"noreferrer noopener\">Mapas CFC &#8211; Visor de informaci\u00f3n catastral provincial (Consejo Federal de Catastro de Argentina)<\/a><\/p>\n\n\n\n<p><a rel=\"noreferrer noopener\" href=\"https:\/\/panda.maps.arcgis.com\/apps\/Viewer\/index.html?appid=df2a2c1967be429d9eeaff98b5915112\" data-type=\"URL\" data-id=\"https:\/\/panda.maps.arcgis.com\/apps\/Viewer\/index.html?appid=df2a2c1967be429d9eeaff98b5915112\" target=\"_blank\">Mapa Interactivo de Biodiversidad (Fundaci\u00f3n Vida Silvestre Argentina)<\/a><\/p>\n\n\n\n<p><a href=\"http:\/\/monitoreodesmonte.com.ar\/\" data-type=\"URL\" data-id=\"http:\/\/monitoreodesmonte.com.ar\/\" target=\"_blank\" rel=\"noreferrer noopener\">Monitoreo de Deforestaci\u00f3n en el Gran Chaco Argentino (REDAF)<\/a><\/p>\n\n\n\n<p><a rel=\"noreferrer noopener\" href=\"https:\/\/mapas.parquesnacionales.gob.ar\/layers\/geonode%3Areservasmab_2016\" target=\"_blank\" data-type=\"URL\" data-id=\"https:\/\/mapas.parquesnacionales.gob.ar\/layers\/geonode%3Areservasmab_2016\">Reservas de Bi\u00f3sfera en Argentina (SIB-APN)&nbsp;<\/a><\/p>\n\n\n\n<p><a href=\"http:\/\/www.hidro.gov.ar\/\" data-type=\"URL\" data-id=\"http:\/\/www.hidro.gov.ar\/\" target=\"_blank\" rel=\"noreferrer noopener\">SHN &#8211; Servicio Hidrograf\u00eda Naval (Gobierno Nacional)<\/a><\/p>\n\n\n\n<p><a rel=\"noreferrer noopener\" href=\"http:\/\/siga.proyungas.org.ar\/mapas\/\" data-type=\"URL\" data-id=\"http:\/\/siga.proyungas.org.ar\/mapas\/\" target=\"_blank\">SIGA &#8211; Sistema de Informaci\u00f3n geogr\u00e1fica Ambiental (ProYungas)<\/a><\/p>\n\n\n\n<p><a rel=\"noreferrer noopener\" href=\"http:\/\/snmb.ambiente.gob.ar\/develop\/\" data-type=\"URL\" data-id=\"http:\/\/snmb.ambiente.gob.ar\/develop\/\" target=\"_blank\">Sistema Nacional de Monitoreo de Bosques Nativos de la Rep\u00fablica Argentina (MAyDS)<\/a><\/p>\n\n\n\n<h4 class=\"wp-block-heading\"><span class=\"ez-toc-section\" id=\"Internacional-4\"><\/span>Internacional<span class=\"ez-toc-section-end\"><\/span><\/h4>\n\n\n\n<p><a href=\"https:\/\/www.npolar.no\/quantarctica\/\" data-type=\"link\" data-id=\"https:\/\/www.npolar.no\/quantarctica\/\" target=\"_blank\" rel=\"noreferrer noopener\">Cartograf\u00eda de todo el Continente Ant\u00e1rtico<\/a> <strong><span style=\"background-color:rgba(0, 0, 0, 0)\" class=\"has-inline-color has-vivid-red-color\">NUEVO 2024<\/span><\/strong><\/p>\n\n\n\n<p><a href=\"https:\/\/dopa-explorer.jrc.ec.europa.eu\/\" data-type=\"URL\" data-id=\"https:\/\/dopa-explorer.jrc.ec.europa.eu\/\" target=\"_blank\" rel=\"noreferrer noopener\">DOPA &#8211; Digital Observatory for Protected Areas (European Commission)<\/a><\/p>\n\n\n\n<p><a rel=\"noreferrer noopener\" href=\"http:\/\/earthenginepartners.appspot.com\/science-2013-global-forest\" data-type=\"URL\" data-id=\"http:\/\/earthenginepartners.appspot.com\/science-2013-global-forest\" target=\"_blank\">Global Forest Change (Universidad de Maryland)<\/a><\/p>\n\n\n\n<p><a rel=\"noreferrer noopener\" href=\"https:\/\/www.globalforestwatch.org\/map\/\" data-type=\"URL\" data-id=\"https:\/\/www.globalforestwatch.org\/map\/\" target=\"_blank\">Global Forest Watch (WRI)<\/a><\/p>\n\n\n\n<p><a rel=\"noreferrer noopener\" href=\"https:\/\/plataforma.chaco.mapbiomas.org\/\" data-type=\"URL\" data-id=\"https:\/\/plataforma.chaco.mapbiomas.org\/\" target=\"_blank\">Map Biomas &#8211; Plataforma Chaco (Red MapBiomas<\/a>)<\/p>\n\n\n\n<p><a rel=\"noreferrer noopener\" href=\"https:\/\/globalfishingwatch.org\/map\/marine-manager\" data-type=\"URL\" data-id=\"https:\/\/globalfishingwatch.org\/map\/marine-manager\" target=\"_blank\"><\/a><a href=\"https:\/\/globalfishingwatch.org\/map\/marine-manager\" data-type=\"URL\" data-id=\"https:\/\/globalfishingwatch.org\/map\/marine-manager\" target=\"_blank\" rel=\"noreferrer noopener\">Marine Manager &#8211; Global Fishing Watch (GFW)<\/a><\/p>\n\n\n\n<p><a rel=\"noreferrer noopener\" href=\"https:\/\/www.protectedplanet.net\/en\/thematic-areas\/protected-areas-management-effectiveness-pame?tab=Results\" data-type=\"URL\" data-id=\"https:\/\/www.protectedplanet.net\/en\/thematic-areas\/protected-areas-management-effectiveness-pame?tab=Results\" target=\"_blank\">Protected Planet &#8211; Base de datos de Monitoreos de APs del mundo (IUCN &#8211; UNEP-MCMC)<\/a><\/p>\n","protected":false},"excerpt":{"rendered":"<p>Organismos gubernamentales relacionados con AP Nacionales APN &#8211; Admininstraci\u00f3n de Parques Nacionales CFyCAP &#8211; Centro de Formaci\u00f3n y Capacitaci\u00f3n en \u00c1reas Protegidas (APN) COFEMA &#8211; Consejo Federal de Medio Ambiente (MAyDS-Gobierno Nacional y Provinciales) Ministerio de Ambiente y Desarrollo Sostenible de la Naci\u00f3n Ministerio de Relaciones Exteriores, Comercio Internacional y Culto &#8211; Direcci\u00f3n Nacional del &hellip; <\/p>\n<p class=\"link-more\"><a href=\"https:\/\/monitoreoareasprotegidas.net.ar\/map\/sitios-relacionados\/\" class=\"more-link\">Continuar leyendo<span class=\"screen-reader-text\"> \u00abSitios relacionados\u00bb<\/span><\/a><\/p>\n","protected":false},"author":2,"featured_media":0,"parent":0,"menu_order":12,"comment_status":"closed","ping_status":"closed","template":"","meta":{"_seopress_robots_primary_cat":"","_seopress_titles_title":"Sitios relacionados","_seopress_titles_desc":"Organismos civiles y gubernamentales relacionados con AP, TICCA y otras OMEC.","_seopress_robots_index":"","footnotes":""},"class_list":["post-69","page","type-page","status-publish","hentry"],"jetpack_sharing_enabled":true,"_links":{"self":[{"href":"https:\/\/monitoreoareasprotegidas.net.ar\/map\/wp-json\/wp\/v2\/pages\/69","targetHints":{"allow":["GET"]}}],"collection":[{"href":"https:\/\/monitoreoareasprotegidas.net.ar\/map\/wp-json\/wp\/v2\/pages"}],"about":[{"href":"https:\/\/monitoreoareasprotegidas.net.ar\/map\/wp-json\/wp\/v2\/types\/page"}],"author":[{"embeddable":true,"href":"https:\/\/monitoreoareasprotegidas.net.ar\/map\/wp-json\/wp\/v2\/users\/2"}],"replies":[{"embeddable":true,"href":"https:\/\/monitoreoareasprotegidas.net.ar\/map\/wp-json\/wp\/v2\/comments?post=69"}],"version-history":[{"count":144,"href":"https:\/\/monitoreoareasprotegidas.net.ar\/map\/wp-json\/wp\/v2\/pages\/69\/revisions"}],"predecessor-version":[{"id":3417,"href":"https:\/\/monitoreoareasprotegidas.net.ar\/map\/wp-json\/wp\/v2\/pages\/69\/revisions\/3417"}],"wp:attachment":[{"href":"https:\/\/monitoreoareasprotegidas.net.ar\/map\/wp-json\/wp\/v2\/media?parent=69"}],"curies":[{"name":"wp","href":"https:\/\/api.w.org\/{rel}","templated":true}]}}