{"id":61,"date":"2019-02-09T18:08:12","date_gmt":"2019-02-09T21:08:12","guid":{"rendered":"https:\/\/cristianschneider.wordpress.com\/?page_id=61"},"modified":"2025-05-27T18:38:49","modified_gmt":"2025-05-27T21:38:49","slug":"las-aps-hoy","status":"publish","type":"page","link":"https:\/\/monitoreoareasprotegidas.net.ar\/map\/las-aps-hoy\/","title":{"rendered":"Situaci\u00f3n Actual de las \u00c1reas Protegidas"},"content":{"rendered":"\n<p class=\"has-text-align-justify justificar\">Por medio de diferentes infograf\u00edas de MAP te contamos la actualidad de <strong>Parques, Reservas y otras \u00c1reas Protegidas (AP)<\/strong> de <strong>diferentes sistemas provinciales<\/strong> <strong>y nacionales<\/strong> <strong>de Argentina<\/strong>, de todos los<strong> tipos<\/strong> <strong>de<\/strong> <strong>administraciones<\/strong> (estatales o privadas)<strong> y<\/strong> <strong>jurisdicciones<\/strong> (nacional, provincial y municipal\/comunal), intentando incluir y describir todas aquellas constituidas formalmente o gestionadas como tal.<\/p>\n\n\n\n<figure class=\"wp-block-image size-large\"><a href=\"https:\/\/monitoreoareasprotegidas.net.ar\/map\/argentina\/\"><img loading=\"lazy\" decoding=\"async\" width=\"1024\" height=\"307\" src=\"https:\/\/monitoreoareasprotegidas.net.ar\/map\/wp-content\/uploads\/2024\/01\/Nacionales-banner-2-1024x307.jpg\" alt=\"\" class=\"wp-image-2889\" srcset=\"https:\/\/monitoreoareasprotegidas.net.ar\/map\/wp-content\/uploads\/2024\/01\/Nacionales-banner-2-1024x307.jpg 1024w, https:\/\/monitoreoareasprotegidas.net.ar\/map\/wp-content\/uploads\/2024\/01\/Nacionales-banner-2-300x90.jpg 300w, https:\/\/monitoreoareasprotegidas.net.ar\/map\/wp-content\/uploads\/2024\/01\/Nacionales-banner-2-768x230.jpg 768w, https:\/\/monitoreoareasprotegidas.net.ar\/map\/wp-content\/uploads\/2024\/01\/Nacionales-banner-2-1536x461.jpg 1536w, https:\/\/monitoreoareasprotegidas.net.ar\/map\/wp-content\/uploads\/2024\/01\/Nacionales-banner-2.jpg 2000w\" sizes=\"auto, (max-width: 767px) 89vw, (max-width: 1000px) 54vw, (max-width: 1071px) 543px, 580px\" \/><\/a><\/figure>\n\n\n\n<p class=\"has-text-align-justify justificar\">La siguiente infograf\u00eda resume los principales datos de cantidades y superficies de <strong>AP de<\/strong> <strong>Administraci\u00f3n Gubernamental Nacional<\/strong> para toda la&nbsp;<strong>Argentina<\/strong> al a\u00f1o <strong>2024<\/strong>, seg\u00fan los registros del Sistema de Informaci\u00f3n de la Biodiversidad (SIB) de la <strong>Administraci\u00f3n de Parques Nacionales<\/strong> (APN), de&nbsp;la <strong>Direcci\u00f3n Nacional del Ant\u00e1rtico<\/strong> y su <strong>Instituto Ant\u00e1rtico Argentino<\/strong> del <strong>Ministerio de Relaciones Exteriores, Comercio Internacional y Culto<\/strong> y del <strong>Sistema Federal de \u00c1reas Protegidas<\/strong> (SiFAP), adem\u00e1s de los an\u00e1lisis de <strong>Situaci\u00f3n de Nivel de Implementaci\u00f3n de las AP<\/strong> seg\u00fan la <strong>Auditor\u00eda General de la Naci\u00f3n<\/strong> (AGN) para el <strong>Sistema Nacional de AP <\/strong>(Sistema de Parques Nacionales y Sistema de \u00c1reas Marinas Protegidas) de la APN del Gobierno Nacional.<\/p>\n\n\n\n<script id=\"infogram_0_d3bb2ec5-c7fd-4175-b710-92322ea6c8af\" title=\"APs de Argentina\" src=\"https:\/\/e.infogram.com\/js\/dist\/embed.js?psA\" type=\"text\/javascript\"><\/script><div style=\"padding:8px 0;font-family:Arial!important;font-size:13px!important;line-height:15px!important;text-align:center;border-top:1px solid #dadada;margin:0 30px\"><a href=\"https:\/\/infogram.com\/d3bb2ec5-c7fd-4175-b710-92322ea6c8af\" style=\"color:#989898!important;text-decoration:none!important;\" target=\"_blank\" rel=\"noopener\">Ingres\u00e1 aqu\u00ed para verla en el sitio de Infogram<\/a><br><\/div>\n\n\n\n<p class=\"has-text-align-center has-small-font-size\"><em><em>Presion\u00e1 las flechas para desplazarte entre los diferentes paneles de informaci\u00f3n. <\/em><\/em><br><em><em><em>Tambi\u00e9n pod\u00e9s ampliar la infograf\u00eda a pantalla completa desde el icono superior derecho<\/em>.<\/em><\/em><br> <\/p>\n\n\n\n<p class=\"has-text-align-center\">Para m\u00e1s informaci\u00f3n de las APs Nacionales <a href=\"https:\/\/monitoreoareasprotegidas.net.ar\/map\/argentina\/\" data-type=\"URL\" data-id=\"https:\/\/monitoreoareasprotegidas.net.ar\/map\/argentina\/\"><strong>ingres\u00e1 aqu\u00ed<\/strong> <\/a><br>o hac\u00e9 click sobre el banner de \u00abNacionales\u00bb<\/p>\n\n\n\n<figure class=\"wp-block-image size-large\"><a href=\"https:\/\/monitoreoareasprotegidas.net.ar\/map\/cordoba\/\"><img loading=\"lazy\" decoding=\"async\" width=\"1024\" height=\"307\" src=\"https:\/\/monitoreoareasprotegidas.net.ar\/map\/wp-content\/uploads\/2021\/10\/Cordoba-banner-4-1024x307.jpg\" alt=\"\" class=\"wp-image-2312\" srcset=\"https:\/\/monitoreoareasprotegidas.net.ar\/map\/wp-content\/uploads\/2021\/10\/Cordoba-banner-4-1024x307.jpg 1024w, https:\/\/monitoreoareasprotegidas.net.ar\/map\/wp-content\/uploads\/2021\/10\/Cordoba-banner-4-300x90.jpg 300w, https:\/\/monitoreoareasprotegidas.net.ar\/map\/wp-content\/uploads\/2021\/10\/Cordoba-banner-4-768x230.jpg 768w, https:\/\/monitoreoareasprotegidas.net.ar\/map\/wp-content\/uploads\/2021\/10\/Cordoba-banner-4-1536x461.jpg 1536w, https:\/\/monitoreoareasprotegidas.net.ar\/map\/wp-content\/uploads\/2021\/10\/Cordoba-banner-4.jpg 2000w\" sizes=\"auto, (max-width: 767px) 89vw, (max-width: 1000px) 54vw, (max-width: 1071px) 543px, 580px\" \/><\/a><\/figure>\n\n\n\n<p class=\"has-text-align-justify justificar\">En lo que fue la primera etapa de monitoreo de <strong>sistemas provinciales de AP<\/strong>, comenzamos con la provincia de <strong>C\u00f3rdoba<\/strong>, diagnosticando cantidades y superficies de AP al a\u00f1o <strong>2025<\/strong>, para luego profundizar sobre el funcionamiento actual de las <strong>administradas por el Gobierno Provincial<\/strong>, mediante el an\u00e1lisis de la\u00a0<strong>Situaci\u00f3n de M\u00ednima Implementaci\u00f3n\u00a0<\/strong> del <strong>Sistema de \u00c1reas Naturales Protegidas del Gobierno de la Provincia de C\u00f3rdoba<\/strong>\u00a0(SANPPC). Del Informe <strong><a href=\"https:\/\/href.li\/?https:\/\/drive.google.com\/file\/d\/1ZAm0K2G1qQIIXWPuRTnX16eZETjnoTWy\/view?usp=sharing\" data-type=\"URL\" data-id=\"https:\/\/href.li\/?https:\/\/drive.google.com\/file\/d\/1ZAm0K2G1qQIIXWPuRTnX16eZETjnoTWy\/view?usp=sharing\" target=\"_blank\" rel=\"noreferrer noopener\">Situaci\u00f3n de las \u00c1reas Protegidas de la Provincia de C\u00f3rdoba<\/a><\/strong> extraemos los siguientes datos:<\/p>\n\n\n\n<script id=\"infogram_0_4b0d0c62-2b24-4c0d-8757-d8da04e332dc\" title=\"APs de C\u00f3rdoba\" src=\"https:\/\/e.infogram.com\/js\/dist\/embed.js?GI4\" type=\"text\/javascript\"><\/script><div style=\"padding:8px 0;font-family:Arial!important;font-size:13px!important;line-height:15px!important;text-align:center;border-top:1px solid #dadada;margin:0 30px\"><a href=\"https:\/\/infogram.com\/4b0d0c62-2b24-4c0d-8757-d8da04e332dc\" style=\"color:#989898!important;text-decoration:none!important;\" target=\"_blank\" rel=\"noopener\">Ingres\u00e1 aqu\u00ed para verla en el sitio de Infogram<\/a><br><\/div>\n\n\n\n<p class=\"has-text-align-center has-small-font-size\"><em>Presion\u00e1 las flechas para desplazarte entre los diferentes paneles de informaci\u00f3n. <\/em><br><em><em>Tambi\u00e9n pod\u00e9s ampliar la infograf\u00eda a pantalla completa desde el icono superior derecho.<\/em><\/em><\/p>\n\n\n\n<p class=\"has-text-align-center\">Para <strong>m\u00e1s informaci\u00f3n de las APs de C\u00f3rdoba<\/strong> <a href=\"https:\/\/monitoreoareasprotegidas.net.ar\/map\/cordoba\/\" data-type=\"URL\" data-id=\"https:\/\/monitoreoareasprotegidas.net.ar\/map\/cordoba\/\"><strong>ingres\u00e1 aqu\u00ed<\/strong> <\/a><br>o <strong>hac\u00e9 click sobre el banner de \u00abC\u00f3rdoba\u00bb<\/strong><\/p>\n\n\n\n<p><\/p>\n\n\n<div class=\"wp-block-image is-resized\">\n<figure class=\"alignright size-large\"><img loading=\"lazy\" decoding=\"async\" width=\"577\" height=\"817\" src=\"https:\/\/monitoreoareasprotegidas.net.ar\/map\/wp-content\/uploads\/2021\/03\/Situacion-APs-de-Cba-Tapa-1.jpg\" alt=\"\" class=\"wp-image-833\" style=\"width:125px\" srcset=\"https:\/\/monitoreoareasprotegidas.net.ar\/map\/wp-content\/uploads\/2021\/03\/Situacion-APs-de-Cba-Tapa-1.jpg 577w, https:\/\/monitoreoareasprotegidas.net.ar\/map\/wp-content\/uploads\/2021\/03\/Situacion-APs-de-Cba-Tapa-1-212x300.jpg 212w\" sizes=\"auto, (max-width: 577px) 100vw, 577px\" \/><\/figure>\n<\/div>\n\n\n<p class=\"has-text-align-center\">Pod\u00e9s acceder al informe completo <br><strong>Situaci\u00f3n de las \u00c1reas Protegidas de la Provincia de C\u00f3rdoba<\/strong> <br>desde este <strong><a href=\"https:\/\/href.li\/?https:\/\/drive.google.com\/file\/d\/1ZAm0K2G1qQIIXWPuRTnX16eZETjnoTWy\/view?usp=sharing\" target=\"_blank\" rel=\"noreferrer noopener\">link<\/a><\/strong>, o ver solo la metodolog\u00eda <strong><a href=\"https:\/\/monitoreoareasprotegidas.net.ar\/map\/metodologia\/\" data-type=\"URL\" data-id=\"https:\/\/monitoreoareasprotegidas.net.ar\/map\/metodologia\/\">aqu\u00ed<\/a><\/strong>.<\/p>\n\n\n\n<div style=\"height:16px\" aria-hidden=\"true\" class=\"wp-block-spacer\"><\/div>\n\n\n\n<hr class=\"wp-block-separator has-alpha-channel-opacity is-style-wide\"\/>\n\n\n\n<figure class=\"wp-block-image size-large\"><a href=\"https:\/\/monitoreoareasprotegidas.net.ar\/map\/publicaciones\/\"><img loading=\"lazy\" decoding=\"async\" width=\"1024\" height=\"307\" src=\"https:\/\/monitoreoareasprotegidas.net.ar\/map\/wp-content\/uploads\/2025\/04\/Publicaciones-banner-1-1024x307.jpg\" alt=\"\" class=\"wp-image-3331\" srcset=\"https:\/\/monitoreoareasprotegidas.net.ar\/map\/wp-content\/uploads\/2025\/04\/Publicaciones-banner-1-1024x307.jpg 1024w, https:\/\/monitoreoareasprotegidas.net.ar\/map\/wp-content\/uploads\/2025\/04\/Publicaciones-banner-1-300x90.jpg 300w, https:\/\/monitoreoareasprotegidas.net.ar\/map\/wp-content\/uploads\/2025\/04\/Publicaciones-banner-1-768x230.jpg 768w, https:\/\/monitoreoareasprotegidas.net.ar\/map\/wp-content\/uploads\/2025\/04\/Publicaciones-banner-1-1536x461.jpg 1536w, https:\/\/monitoreoareasprotegidas.net.ar\/map\/wp-content\/uploads\/2025\/04\/Publicaciones-banner-1.jpg 2000w\" sizes=\"auto, (max-width: 767px) 89vw, (max-width: 1000px) 54vw, (max-width: 1071px) 543px, 580px\" \/><\/a><\/figure>\n\n\n\n<p class=\"has-text-align-center\">Para acceder a la p\u00e1gina de \u00ab<strong>Publicaciones recomendadas<\/strong>\u00bb <strong>hac\u00e9 click sobre el banner<\/strong>.<\/p>\n\n\n\n<p><\/p>\n","protected":false},"excerpt":{"rendered":"<p>Por medio de diferentes infograf\u00edas de MAP te contamos la actualidad de Parques, Reservas y otras \u00c1reas Protegidas (AP) de diferentes sistemas provinciales y nacionales de Argentina, de todos los tipos de administraciones (estatales o privadas) y jurisdicciones (nacional, provincial y municipal\/comunal), intentando incluir y describir todas aquellas constituidas formalmente o gestionadas como tal. La &hellip; <\/p>\n<p class=\"link-more\"><a href=\"https:\/\/monitoreoareasprotegidas.net.ar\/map\/las-aps-hoy\/\" class=\"more-link\">Continuar leyendo<span class=\"screen-reader-text\"> \u00abSituaci\u00f3n Actual de las \u00c1reas Protegidas\u00bb<\/span><\/a><\/p>\n","protected":false},"author":2,"featured_media":0,"parent":0,"menu_order":1,"comment_status":"closed","ping_status":"closed","template":"","meta":{"_seopress_robots_primary_cat":"","_seopress_titles_title":"Situaci\u00f3n Actual de las \u00c1reas Protegidas","_seopress_titles_desc":"Por medio de diferentes infograf\u00edas de MAP te contamos la actualidad de Parques, Reservas y otras \u00c1reas Protegidas (AP) de diferentes sistemas provinciales y nacionales de Argentina.","_seopress_robots_index":"","footnotes":""},"class_list":["post-61","page","type-page","status-publish","hentry"],"jetpack_sharing_enabled":true,"_links":{"self":[{"href":"https:\/\/monitoreoareasprotegidas.net.ar\/map\/wp-json\/wp\/v2\/pages\/61","targetHints":{"allow":["GET"]}}],"collection":[{"href":"https:\/\/monitoreoareasprotegidas.net.ar\/map\/wp-json\/wp\/v2\/pages"}],"about":[{"href":"https:\/\/monitoreoareasprotegidas.net.ar\/map\/wp-json\/wp\/v2\/types\/page"}],"author":[{"embeddable":true,"href":"https:\/\/monitoreoareasprotegidas.net.ar\/map\/wp-json\/wp\/v2\/users\/2"}],"replies":[{"embeddable":true,"href":"https:\/\/monitoreoareasprotegidas.net.ar\/map\/wp-json\/wp\/v2\/comments?post=61"}],"version-history":[{"count":68,"href":"https:\/\/monitoreoareasprotegidas.net.ar\/map\/wp-json\/wp\/v2\/pages\/61\/revisions"}],"predecessor-version":[{"id":3383,"href":"https:\/\/monitoreoareasprotegidas.net.ar\/map\/wp-json\/wp\/v2\/pages\/61\/revisions\/3383"}],"wp:attachment":[{"href":"https:\/\/monitoreoareasprotegidas.net.ar\/map\/wp-json\/wp\/v2\/media?parent=61"}],"curies":[{"name":"wp","href":"https:\/\/api.w.org\/{rel}","templated":true}]}}