{"id":29,"date":"2019-02-09T14:27:16","date_gmt":"2019-02-09T17:27:16","guid":{"rendered":"https:\/\/cristianschneider.wordpress.com\/?page_id=29"},"modified":"2025-10-18T21:11:44","modified_gmt":"2025-10-19T00:11:44","slug":"lista-de-aps","status":"publish","type":"page","link":"https:\/\/monitoreoareasprotegidas.net.ar\/map\/lista-de-aps\/","title":{"rendered":"Listados de AP y OMEC"},"content":{"rendered":"\n<p class=\"has-text-align-justify justificar\">En esta secci\u00f3n podr\u00e1s consultar listados de \u00c1reas Protegidas (AP) y Otras Medidas Efectivas en Conservaci\u00f3n basadas en \u00e1reas (OMEC), relevadas en Argentina a nivel nacional o por provincia (a medida que incorporemos territorios de monitoreo), y algunos datos principales sobre ellas.<\/p>\n\n\n\n<figure class=\"wp-block-image size-large\"><img loading=\"lazy\" decoding=\"async\" width=\"1024\" height=\"307\" src=\"https:\/\/monitoreoareasprotegidas.net.ar\/map\/wp-content\/uploads\/2021\/10\/4-IMGP4994-1024x307.png\" alt=\"\" class=\"wp-image-2387\" srcset=\"https:\/\/monitoreoareasprotegidas.net.ar\/map\/wp-content\/uploads\/2021\/10\/4-IMGP4994-1024x307.png 1024w, https:\/\/monitoreoareasprotegidas.net.ar\/map\/wp-content\/uploads\/2021\/10\/4-IMGP4994-300x90.png 300w, https:\/\/monitoreoareasprotegidas.net.ar\/map\/wp-content\/uploads\/2021\/10\/4-IMGP4994-768x230.png 768w, https:\/\/monitoreoareasprotegidas.net.ar\/map\/wp-content\/uploads\/2021\/10\/4-IMGP4994-1536x461.png 1536w, https:\/\/monitoreoareasprotegidas.net.ar\/map\/wp-content\/uploads\/2021\/10\/4-IMGP4994.png 2000w\" sizes=\"auto, (max-width: 767px) 89vw, (max-width: 1000px) 54vw, (max-width: 1071px) 543px, 580px\" \/><\/figure>\n\n\n\n<div id=\"ez-toc-container\" class=\"ez-toc-v2_0_82_2 counter-hierarchy ez-toc-counter ez-toc-grey ez-toc-container-direction\">\n<div class=\"ez-toc-title-container\">\n<span class=\"ez-toc-title\" style=\"cursor:inherit\">\u00cdndice de publicaciones por temas<\/span>\n<span class=\"ez-toc-title-toggle\"><a href=\"#\" class=\"ez-toc-pull-right ez-toc-btn ez-toc-btn-xs ez-toc-btn-default ez-toc-toggle\" aria-label=\"Alternar tabla de contenidos\"><span class=\"ez-toc-js-icon-con\"><span class=\"\"><span class=\"eztoc-hide\" style=\"display:none;\">Toggle<\/span><span class=\"ez-toc-icon-toggle-span\"><svg style=\"fill: #999;color:#999\" xmlns=\"http:\/\/www.w3.org\/2000\/svg\" class=\"list-377408\" width=\"20px\" height=\"20px\" viewBox=\"0 0 24 24\" fill=\"none\"><path d=\"M6 6H4v2h2V6zm14 0H8v2h12V6zM4 11h2v2H4v-2zm16 0H8v2h12v-2zM4 16h2v2H4v-2zm16 0H8v2h12v-2z\" fill=\"currentColor\"><\/path><\/svg><svg style=\"fill: #999;color:#999\" class=\"arrow-unsorted-368013\" xmlns=\"http:\/\/www.w3.org\/2000\/svg\" width=\"10px\" height=\"10px\" viewBox=\"0 0 24 24\" version=\"1.2\" baseProfile=\"tiny\"><path d=\"M18.2 9.3l-6.2-6.3-6.2 6.3c-.2.2-.3.4-.3.7s.1.5.3.7c.2.2.4.3.7.3h11c.3 0 .5-.1.7-.3.2-.2.3-.5.3-.7s-.1-.5-.3-.7zM5.8 14.7l6.2 6.3 6.2-6.3c.2-.2.3-.5.3-.7s-.1-.5-.3-.7c-.2-.2-.4-.3-.7-.3h-11c-.3 0-.5.1-.7.3-.2.2-.3.5-.3.7s.1.5.3.7z\"\/><\/svg><\/span><\/span><\/span><\/a><\/span><\/div>\n<nav><ul class='ez-toc-list ez-toc-list-level-1 ' ><li class='ez-toc-page-1 ez-toc-heading-level-1'><a class=\"ez-toc-link ez-toc-heading-1\" href=\"https:\/\/monitoreoareasprotegidas.net.ar\/map\/lista-de-aps\/#Nacional\" >Nacional<\/a><\/li><li class='ez-toc-page-1 ez-toc-heading-level-1'><a class=\"ez-toc-link ez-toc-heading-2\" href=\"https:\/\/monitoreoareasprotegidas.net.ar\/map\/lista-de-aps\/#Cordoba\" >C\u00f3rdoba<\/a><\/li><li class='ez-toc-page-1 ez-toc-heading-level-1'><a class=\"ez-toc-link ez-toc-heading-3\" href=\"https:\/\/monitoreoareasprotegidas.net.ar\/map\/lista-de-aps\/#Glosario\" >Glosario<\/a><\/li><\/ul><\/nav><\/div>\n<h1 class=\"wp-block-heading\"><span class=\"ez-toc-section\" id=\"Nacional\"><\/span><strong>Nacional<\/strong><span class=\"ez-toc-section-end\"><\/span><\/h1>\n\n\n\n<figure class=\"wp-block-image size-large\"><img loading=\"lazy\" decoding=\"async\" width=\"1024\" height=\"307\" src=\"https:\/\/monitoreoareasprotegidas.net.ar\/map\/wp-content\/uploads\/2024\/01\/Nacionales-banner-2-1024x307.jpg\" alt=\"\" class=\"wp-image-2889\" srcset=\"https:\/\/monitoreoareasprotegidas.net.ar\/map\/wp-content\/uploads\/2024\/01\/Nacionales-banner-2-1024x307.jpg 1024w, https:\/\/monitoreoareasprotegidas.net.ar\/map\/wp-content\/uploads\/2024\/01\/Nacionales-banner-2-300x90.jpg 300w, https:\/\/monitoreoareasprotegidas.net.ar\/map\/wp-content\/uploads\/2024\/01\/Nacionales-banner-2-768x230.jpg 768w, https:\/\/monitoreoareasprotegidas.net.ar\/map\/wp-content\/uploads\/2024\/01\/Nacionales-banner-2-1536x461.jpg 1536w, https:\/\/monitoreoareasprotegidas.net.ar\/map\/wp-content\/uploads\/2024\/01\/Nacionales-banner-2.jpg 2000w\" sizes=\"auto, (max-width: 767px) 89vw, (max-width: 1000px) 54vw, (max-width: 1071px) 543px, 580px\" \/><\/figure>\n\n\n\n<p class=\"has-text-align-justify justificar\">Listamos aqu\u00ed las AP de Administraci\u00f3n Gubernamental Nacional para toda la <strong>Argentina<\/strong>, creadas hasta el a\u00f1o <strong>2024<\/strong> seg\u00fan los registros del SIB de APN (consultados a enero de 2024), de la Direcci\u00f3n Nacional del Ant\u00e1rtico y su Instituto Ant\u00e1rtico Argentino (consultados a abril de 2024) y de SiFAP (publicados a septiembre de 2020), listado que se va actualizando progresivamente. Se encuentra dividido seg\u00fan el tipo de organismo Administrador: las administradas exclusivamente por la <strong>Administraci\u00f3n de Parques Nacionales<\/strong> (APN), las gestionadas por la <strong>APN junto a otros organismos de jurisdicciones provinciales<\/strong> (gesti\u00f3n mixta o compartida), las administradas por el <strong>Direcci\u00f3n Nacional del Ant\u00e1rtico y su Instituto Ant\u00e1rtico Argentino del Ministerio de Relaciones Exteriores, Comercio Internacional y Culto<\/strong>, y las administradas por el <strong>Ministerio de Defensa<\/strong>.<\/p>\n\n\n\n<div class=\"infogram-embed\" data-id=\"aee94e47-962f-4e0b-949f-49df609f0467\" data-type=\"interactive\" data-title=\"Listado de APs Nacionales\"><\/div><script>!function(e,i,n,s){var t=\"InfogramEmbeds\",d=e.getElementsByTagName(\"script\")[0];if(window[t]&&window[t].initialized)window[t].process&&window[t].process();else if(!e.getElementById(n)){var o=e.createElement(\"script\");o.async=1,o.id=n,o.src=\"https:\/\/e.infogram.com\/js\/dist\/embed-loader-min.js\",d.parentNode.insertBefore(o,d)}}(document,0,\"infogram-async\");<\/script><div style=\"padding:8px 0;font-family:Arial!important;font-size:13px!important;line-height:15px!important;text-align:center;border-top:1px solid #dadada;margin:0 30px\"><a href=\"https:\/\/infogram.com\/aee94e47-962f-4e0b-949f-49df609f0467\" style=\"color:#989898!important;text-decoration:none!important;\" target=\"_blank\" rel=\"noopener\">Listado de APs Nacionales<\/a><br><a href=\"https:\/\/infogram.com\" style=\"color:#989898!important;text-decoration:none!important;\" target=\"_blank\" rel=\"nofollow noopener\">Infogram<\/a><\/div>\n\n\n\n<p class=\"has-text-align-center has-small-font-size\"><em><em>Presion\u00e1 las flechas para desplazarte entre los diferentes paneles de informaci\u00f3n. <\/em><\/em><br><em><em>Tambi\u00e9n pod\u00e9s ampliar la infograf\u00eda a pantalla completa desde el icono superior derecho.<\/em><\/em><\/p>\n\n\n\n<p class=\"has-text-align-center\">Para <strong>m\u00e1s informaci\u00f3n de las APs Nacionales<\/strong> <a href=\"https:\/\/monitoreoareasprotegidas.net.ar\/map\/argentina\/\" data-type=\"URL\" data-id=\"https:\/\/monitoreoareasprotegidas.net.ar\/map\/argentina\/\"><strong>ingres\u00e1 aqu\u00ed<\/strong> <\/a><\/p>\n\n\n\n<h1 class=\"wp-block-heading\"><span class=\"ez-toc-section\" id=\"Cordoba\"><\/span><strong>C\u00f3rdoba<\/strong><span class=\"ez-toc-section-end\"><\/span><\/h1>\n\n\n\n<figure class=\"wp-block-image size-large\"><img loading=\"lazy\" decoding=\"async\" width=\"1024\" height=\"307\" src=\"https:\/\/monitoreoareasprotegidas.net.ar\/map\/wp-content\/uploads\/2021\/10\/Cordoba-banner-4-1024x307.jpg\" alt=\"\" class=\"wp-image-2312\" srcset=\"https:\/\/monitoreoareasprotegidas.net.ar\/map\/wp-content\/uploads\/2021\/10\/Cordoba-banner-4-1024x307.jpg 1024w, https:\/\/monitoreoareasprotegidas.net.ar\/map\/wp-content\/uploads\/2021\/10\/Cordoba-banner-4-300x90.jpg 300w, https:\/\/monitoreoareasprotegidas.net.ar\/map\/wp-content\/uploads\/2021\/10\/Cordoba-banner-4-768x230.jpg 768w, https:\/\/monitoreoareasprotegidas.net.ar\/map\/wp-content\/uploads\/2021\/10\/Cordoba-banner-4-1536x461.jpg 1536w, https:\/\/monitoreoareasprotegidas.net.ar\/map\/wp-content\/uploads\/2021\/10\/Cordoba-banner-4.jpg 2000w\" sizes=\"auto, (max-width: 767px) 89vw, (max-width: 1000px) 54vw, (max-width: 1071px) 543px, 580px\" \/><\/figure>\n\n\n\n<p class=\"has-text-align-justify justificar\">Para la provincia de <strong>C\u00f3rdoba<\/strong> enumeramos AP y OMEC relevadas hasta el a\u00f1o <strong>2025<\/strong> listado que se va actualizando progresivamente. La lista se encuentra dividida seg\u00fan el tipo de Administraci\u00f3n: <strong>Gubernamental Provincial<\/strong>, <strong>Gubernamental Nacional<\/strong>, <strong>Gubernamental Municipal o Comunal<\/strong> y <strong>Administraci\u00f3n Privada<\/strong>.<\/p>\n\n\n\n<script id=\"infogram_0_a645c916-3db2-4739-b9ee-652c1569e662\" title=\"Lista de APs\" src=\"https:\/\/e.infogram.com\/js\/dist\/embed.js?whh\" type=\"text\/javascript\"><\/script><div style=\"padding:8px 0;font-family:Arial!important;font-size:13px!important;line-height:15px!important;text-align:center;border-top:1px solid #dadada;margin:0 30px\"><a href=\"https:\/\/infogram.com\/a645c916-3db2-4739-b9ee-652c1569e662\" style=\"color:#989898!important;text-decoration:none!important;\" target=\"_blank\" rel=\"noopener\">Ingres\u00e1 aqu\u00ed para verla en el sitio de Infogram<\/a><br><\/div>\n\n\n\n<p class=\"has-text-align-center has-small-font-size\"><em><em>Presion\u00e1 las flechas para desplazarte entre los diferentes paneles de informaci\u00f3n. <\/em><\/em><br><em><em>Tambi\u00e9n pod\u00e9s ampliar la infograf\u00eda a pantalla completa desde el icono superior derecho.<\/em><\/em><\/p>\n\n\n\n<p class=\"has-text-align-center\">Para <strong>m\u00e1s informaci\u00f3n de las APs de C\u00f3rdoba<\/strong> <a href=\"https:\/\/monitoreoareasprotegidas.net.ar\/map\/cordoba\/\" data-type=\"URL\" data-id=\"https:\/\/monitoreoareasprotegidas.net.ar\/map\/cordoba\/\"><strong>ingres\u00e1 aqu\u00ed<\/strong> <\/a><\/p>\n\n\n\n<p class=\"has-text-align-center\"><strong><strong>Si ten\u00e9s conocimiento, particip\u00e1s o est\u00e1s involucrado\/a en AP que aqu\u00ed no se mencionan, o ten\u00e9s datos que desees aportarnos<\/strong><br>NECESITAMOS DE TU COLABORACI\u00d3N!<\/strong><br><strong><strong>Escribinos desde alguno de los medios de contacto de la secci\u00f3n<\/strong><\/strong><br><strong><a href=\"https:\/\/monitoreoareasprotegidas.net.ar\/map\/contacto-y-apoyo\/\" data-type=\"URL\" data-id=\"https:\/\/monitoreoareasprotegidas.net.ar\/map\/contacto-y-apoyo\/\">Contacto y Apoyo<\/a><\/strong><\/p>\n\n\n\n<hr class=\"wp-block-separator has-alpha-channel-opacity is-style-wide\"\/>\n\n\n\n<figure class=\"wp-block-image size-large\"><a href=\"https:\/\/monitoreoareasprotegidas.net.ar\/map\/publicaciones\/\"><img loading=\"lazy\" decoding=\"async\" width=\"1024\" height=\"307\" src=\"https:\/\/monitoreoareasprotegidas.net.ar\/map\/wp-content\/uploads\/2025\/04\/Publicaciones-banner-1-1024x307.jpg\" alt=\"\" class=\"wp-image-3331\" srcset=\"https:\/\/monitoreoareasprotegidas.net.ar\/map\/wp-content\/uploads\/2025\/04\/Publicaciones-banner-1-1024x307.jpg 1024w, https:\/\/monitoreoareasprotegidas.net.ar\/map\/wp-content\/uploads\/2025\/04\/Publicaciones-banner-1-300x90.jpg 300w, https:\/\/monitoreoareasprotegidas.net.ar\/map\/wp-content\/uploads\/2025\/04\/Publicaciones-banner-1-768x230.jpg 768w, https:\/\/monitoreoareasprotegidas.net.ar\/map\/wp-content\/uploads\/2025\/04\/Publicaciones-banner-1-1536x461.jpg 1536w, https:\/\/monitoreoareasprotegidas.net.ar\/map\/wp-content\/uploads\/2025\/04\/Publicaciones-banner-1.jpg 2000w\" sizes=\"auto, (max-width: 767px) 89vw, (max-width: 1000px) 54vw, (max-width: 1071px) 543px, 580px\" \/><\/a><\/figure>\n\n\n\n<p class=\"has-text-align-center\">Para acceder a la p\u00e1gina de \u00ab<strong>Publicaciones recomendadas<\/strong>\u00bb <strong>hac\u00e9 click sobre el banner<\/strong>.<\/p>\n\n\n\n<hr class=\"wp-block-separator has-alpha-channel-opacity is-style-wide\"\/>\n\n\n\n<h1 class=\"wp-block-heading\"><span class=\"ez-toc-section\" id=\"Glosario\"><\/span><strong>Glosario<\/strong><span class=\"ez-toc-section-end\"><\/span><\/h1>\n\n\n\n<p><em><strong>Conceptos principales referidos a \u00c1reas Protegidas y OMEC<\/strong><\/em><\/p>\n\n\n\n<p class=\"has-text-align-justify justificar\"><span style=\"text-decoration:underline;\"><strong>\u00c1rea Protegida<\/strong><\/span>: es, seg\u00fan lo define a nivel mundial la Uni\u00f3n Internacional para la Conservaci\u00f3n de la Naturaleza (UICN), \u201c<em>un espacio geogr\u00e1fico claramente definido, reconocido, dedicado y gestionado, mediante medios legales u otros tipos de medios eficaces para conseguir la conservaci\u00f3n a largo plazo de la naturaleza y de sus servicios ecosist\u00e9micos y sus valores culturales asociados<\/em>\u201d (Dudley 2008). A su vez, \u201c<em>las categor\u00edas deber\u00e1n aplicarse en el contexto de Sistemas de APs o de otro tipo y como parte del enfoque de ecosistema<\/em>\u201d. \u201c<em>Las APs no deber\u00edan verse como entidades aisladas, sino como parte de entornos de conservaci\u00f3n m\u00e1s amplios, que incluyan tanto sistemas de \u00c1reas Protegidas como enfoques para la conservaci\u00f3n de ecosistemas m\u00e1s amplios que se implementan en todo el paisaje terrestre y marino<\/em>\u201d (Dudley 2008).<\/p>\n\n\n\n<p class=\"has-text-align-justify justificar\"><span style=\"text-decoration:underline;\"><strong>Manejo<\/strong><\/span>: \u201c<em>acciones de intervenci\u00f3n directa o indirecta que se realizan sobre el recurso protegido, con el prop\u00f3sito de alcanzar los objetivos planteados por el AP. Ejemplo: fuegos controlados para mantener pastizales naturales, la extracci\u00f3n de especies ex\u00f3tica, la reintroducci\u00f3n de especies extintas localmente, el uso p\u00fablico tur\u00edstico de un espacio natural, la captura de espec\u00edmenes para investigaci\u00f3n cient\u00edfica, la caza o pesca autorizada, etc<\/em>\u201d (Arguedas Mora 2010).<\/p>\n\n\n\n<p class=\"has-text-align-justify justificar\"><span style=\"text-decoration:underline;\"><strong>Administraci\u00f3n<\/strong><\/span>: <em>\u201cacciones referidas a los recursos operativos, con el objetivo de que el \u00e1rea tenga a disposici\u00f3n de forma adecuada y oportuna; el equipo, infraestructura, fondos y personal requeridos en calidad y cantidad\u201d (Arguedas Mora 2010).<\/em><\/p>\n\n\n\n<p class=\"has-text-align-justify justificar\">En este trabajo, el listado de APs se organiz\u00f3 en funci\u00f3n de las siguientes <strong>tipolog\u00edas de Administraci\u00f3n de APs<\/strong>:<br><strong>* \u00c1reas Protegidas de Administraci\u00f3n Provincial<\/strong>: creadas a partir de instrumentos legales de orden provincial y\/o administraci\u00f3n de parte de organismos gubernamentales de jurisdicci\u00f3n provincial -generalmente la Autoridad de Aplicaci\u00f3n Ambiental Provincial: la Secretar\u00eda de Ambiente del Ministerio de Coordinaci\u00f3n (Gobierno de C\u00f3rdoba, consultada en 2020)-, bajo dominio estatal o privado. Las Reservas Arqueol\u00f3gicas incluidas en el listado en esta tipolog\u00eda, fueron creadas bajo la Ley Provincial 5543\/73 de Protecci\u00f3n de los Bienes Culturales a cargo de la Agencia C\u00f3rdoba Cultura SE del Gobierno Provincial.<br>* <strong>\u00c1reas Protegidas de Administraci\u00f3n Nacional<\/strong>: creadas a partir de instrumentos legales de orden nacional y\/o administraci\u00f3n de parte de organismos gubernamentales de jurisdicci\u00f3n nacional -como lo es la Administraci\u00f3n de Parques Nacionales, el Ministerio de Defensa, o la Direcci\u00f3n Nacional del Ant\u00e1rtico, a trav\u00e9s de sus dependencias-, bajo dominio estatal o privado.<br>* <strong>\u00c1reas Protegidas de Administraci\u00f3n Municipal o Comunal<\/strong>: creadas a partir de instrumentos legales de orden municipal o comunal y\/o administraci\u00f3n de parte de organismos de jurisdicci\u00f3n municipal o comunal, bajo dominio estatal o privado.<br>* <strong>\u00c1reas Protegidas de Administraci\u00f3n Privada<\/strong>: creadas (con reconocimiento oficial o no) y manejadas por iniciativa de propietarios\/as particulares de predios.<\/p>\n\n\n\n<p class=\"has-text-align-justify justificar\"><span style=\"text-decoration:underline;\"><strong>Gesti\u00f3n<\/strong><\/span>: <em>\u201cacciones que se desarrollan para alcanzar los objetivos para los cuales fue creada el AP, incluyendo entre otras las relacionadas a la administraci\u00f3n y el manejo. Son ejemplo de estas, adem\u00e1s de las ya mencionadas en los dos p\u00e1rrafos anteriores; el trabajo con las comunidades, la planificaci\u00f3n, el lobby pol\u00edtico, el desarrollo de su modelo de gobernanza, etc\u201d (Arguedas Mora 2010).<\/em><\/p>\n\n\n\n<p class=\"has-text-align-justify justificar\"><strong><span style=\"text-decoration:underline;\">Valores de conservaci\u00f3n<\/span><\/strong>: &nbsp;un Valor de Conservaci\u00f3n es \u00ab<em>un rasgo, caracter\u00edstica o elemento excepcionalmente significativo o cr\u00edtico del territorio, de importancia biol\u00f3gica, ecol\u00f3gica, social o cultural<\/em>\u00bb -Modificado de: Brown, Dudley, Lindhe, Muhtaman, Stewart, y Synnott (eds.). 2013. Red de Recursos de AVC (HCVRN). WWF Sweden, WWF International y Proforest-.<\/p>\n\n\n\n<p class=\"has-text-align-justify justificar\"><em>\u00abSon aquellos elementos biof\u00edsicos y culturales del AP, que de manera particular son estimados o usados por la gente y que en conjunto son los que hacen que esta sea considerada como algo importante para las comunidades aleda\u00f1as y\/o la sociedad en general\u00bb. Es importante diferenciar este concepto de lo que se denominan \u201cobjetos de conservaci\u00f3n\u201d, que son elementos metodol\u00f3gicos de la Planificaci\u00f3n para la Conservaci\u00f3n de Sitios de The Nature Conservancy (TNC). Esta metodolog\u00eda establece la identificaci\u00f3n de estos objetos de conservaci\u00f3n con criterios meramente ecol\u00f3gicos y bajo la premisa que dirigiendo esfuerzos exitosos de conservaci\u00f3n hacia ellos, se podr\u00e1n conservar de rebote, m\u00e1s del 95% de la biodiversidad del sitio trabajado. Podr\u00edan coincidir algunos de ellos con los Valores de Conservaci\u00f3n, pero no son la misma cosa<\/em> (Arguedas Mora 2010<em>)<\/em>. <\/p>\n\n\n\n<p class=\"has-text-align-justify justificar\"><span style=\"text-decoration:underline;\"><strong>Categor\u00edas de AP, Dominio, Jurisdicci\u00f3n<\/strong><\/span>: en C\u00f3rdoba, la Ley 6964 plantea diferentes <strong>Categor\u00edas de Manejo o Gesti\u00f3n de APs<\/strong> dependiendo de las estrategias de administraci\u00f3n y manejo de los valores naturales y culturales involucrados, de tipolog\u00edas de ambientes y el tipo de Dominio o propiedad de la tierra -qui\u00e9n detenta la titularidad de la misma-. Este Dominio puede ser (b\u00e1sicamente): <strong>Fiscal P\u00fablico<\/strong> -si son declaradas de inter\u00e9s p\u00fablico e incorporadas como bien del Estado a trav\u00e9s de la administraci\u00f3n del Poder Ejecutivo en este caso Provincial- o <strong>Privado<\/strong> -si son otras las personas f\u00edsicas o jur\u00eddicas quienes detentan la propiedad de la tierra y que pueden disponer de ella en cuanto al uso y\/o cambio de titularidad; tambien se presenta la figura de Fiscal Privado de titularidad privada del Poder Ejecutivo por lo cual puede disponer de su venta-. De acuerdo al texto de la Ley 6964, la categorizaci\u00f3n de las mismas se establece seg\u00fan las \u201c<em>caracter\u00edsticas y aptitudes, objetivos de su conservaci\u00f3n, m\u00e9todos de administraci\u00f3n, uso admisible y servicios que proporcionan a la vida humana<\/em>\u201d de los ambientes naturales que las conforman (Ley 6964, Art. 24).<\/p>\n\n\n\n<p class=\"has-text-align-justify justificar\">En funci\u00f3n de las responsabilidades gubernamentales en la administraci\u00f3n del territorio, existen Jurisdicciones Nacionales, Provinciales y Municipales\/Comunales. Por lo cual puede darse la creaci\u00f3n de APs en estas diferentes jurisdicciones y queda determinado entonces qu\u00e9 organismo pertinente es responsable de&nbsp; la Administraci\u00f3n de las mismas (Por ej.: los Parques Nacionales son administrados por la Administraci\u00f3n de Parques Nacionales del Gobierno Nacional).<\/p>\n\n\n\n<p class=\"has-text-align-justify justificar\"><span style=\"text-decoration:underline;\"><strong>\u00c1reas Protegidas Privadas<\/strong>:<\/span> actualmente se ha intensificado el inter\u00e9s de algunos\/as propietarios\/as particulares (privados) en hacer manejo ambiental de sus predios, por lo cual muchos han optado por la figura de <strong>\u00c1rea Protegida Privada<\/strong> (<strong>APP<\/strong>) para enmarcar dichas intenciones en la propuesta de gesti\u00f3n ambiental integral que promueven las diferentes opciones de las mismas. Seg\u00fan la UICN \u201c<em>un \u00e1rea bajo protecci\u00f3n privada es un \u00e1rea protegida pero bajo gobernanza privada (es decir, personas y grupos de personas; organizaciones no gubernamentales -ONGs-; corporaciones -tanto compa\u00f1\u00edas comerciales existentes como, en ocasiones, corporaciones establecidas por grupos de propietarios privados con el fin de administrar grupos de APPs-; propietarios con \u00e1nimo de lucro; entidades de investigaci\u00f3n (universidades, estaciones de campo) o entidades religiosas). No todas las iniciativas de conservaci\u00f3n llevadas a cabo por privados pueden o deben convertirse en APPs, aunque algunas iniciativas que actualmente no son APPs podr\u00edan hacerlo con cambios m\u00ednimos en cuanto a la gesti\u00f3n y el \u00e9nfasis\u201d <\/em>(Stolton <em>et al.<\/em> 2014). Sin embargo, algo interesante para profundizar la discusi\u00f3n de este concepto, es reflexionar si es conveniente considerar la creaci\u00f3n de \u00c1reas Protegidas sin mediar un marco jur\u00eddico que lo determine, como es el caso de gran parte de las APs de Administraci\u00f3n privada. Esto ri\u00f1e claramente con el planteamiento de que un AP es un <strong>\u00c1rea Bajo R\u00e9gimen de Administraci\u00f3n Especial<\/strong> (ABRAE), y que para su establecimiento se requiere un marco jur\u00eddico diferenciado -algo tambi\u00e9n considerado en el concepto de AP de la UICN-, el cual define el <em>R\u00e9gimen de Administraci\u00f3n Especial<\/em> con el que ser\u00e1 gestionado ese territorio. Un espacio territorial que es dedicado a conservaci\u00f3n por su propietario, pero que est\u00e1 basado s\u00f3lo en la voluntad de \u00e9l sin ning\u00fan control social o regulaci\u00f3n jur\u00eddica, no ser\u00eda considerado un ABRAE y por lo tanto no ser\u00eda un AP como tal (Arguedas Mora 2012).<\/p>\n\n\n\n<p class=\"has-text-align-justify justificar\"><span style=\"text-decoration:underline;\"><strong>\u00c1reas Protegidas en Ant\u00e1rtida<\/strong><\/span><strong>: <\/strong>si bien todo el continente es una gran reserva natural protegida, el Protocolo de Madrid estableci\u00f3 la necesidad de que determinadas \u00e1reas recibieran una protecci\u00f3n adicional. Existen por lo tanto, dos grandes tipos de \u00c1reas Protegidas en la Ant\u00e1rtida, adem\u00e1s de las \u00c1reas Marinas Protegidas y los Sitios declarados Monumentos Hist\u00f3ricos, co-administradas por la Direcci\u00f3n Nacional del Ant\u00e1rtico y su Instituto Ant\u00e1rtico Argentino del Ministerio de Relaciones Exteriores, Comercio Internacional y Culto:<\/p>\n\n\n\n<p class=\"has-text-align-justify justificar\"><strong>Zonas Ant\u00e1rticas Especialmente Protegidas (ZAEP)<\/strong><em>: <\/em>&nbsp;sectores terrestres o marinos con valores naturales o cient\u00edficos excepcionales, en los que se encuentra restringido el acceso humano. S\u00f3lo los cient\u00edficos o quienes deben realizar tareas de control o mantenimiento pueden acceder a esta especie de peque\u00f1as reservas naturales. Los primeros pueden trabajar con la fauna, la flora o all\u00ed donde hay especiales valores geol\u00f3gicos, sin la interferencia de otras actividades humanas, como el turismo o las operaciones log\u00edsticas. Bajo este estatus de protecci\u00f3n, se encuentran grandes colonias de ping\u00fcinos, sectores de reproducci\u00f3n de otras especies o sectores con coberturas de vegetaci\u00f3n excepcionales, as\u00ed como yacimientos de f\u00f3siles, debido a su alto valor cient\u00edfico.<\/p>\n\n\n\n<p class=\"has-text-align-justify justificar\"><strong>Zonas Ant\u00e1rticas Especialmente Administradas (ZAEA)<\/strong>: su objetivo es el ordenamiento de diferentes actividades que confluyen en un mismo espacio.&nbsp;Esto significa que se ha establecido un plan de gesti\u00f3n que ordena las actividades log\u00edsticas y tur\u00edsticas, de manera tal que no se vea interferida la labor cient\u00edfica y que no se perturben los valores naturales e hist\u00f3ricos del lugar.<\/p>\n\n\n\n<p class=\"has-text-align-justify justificar\"><strong>\u00c1reas Marinas Protegidas (AMP)<\/strong>: la Comisi\u00f3n para la Conservaci\u00f3n de los Recursos Vivos<br>Marinos Ant\u00e1rticos (CCRVMA) del Tratado Ant\u00e1rtico, puede proponer la creaci\u00f3n de un \u00c1rea Marina Protegida (AMP), que da protecci\u00f3n a todos o a parte de los recursos naturales que se encuentran en ella. Dentro de un AMP hay ciertas actividades que est\u00e1n limitadas o totalmente prohibidas a fin de lograr objetivos espec\u00edficos en materia de conservaci\u00f3n, protecci\u00f3n del h\u00e1bitat, seguimiento del ecosistema u ordenaci\u00f3n de las pesquer\u00edas. Las AMP no necesariamente proh\u00edben la pesca, la investigaci\u00f3n u otras actividades humanas. De hecho, muchas AMP pueden contemplar prop\u00f3sitos diversos. Las AMP a menudo contienen zonas en las que la pesca est\u00e1 prohibida por completo, pero tambi\u00e9n zonas en las que, bajo determinadas circunstancias y con el objetivo de promover la investigaci\u00f3n y el conocimiento cient\u00edfico, se pueden autorizar actividades de pesca que sean coherentes con los objetivos del AMP. Tambi\u00e9n puede estar permitido realizar en ellas otras actividades (<a href=\"https:\/\/www.ccamlr.org\/es\/science\/marine-protected-areas-mpas\" target=\"_blank\" rel=\"noreferrer noopener\">https:\/\/www.ccamlr.org\/es\/science\/marine-protected-areas-mpas<\/a>).<\/p>\n\n\n\n<p class=\"has-text-align-justify justificar\"><strong>Sitios y Monumentos Hist\u00f3ricos (SMH)<\/strong>: &nbsp;incluye a los sitios hist\u00f3ricos m\u00e1s valiosos de la Ant\u00e1rtida. Esta designaci\u00f3n conlleva que no pueden ser da\u00f1ados ni retirados, y se preserva as\u00ed el patrimonio hist\u00f3rico ant\u00e1rtico. En su mayor\u00eda, estos sitios evocan alg\u00fan acontecimiento de la \u00e9poca de las expediciones ant\u00e1rticas de los siglos XIX y principios del XX (como es el caso de las caba\u00f1as de los exploradores pioneros o de la vieja factor\u00eda ballenera de isla Decepci\u00f3n), o eventos relacionados con la firma del tratado y la cooperaci\u00f3n entre pa\u00edses.<\/p>\n\n\n\n<p class=\"has-text-align-justify justificar\"><strong><span style=\"text-decoration: underline;\">OMEC &#8211; Otras Medidas Efectivas de Conservaci\u00f3n  basadas en \u00e1rea<\/span><\/strong>:<em> \u201cun \u00e1rea delimitada geogr\u00e1ficamente que no sea un \u00e1rea protegida, que es gestionada de manera que se logren resultados positivos y a largo plazo para la conservaci\u00f3n in situ de la biodiversidad, con funciones y servicios ecosist\u00e9micos asociados y, cuando corresponda, culturales, espirituales, socioecon\u00f3micos, y otros valores relevantes a nivel local\u201d<\/em> -COP 14, Decisi\u00f3n 14\/8, 11\/2018- (CDB 2018).<\/p>\n\n\n\n<p class=\"has-text-align-justify justificar\">\u201c<em>El criterio distintivo es que un AP tiene un objetivo primario de conservaci\u00f3n, mientras que una OMEC permite la conservaci\u00f3n efectiva in situ de la biodiversidad, independientemente de sus objetivos<\/em>\u201d.  \u201c<em>Las OMEC deben proteger de manera efectiva uno o m\u00e1s de los componentes de la biodiversidad nativa<\/em>\u201d (Valores de conservaci\u00f3n naturales).  Las OMEC no tienen un reconocimiento formal y la administraci\u00f3n como un AP (en los t\u00e9rmino de la legislaci\u00f3n local y\/o del concepto y categor\u00edas de la UICN), logran la conservaci\u00f3n de la biodiversidad por presentar una forma eficaz de gobernanza y manejo.  (Grupo de Trabajo sobre OMEC en la CMAP &#8211; UICN 2021).<\/p>\n\n\n\n<p class=\"has-text-align-justify\">Otras Caracter\u00edsticas o criterios de evaluaci\u00f3n para identificarse como OMEC:<br>&#8211; Ubicaci\u00f3n.<br>&#8211; Gobernanza y gesti\u00f3n sostenidas.<br>&#8211; Conservaci\u00f3n efectiva in situ de la biodiversidad.<br>&#8211; \u00c1rea sin amenazas a la biodiversidad.<\/p>\n\n\n\n<p class=\"has-text-align-justify justificar\"><span style=\"text-decoration:underline;\"><strong>Corredores<\/strong>:<\/span> son figuras de gesti\u00f3n de escala regional con diversas denominaciones y conceptualizaciones t\u00e9cnicas (<em>Biol\u00f3gicos, Rurales, de Conservaci\u00f3n, Ecol\u00f3gicos, Bioculturales<\/em>, entre otras denominaciones) que exceden el \u00e1mbito de las APs, incorporando sus \u00e1reas de amortiguaci\u00f3n y la matriz territorial del entorno en diferentes usos rurales, productivos y urbanos. Los Corredores promueven la gesti\u00f3n a escala regional para conservar y restaurar los ecosistemas con el fin de conectar o vincular el territorio fragmentado por diversas causas y problem\u00e1ticas, acarreando conflictos a nivel ambiental y social.<br><em>Corredores Bioculturales<\/em>: parten de la premisa que la diversidad biol\u00f3gica y la diversidad cultural no pueden entenderse sino es en relaci\u00f3n. Se oponen al pensamiento fragmentario, facilitando percibirnos como parte de la naturaleza. Mantienen interconectados a ecosistemas y comunidades (FARN 2021).<\/p>\n\n\n\n<p class=\"has-text-align-justify justificar\"><strong><span style=\"text-decoration: underline;\">TICCA &#8211;  Territorios y \u00c1reas Conservadas por Pueblos Ind\u00edgenas y Comunidades Locales<\/span><\/strong>: un TICCA posee las siguientes caracter\u00edsticas seg\u00fan Borrini-Feyerabend, <em>et al.<\/em> (2014):<br>* Un pueblo ind\u00edgena o una comunidad local tiene una relaci\u00f3n estrecha y profunda con un sitio (territorio, \u00e1rea o h\u00e1bitat).<br>* El pueblo o la comunidad es el principal actor en la toma de decisiones relacionadas con el<br>sitio y tiene la capacidad de facto y\/o de jure para desarrollar las normas y hacerlas cumplir.<br>* Las decisiones y los esfuerzos del pueblo o la comunidad conducen a la conservaci\u00f3n de la biodiversidad, de las funciones ecol\u00f3gicas y de los valores culturales asociados, sin importar las motivaciones originales o principales.<\/p>\n\n\n\n<p class=\"has-text-align-justify justificar\"><span style=\"text-decoration:underline;\"><strong>Gobernanza<\/strong>:<\/span> son las interacciones entre estructuras, procesos y tradiciones que determinan c\u00f3mo son ejercidos el poder y las responsabilidades, c\u00f3mo se toman las decisiones y c\u00f3mo tienen voz los ciudadanos y otros interesados. El concepto de gobernanza es rico y multifac\u00e9tico y no se puede reducir f\u00e1cilmente a unos pocos y sencillos par\u00e1metros e indicadores. B\u00e1sicamente consiste en qui\u00e9n decide cu\u00e1les son los objetivos, qu\u00e9 hacer para alcanzarlos y con qu\u00e9 medios, c\u00f3mo se toman las decisiones, qui\u00e9n detenta el poder, la autoridad y la responsabilidad y qui\u00e9n debe (o deber\u00eda) rendir cuentas (Borrini-Feyerabend <em>et al.<\/em> 2014).<\/p>\n","protected":false},"excerpt":{"rendered":"<p>En esta secci\u00f3n podr\u00e1s consultar listados de \u00c1reas Protegidas (AP) y Otras Medidas Efectivas en Conservaci\u00f3n basadas en \u00e1reas (OMEC), relevadas en Argentina a nivel nacional o por provincia (a medida que incorporemos territorios de monitoreo), y algunos datos principales sobre ellas. Nacional Listamos aqu\u00ed las AP de Administraci\u00f3n Gubernamental Nacional para toda la Argentina, &hellip; <\/p>\n<p class=\"link-more\"><a href=\"https:\/\/monitoreoareasprotegidas.net.ar\/map\/lista-de-aps\/\" class=\"more-link\">Continuar leyendo<span class=\"screen-reader-text\"> \u00abListados de AP y OMEC\u00bb<\/span><\/a><\/p>\n","protected":false},"author":2,"featured_media":0,"parent":0,"menu_order":3,"comment_status":"closed","ping_status":"closed","template":"","meta":{"_seopress_robots_primary_cat":"","_seopress_titles_title":"","_seopress_titles_desc":"","_seopress_robots_index":"","footnotes":""},"class_list":["post-29","page","type-page","status-publish","hentry"],"jetpack_sharing_enabled":true,"_links":{"self":[{"href":"https:\/\/monitoreoareasprotegidas.net.ar\/map\/wp-json\/wp\/v2\/pages\/29","targetHints":{"allow":["GET"]}}],"collection":[{"href":"https:\/\/monitoreoareasprotegidas.net.ar\/map\/wp-json\/wp\/v2\/pages"}],"about":[{"href":"https:\/\/monitoreoareasprotegidas.net.ar\/map\/wp-json\/wp\/v2\/types\/page"}],"author":[{"embeddable":true,"href":"https:\/\/monitoreoareasprotegidas.net.ar\/map\/wp-json\/wp\/v2\/users\/2"}],"replies":[{"embeddable":true,"href":"https:\/\/monitoreoareasprotegidas.net.ar\/map\/wp-json\/wp\/v2\/comments?post=29"}],"version-history":[{"count":46,"href":"https:\/\/monitoreoareasprotegidas.net.ar\/map\/wp-json\/wp\/v2\/pages\/29\/revisions"}],"predecessor-version":[{"id":3484,"href":"https:\/\/monitoreoareasprotegidas.net.ar\/map\/wp-json\/wp\/v2\/pages\/29\/revisions\/3484"}],"wp:attachment":[{"href":"https:\/\/monitoreoareasprotegidas.net.ar\/map\/wp-json\/wp\/v2\/media?parent=29"}],"curies":[{"name":"wp","href":"https:\/\/api.w.org\/{rel}","templated":true}]}}