{"id":28,"date":"2019-02-09T14:27:16","date_gmt":"2019-02-09T17:27:16","guid":{"rendered":"https:\/\/cristianschneider.wordpress.com\/?page_id=28"},"modified":"2024-07-30T14:41:36","modified_gmt":"2024-07-30T17:41:36","slug":"metodologia","status":"publish","type":"page","link":"https:\/\/monitoreoareasprotegidas.net.ar\/map\/metodologia\/","title":{"rendered":"Metodolog\u00eda"},"content":{"rendered":"\n<p class=\"has-text-align-justify justificar\"><strong><span style=\"text-decoration:underline;\">Listado de APs Nacionales:<\/span><\/strong>  se sistematiz\u00f3 la informaci\u00f3n publicada por la Administraci\u00f3n de Parques Nacionales (APN) a trav\u00e9s de su Sistema de Informaci\u00f3n de Biodiversidad (SIB), complement\u00e1ndolo con datos obtenidos del Sistema Federal de \u00c1reas Protegidas (SiFAP) del Consejo Federal de Medioambeinte (COFEMA), y de la Auditor\u00eda General de la Naci\u00f3n (AGN).<\/p>\n\n\n\n<p class=\"has-text-align-justify justificar\"><strong><span style=\"text-decoration:underline;\">Listado de APs de C\u00f3rdoba:<\/span><\/strong> Se realiz\u00f3 el relevamiento de la informaci\u00f3n que refiriera a la creaci\u00f3n o existencia de APs en el territorio de la provincia de C\u00f3rdoba, y se las incorpor\u00f3 a un <strong>listado general de APs <\/strong>confeccionado en 2009 -en constante actualizaci\u00f3n-, en funci\u00f3n de determinar si contaban con alg\u00fan instrumento oficial de creaci\u00f3n, o si en su Administraci\u00f3n se logra inferir que son gestionadas como tales (particularmente en el caso de APPs).<\/p>\n\n\n\n<p class=\"has-text-align-justify justificar\">El origen de la informaci\u00f3n recabada provino de fuentes primarias y secundarias: publicaciones t\u00e9cnico-cient\u00edficas y de divulgaci\u00f3n, conocimiento de base formal e informal, de fuentes gubernamentales, oficiales y civiles, bibliogr\u00e1ficas y de campo -realizando visitas de relevamiento a diferentes APs-, de an\u00e1lisis propios en coautor\u00eda con actores claves en la tem\u00e1tica, como as\u00ed tambi\u00e9n de entrevistas a diferentes actores en territorio. Esto permite abarcar una gran cantidad de datos y generar una lista lo m\u00e1s completa posible.<\/p>\n\n\n\n<p class=\"has-text-align-justify justificar\"><strong><span style=\"text-decoration:underline;\">Situaci\u00f3n de Implementaci\u00f3n de las APs<\/span><\/strong>: A partir del relevamiento y an\u00e1lisis de un <strong>conjunto m\u00ednimo de 6 Criterios y 10 Indicadores est\u00e1ndar<\/strong> -seleccionados de los Scorecard de \u201cConsolidaci\u00f3n de Parques en Peligro\u201d de TNC (1999) y de IBAMA-WWF (1999), metodolog\u00edas expeditivas aplicadas a nivel nacional e internacional-, se logr\u00f3 describir la <strong>situaci\u00f3n de m\u00ednima implementaci\u00f3n de APs para el a\u00f1o 2015 y 2019<\/strong>, en cuanto a <strong>Sub-\u00c1mbitos o Aspectos<\/strong> del gran<strong> \u00c1mbito de la Gesti\u00f3n administrativa de APs.<\/strong><\/p>\n\n\n\n<p class=\"has-text-align-justify justificar\">De esta manera se logr\u00f3 establecer si cada AP se encuentra dentro de la categor\u00eda de <strong>M\u00ednimamente Implementada<\/strong> -en caso de haber alcanzado los niveles m\u00ednimos para los 10 Indicadores- o de <strong>No implementada<\/strong> -en caso de haber alcanzado 6 niveles o menos-. Adicionalmente, se delimit\u00f3 un rango de cumplimiento de 7 a 9 niveles m\u00ednimos, que permiti\u00f3 discriminar situaciones de APs <strong>Cercanas a implementarse m\u00ednimamente<\/strong> para favorecer un an\u00e1lisis m\u00e1s fino del Sistema de APs a futuro.<\/p>\n\n\n\n<figure class=\"wp-block-image size-large\"><a href=\"https:\/\/monitoreoareasprotegidas.net.ar\/map\/wp-content\/uploads\/2021\/03\/Criterio-indicadores-variables.jpg\"><img loading=\"lazy\" decoding=\"async\" width=\"814\" height=\"450\" src=\"https:\/\/monitoreoareasprotegidas.net.ar\/map\/wp-content\/uploads\/2021\/03\/Criterio-indicadores-variables.jpg\" alt=\"\" class=\"wp-image-851\" srcset=\"https:\/\/monitoreoareasprotegidas.net.ar\/map\/wp-content\/uploads\/2021\/03\/Criterio-indicadores-variables.jpg 814w, https:\/\/monitoreoareasprotegidas.net.ar\/map\/wp-content\/uploads\/2021\/03\/Criterio-indicadores-variables-300x166.jpg 300w, https:\/\/monitoreoareasprotegidas.net.ar\/map\/wp-content\/uploads\/2021\/03\/Criterio-indicadores-variables-768x425.jpg 768w\" sizes=\"auto, (max-width: 767px) 89vw, (max-width: 1000px) 54vw, (max-width: 1071px) 543px, 580px\" \/><\/a><figcaption class=\"wp-element-caption\">Sub-\u00c1mbitos, Criterios, Indicadores y Variables seleccionados para describir la Situaci\u00f3n de M\u00ednima Implementaci\u00f3n de cada AP.<\/figcaption><\/figure>\n\n\n\n<p class=\"has-text-align-center\">Este trabajo proyecta incorporar m\u00e1s <strong>Criterios e Indicadores<\/strong> del <strong>\u00c1mbito de la Gesti\u00f3n administrativa de las APs<\/strong>, y aquellos correspondientes a los <strong>\u00c1mbitos Social<\/strong> y <strong>de<\/strong> <strong>Manejo de los Valores de Conservaci\u00f3n <\/strong>de cada una, entre otros.<\/p>\n\n\n<div class=\"wp-block-image\">\n<figure class=\"alignright size-large is-resized\"><a href=\"https:\/\/monitoreoareasprotegidas.net.ar\/map\/wp-content\/uploads\/2021\/03\/Situacion-APs-de-Cba-Tapa-1.jpg\"><img loading=\"lazy\" decoding=\"async\" width=\"577\" height=\"817\" src=\"https:\/\/monitoreoareasprotegidas.net.ar\/map\/wp-content\/uploads\/2021\/03\/Situacion-APs-de-Cba-Tapa-1.jpg\" alt=\"\" class=\"wp-image-833\" style=\"width:144px;height:204px\" srcset=\"https:\/\/monitoreoareasprotegidas.net.ar\/map\/wp-content\/uploads\/2021\/03\/Situacion-APs-de-Cba-Tapa-1.jpg 577w, https:\/\/monitoreoareasprotegidas.net.ar\/map\/wp-content\/uploads\/2021\/03\/Situacion-APs-de-Cba-Tapa-1-212x300.jpg 212w\" sizes=\"auto, (max-width: 577px) 100vw, 577px\" \/><\/a><\/figure>\n<\/div>\n\n\n<p>Pod\u00e9s descargar el informe completo <strong>Situaci\u00f3n de las \u00c1reas Protegidas de la Provincia de C\u00f3rdoba<\/strong> con toda la explicaci\u00f3n de la metodolog\u00eda desde este <a rel=\"noreferrer noopener\" href=\"https:\/\/href.li\/?https:\/\/drive.google.com\/file\/d\/1ZAm0K2G1qQIIXWPuRTnX16eZETjnoTWy\/view?usp=sharing\" target=\"_blank\"><strong>link<\/strong><\/a><strong>.<\/strong><\/p>\n","protected":false},"excerpt":{"rendered":"<p>Listado de APs Nacionales: se sistematiz\u00f3 la informaci\u00f3n publicada por la Administraci\u00f3n de Parques Nacionales (APN) a trav\u00e9s de su Sistema de Informaci\u00f3n de Biodiversidad (SIB), complement\u00e1ndolo con datos obtenidos del Sistema Federal de \u00c1reas Protegidas (SiFAP) del Consejo Federal de Medioambeinte (COFEMA), y de la Auditor\u00eda General de la Naci\u00f3n (AGN). Listado de APs &hellip; <\/p>\n<p class=\"link-more\"><a href=\"https:\/\/monitoreoareasprotegidas.net.ar\/map\/metodologia\/\" class=\"more-link\">Continuar leyendo<span class=\"screen-reader-text\"> \u00abMetodolog\u00eda\u00bb<\/span><\/a><\/p>\n","protected":false},"author":2,"featured_media":0,"parent":0,"menu_order":8,"comment_status":"closed","ping_status":"closed","template":"","meta":{"_seopress_robots_primary_cat":"","_seopress_titles_title":"","_seopress_titles_desc":"","_seopress_robots_index":"","footnotes":""},"class_list":["post-28","page","type-page","status-publish","hentry"],"jetpack_sharing_enabled":true,"_links":{"self":[{"href":"https:\/\/monitoreoareasprotegidas.net.ar\/map\/wp-json\/wp\/v2\/pages\/28","targetHints":{"allow":["GET"]}}],"collection":[{"href":"https:\/\/monitoreoareasprotegidas.net.ar\/map\/wp-json\/wp\/v2\/pages"}],"about":[{"href":"https:\/\/monitoreoareasprotegidas.net.ar\/map\/wp-json\/wp\/v2\/types\/page"}],"author":[{"embeddable":true,"href":"https:\/\/monitoreoareasprotegidas.net.ar\/map\/wp-json\/wp\/v2\/users\/2"}],"replies":[{"embeddable":true,"href":"https:\/\/monitoreoareasprotegidas.net.ar\/map\/wp-json\/wp\/v2\/comments?post=28"}],"version-history":[{"count":10,"href":"https:\/\/monitoreoareasprotegidas.net.ar\/map\/wp-json\/wp\/v2\/pages\/28\/revisions"}],"predecessor-version":[{"id":3160,"href":"https:\/\/monitoreoareasprotegidas.net.ar\/map\/wp-json\/wp\/v2\/pages\/28\/revisions\/3160"}],"wp:attachment":[{"href":"https:\/\/monitoreoareasprotegidas.net.ar\/map\/wp-json\/wp\/v2\/media?parent=28"}],"curies":[{"name":"wp","href":"https:\/\/api.w.org\/{rel}","templated":true}]}}