{"id":1512,"date":"2021-06-25T18:27:03","date_gmt":"2021-06-25T21:27:03","guid":{"rendered":"https:\/\/monitoreoareasprotegidas.net.ar\/map\/?page_id=1512"},"modified":"2022-08-30T00:06:22","modified_gmt":"2022-08-30T03:06:22","slug":"divulgacion","status":"publish","type":"page","link":"https:\/\/monitoreoareasprotegidas.net.ar\/map\/divulgacion\/","title":{"rendered":"Divulgaci\u00f3n"},"content":{"rendered":"\n<div id=\"ez-toc-container\" class=\"ez-toc-v2_0_82_2 counter-hierarchy ez-toc-counter ez-toc-grey ez-toc-container-direction\">\n<div class=\"ez-toc-title-container\">\n<span class=\"ez-toc-title\" style=\"cursor:inherit\">\u00cdndice de publicaciones por temas<\/span>\n<span class=\"ez-toc-title-toggle\"><a href=\"#\" class=\"ez-toc-pull-right ez-toc-btn ez-toc-btn-xs ez-toc-btn-default ez-toc-toggle\" aria-label=\"Alternar tabla de contenidos\"><span class=\"ez-toc-js-icon-con\"><span class=\"\"><span class=\"eztoc-hide\" style=\"display:none;\">Toggle<\/span><span class=\"ez-toc-icon-toggle-span\"><svg style=\"fill: #999;color:#999\" xmlns=\"http:\/\/www.w3.org\/2000\/svg\" class=\"list-377408\" width=\"20px\" height=\"20px\" viewBox=\"0 0 24 24\" fill=\"none\"><path d=\"M6 6H4v2h2V6zm14 0H8v2h12V6zM4 11h2v2H4v-2zm16 0H8v2h12v-2zM4 16h2v2H4v-2zm16 0H8v2h12v-2z\" fill=\"currentColor\"><\/path><\/svg><svg style=\"fill: #999;color:#999\" class=\"arrow-unsorted-368013\" xmlns=\"http:\/\/www.w3.org\/2000\/svg\" width=\"10px\" height=\"10px\" viewBox=\"0 0 24 24\" version=\"1.2\" baseProfile=\"tiny\"><path d=\"M18.2 9.3l-6.2-6.3-6.2 6.3c-.2.2-.3.4-.3.7s.1.5.3.7c.2.2.4.3.7.3h11c.3 0 .5-.1.7-.3.2-.2.3-.5.3-.7s-.1-.5-.3-.7zM5.8 14.7l6.2 6.3 6.2-6.3c.2-.2.3-.5.3-.7s-.1-.5-.3-.7c-.2-.2-.4-.3-.7-.3h-11c-.3 0-.5.1-.7.3-.2.2-.3.5-.3.7s.1.5.3.7z\"\/><\/svg><\/span><\/span><\/span><\/a><\/span><\/div>\n<nav><ul class='ez-toc-list ez-toc-list-level-1 ' ><li class='ez-toc-page-1 ez-toc-heading-level-3'><a class=\"ez-toc-link ez-toc-heading-1\" href=\"https:\/\/monitoreoareasprotegidas.net.ar\/map\/divulgacion\/#Presentaciones\" >Presentaciones<\/a><\/li><li class='ez-toc-page-1 ez-toc-heading-level-3'><a class=\"ez-toc-link ez-toc-heading-2\" href=\"https:\/\/monitoreoareasprotegidas.net.ar\/map\/divulgacion\/#Entrevistas_en_medios_radiales\" >Entrevistas en medios radiales<\/a><\/li><li class='ez-toc-page-1 ez-toc-heading-level-3'><a class=\"ez-toc-link ez-toc-heading-3\" href=\"https:\/\/monitoreoareasprotegidas.net.ar\/map\/divulgacion\/#Notas_en_medios_graficos\" >Notas en medios gr\u00e1ficos<\/a><\/li><li class='ez-toc-page-1 ez-toc-heading-level-3'><a class=\"ez-toc-link ez-toc-heading-4\" href=\"https:\/\/monitoreoareasprotegidas.net.ar\/map\/divulgacion\/#Contenidos_para_medios_y_organizaciones\" >Contenidos para medios y organizaciones<\/a><\/li><\/ul><\/nav><\/div>\n<h3 class=\"wp-block-heading\" id=\"Presentaciones\"><span class=\"ez-toc-section\" id=\"Presentaciones\"><\/span><strong>Presentaciones<\/strong><span class=\"ez-toc-section-end\"><\/span><\/h3>\n\n\n\n<p>Presentaciones de la Plataforma MAP realizadas en diferentes reuniones, jornadas, congresos o ciclos (presenciales o virtuales). <\/p>\n\n\n\n<figure class=\"wp-block-gallery columns-1 is-cropped wp-block-gallery-1 is-layout-flex wp-block-gallery-is-layout-flex\"><ul class=\"blocks-gallery-grid\"><li class=\"blocks-gallery-item\"><figure><a href=\"https:\/\/monitoreoareasprotegidas.net.ar\/map\/wp-content\/uploads\/2022\/08\/17-3.png\"><img loading=\"lazy\" decoding=\"async\" width=\"768\" height=\"659\" src=\"https:\/\/monitoreoareasprotegidas.net.ar\/map\/wp-content\/uploads\/2022\/08\/17-3.png\" alt=\"\" data-id=\"2809\" data-full-url=\"https:\/\/monitoreoareasprotegidas.net.ar\/map\/wp-content\/uploads\/2022\/08\/17-3.png\" data-link=\"https:\/\/monitoreoareasprotegidas.net.ar\/map\/divulgacion\/17-3\/\" class=\"wp-image-2809\" srcset=\"https:\/\/monitoreoareasprotegidas.net.ar\/map\/wp-content\/uploads\/2022\/08\/17-3.png 768w, https:\/\/monitoreoareasprotegidas.net.ar\/map\/wp-content\/uploads\/2022\/08\/17-3-300x257.png 300w\" sizes=\"auto, (max-width: 767px) 89vw, (max-width: 1000px) 54vw, (max-width: 1071px) 543px, 580px\" \/><\/a><figcaption class=\"blocks-gallery-item__caption\"><a rel=\"noreferrer noopener\" href=\"https:\/\/youtu.be\/WxbKdSltMgE\" data-type=\"URL\" data-id=\"https:\/\/youtu.be\/WxbKdSltMgE\" target=\"_blank\"> <strong><em><span class=\"has-inline-color has-white-color\">Universidad Libre del Ambiente de la Municipalidad de C\u00f3rdoba (Agosto de 2022). <br>Para ver la presentaci\u00f3n ingres\u00e1 aqu\u00ed.<\/span><\/em><\/strong> <\/a><\/figcaption><\/figure><\/li><li class=\"blocks-gallery-item\"><figure><a href=\"https:\/\/monitoreoareasprotegidas.net.ar\/map\/wp-content\/uploads\/2021\/07\/5-1-1024x879.png\"><img loading=\"lazy\" decoding=\"async\" width=\"1024\" height=\"879\" src=\"https:\/\/monitoreoareasprotegidas.net.ar\/map\/wp-content\/uploads\/2021\/07\/5-1-1024x879.png\" alt=\"\" data-id=\"1753\" data-link=\"https:\/\/monitoreoareasprotegidas.net.ar\/map\/divulgacion\/5-1\/\" class=\"wp-image-1753\" srcset=\"https:\/\/monitoreoareasprotegidas.net.ar\/map\/wp-content\/uploads\/2021\/07\/5-1-1024x879.png 1024w, https:\/\/monitoreoareasprotegidas.net.ar\/map\/wp-content\/uploads\/2021\/07\/5-1-300x258.png 300w, https:\/\/monitoreoareasprotegidas.net.ar\/map\/wp-content\/uploads\/2021\/07\/5-1-768x659.png 768w, https:\/\/monitoreoareasprotegidas.net.ar\/map\/wp-content\/uploads\/2021\/07\/5-1.png 1080w\" sizes=\"auto, (max-width: 767px) 89vw, (max-width: 1000px) 54vw, (max-width: 1071px) 543px, 580px\" \/><\/a><figcaption class=\"blocks-gallery-item__caption\"><a rel=\"noreferrer noopener\" href=\"https:\/\/www.facebook.com\/watch\/live\/?v=310012400828762&amp;ref=watch_permalink\" data-type=\"URL\" data-id=\"https:\/\/www.facebook.com\/watch\/live\/?v=310012400828762&amp;ref=watch_permalink\" target=\"_blank\"><strong><em><span class=\"has-inline-color has-white-color\">Universidad Libre del Ambiente de la Municipalidad de C\u00f3rdoba (Junio de 2021). <br>Para ver la presentaci\u00f3n ingres\u00e1 aqu\u00ed.<\/span><\/em><\/strong><\/a><\/figcaption><\/figure><\/li><li class=\"blocks-gallery-item\"><figure><a href=\"https:\/\/monitoreoareasprotegidas.net.ar\/map\/wp-content\/uploads\/2021\/07\/3-1-1024x872.png\"><img loading=\"lazy\" decoding=\"async\" width=\"1024\" height=\"872\" src=\"https:\/\/monitoreoareasprotegidas.net.ar\/map\/wp-content\/uploads\/2021\/07\/3-1-1024x872.png\" alt=\"\" data-id=\"1755\" data-link=\"https:\/\/monitoreoareasprotegidas.net.ar\/map\/divulgacion\/3-1\/\" class=\"wp-image-1755\" srcset=\"https:\/\/monitoreoareasprotegidas.net.ar\/map\/wp-content\/uploads\/2021\/07\/3-1-1024x872.png 1024w, https:\/\/monitoreoareasprotegidas.net.ar\/map\/wp-content\/uploads\/2021\/07\/3-1-300x256.png 300w, https:\/\/monitoreoareasprotegidas.net.ar\/map\/wp-content\/uploads\/2021\/07\/3-1-768x654.png 768w, https:\/\/monitoreoareasprotegidas.net.ar\/map\/wp-content\/uploads\/2021\/07\/3-1.png 1080w\" sizes=\"auto, (max-width: 767px) 89vw, (max-width: 1000px) 54vw, (max-width: 1071px) 543px, 580px\" \/><\/a><figcaption class=\"blocks-gallery-item__caption\"><a rel=\"noreferrer noopener\" href=\"https:\/\/youtu.be\/Er3s48y1geQ?t=1832\" data-type=\"URL\" data-id=\"https:\/\/youtu.be\/Er3s48y1geQ?t=1832\" target=\"_blank\"><strong><em><span class=\"has-inline-color has-white-color\">Encuentro Regional de Estudiantes de Turismo de Cuyo 2021 (Mayo de 2021). <br>Para ver la presentaci\u00f3n ingres\u00e1 aqu\u00ed.<\/span><\/em><\/strong><\/a><\/figcaption><\/figure><\/li><li class=\"blocks-gallery-item\"><figure><a href=\"https:\/\/monitoreoareasprotegidas.net.ar\/map\/wp-content\/uploads\/2021\/07\/4-1-1024x879.png\"><img loading=\"lazy\" decoding=\"async\" width=\"1024\" height=\"879\" src=\"https:\/\/monitoreoareasprotegidas.net.ar\/map\/wp-content\/uploads\/2021\/07\/4-1-1024x879.png\" alt=\"\" data-id=\"1754\" data-link=\"https:\/\/monitoreoareasprotegidas.net.ar\/map\/divulgacion\/4-1\/\" class=\"wp-image-1754\" srcset=\"https:\/\/monitoreoareasprotegidas.net.ar\/map\/wp-content\/uploads\/2021\/07\/4-1-1024x879.png 1024w, https:\/\/monitoreoareasprotegidas.net.ar\/map\/wp-content\/uploads\/2021\/07\/4-1-300x258.png 300w, https:\/\/monitoreoareasprotegidas.net.ar\/map\/wp-content\/uploads\/2021\/07\/4-1-768x659.png 768w, https:\/\/monitoreoareasprotegidas.net.ar\/map\/wp-content\/uploads\/2021\/07\/4-1.png 1080w\" sizes=\"auto, (max-width: 767px) 89vw, (max-width: 1000px) 54vw, (max-width: 1071px) 543px, 580px\" \/><\/a><figcaption class=\"blocks-gallery-item__caption\"><strong><a rel=\"noreferrer noopener\" href=\"https:\/\/youtu.be\/ELcIFhzNeow?list=PL116Lc_AbtW-trPjHEdt8QNOTpbP2uIdd&amp;t=1219\" data-type=\"URL\" data-id=\"https:\/\/youtu.be\/ELcIFhzNeow?list=PL116Lc_AbtW-trPjHEdt8QNOTpbP2uIdd&amp;t=1219\" target=\"_blank\"><span class=\"has-inline-color has-white-color\">Green Drinks C\u00f3rdoba (Septiembre de 2020). <\/span><\/a><\/strong><br><strong><a rel=\"noreferrer noopener\" href=\"https:\/\/youtu.be\/ELcIFhzNeow?list=PL116Lc_AbtW-trPjHEdt8QNOTpbP2uIdd&amp;t=1219\" data-type=\"URL\" data-id=\"https:\/\/youtu.be\/ELcIFhzNeow?list=PL116Lc_AbtW-trPjHEdt8QNOTpbP2uIdd&amp;t=1219\" target=\"_blank\"><span class=\"has-inline-color has-white-color\">Para ver la presentaci\u00f3n ingres\u00e1 aqu\u00ed.<\/span><\/a><\/strong><\/figcaption><\/figure><\/li><\/ul><\/figure>\n\n\n\n<p><\/p>\n\n\n\n<hr class=\"wp-block-separator\"\/>\n\n\n\n<h3 class=\"wp-block-heading\"><span class=\"ez-toc-section\" id=\"Entrevistas_en_medios_radiales\"><\/span><strong>Entrevistas en medios radiales<\/strong><span class=\"ez-toc-section-end\"><\/span><\/h3>\n\n\n\n<p>Entrevistas a miembros de la Plataforma MAP en medios radiales de aire y\/o digitales.<\/p>\n\n\n\n<figure class=\"wp-block-gallery columns-2 is-cropped wp-block-gallery-2 is-layout-flex wp-block-gallery-is-layout-flex\"><ul class=\"blocks-gallery-grid\"><li class=\"blocks-gallery-item\"><figure><a href=\"https:\/\/monitoreoareasprotegidas.net.ar\/map\/wp-content\/uploads\/2021\/07\/2-1-1024x1024.png\"><img loading=\"lazy\" decoding=\"async\" width=\"1024\" height=\"1024\" src=\"https:\/\/monitoreoareasprotegidas.net.ar\/map\/wp-content\/uploads\/2021\/07\/2-1-1024x1024.png\" alt=\"\" data-id=\"1599\" data-link=\"https:\/\/monitoreoareasprotegidas.net.ar\/map\/divulgacion\/2-1\/\" class=\"wp-image-1599\" srcset=\"https:\/\/monitoreoareasprotegidas.net.ar\/map\/wp-content\/uploads\/2021\/07\/2-1-1024x1024.png 1024w, https:\/\/monitoreoareasprotegidas.net.ar\/map\/wp-content\/uploads\/2021\/07\/2-1-300x300.png 300w, https:\/\/monitoreoareasprotegidas.net.ar\/map\/wp-content\/uploads\/2021\/07\/2-1-150x150.png 150w, https:\/\/monitoreoareasprotegidas.net.ar\/map\/wp-content\/uploads\/2021\/07\/2-1-768x768.png 768w, https:\/\/monitoreoareasprotegidas.net.ar\/map\/wp-content\/uploads\/2021\/07\/2-1-100x100.png 100w, https:\/\/monitoreoareasprotegidas.net.ar\/map\/wp-content\/uploads\/2021\/07\/2-1.png 1080w\" sizes=\"auto, (max-width: 767px) 89vw, (max-width: 1000px) 54vw, (max-width: 1071px) 543px, 580px\" \/><\/a><figcaption class=\"blocks-gallery-item__caption\"><strong><a rel=\"noreferrer noopener\" href=\"https:\/\/unaradio.org.ar\/lanzan-plataforma-de-monitoreo-de-areas-protegidas\/\" data-type=\"URL\" data-id=\"https:\/\/unaradio.org.ar\/lanzan-plataforma-de-monitoreo-de-areas-protegidas\/\" target=\"_blank\"><span class=\"has-inline-color has-white-color\">\u00abLanzan plataforma de monitoreo de \u00e1reas protegidas\u00bb Una Radio muchas voces 98.1  (Marzo de 2021). <em>Para leer la nota ingres\u00e1<\/em> aqu\u00ed.<\/span><\/a><\/strong><\/figcaption><\/figure><\/li><li class=\"blocks-gallery-item\"><figure><a href=\"https:\/\/monitoreoareasprotegidas.net.ar\/map\/wp-content\/uploads\/2021\/07\/2-1-1024x1024.png\"><img loading=\"lazy\" decoding=\"async\" width=\"1024\" height=\"1024\" src=\"https:\/\/monitoreoareasprotegidas.net.ar\/map\/wp-content\/uploads\/2021\/07\/2-1-1024x1024.png\" alt=\"\" data-id=\"1599\" data-link=\"https:\/\/monitoreoareasprotegidas.net.ar\/map\/divulgacion\/2-1\/\" class=\"wp-image-1599\" srcset=\"https:\/\/monitoreoareasprotegidas.net.ar\/map\/wp-content\/uploads\/2021\/07\/2-1-1024x1024.png 1024w, https:\/\/monitoreoareasprotegidas.net.ar\/map\/wp-content\/uploads\/2021\/07\/2-1-300x300.png 300w, https:\/\/monitoreoareasprotegidas.net.ar\/map\/wp-content\/uploads\/2021\/07\/2-1-150x150.png 150w, https:\/\/monitoreoareasprotegidas.net.ar\/map\/wp-content\/uploads\/2021\/07\/2-1-768x768.png 768w, https:\/\/monitoreoareasprotegidas.net.ar\/map\/wp-content\/uploads\/2021\/07\/2-1-100x100.png 100w, https:\/\/monitoreoareasprotegidas.net.ar\/map\/wp-content\/uploads\/2021\/07\/2-1.png 1080w\" sizes=\"auto, (max-width: 767px) 89vw, (max-width: 1000px) 54vw, (max-width: 1071px) 543px, 580px\" \/><\/a><figcaption class=\"blocks-gallery-item__caption\"><a rel=\"noreferrer noopener\" href=\"https:\/\/www.facebook.com\/unaradiomuchasvoces\/videos\/295824998650870\" data-type=\"URL\" data-id=\"https:\/\/www.facebook.com\/unaradiomuchasvoces\/videos\/295824998650870\" target=\"_blank\"><strong><span class=\"has-inline-color has-white-color\"><em>\u00abLanzan plataforma de monitoreo de \u00e1reas protegidas\u00bb Una Radio muchas voces 98.1 (Marzo de 2021).<\/em> Para escuchar el audio de la nota ingres\u00e1 aqu\u00ed<\/span><\/strong><\/a>.<\/figcaption><\/figure><\/li><li class=\"blocks-gallery-item\"><figure><a href=\"https:\/\/monitoreoareasprotegidas.net.ar\/map\/wp-content\/uploads\/2021\/07\/1-1024x1024.png\"><img loading=\"lazy\" decoding=\"async\" width=\"1024\" height=\"1024\" src=\"https:\/\/monitoreoareasprotegidas.net.ar\/map\/wp-content\/uploads\/2021\/07\/1-1024x1024.png\" alt=\"\" data-id=\"1600\" data-link=\"https:\/\/monitoreoareasprotegidas.net.ar\/map\/divulgacion\/attachment\/1\/\" class=\"wp-image-1600\" srcset=\"https:\/\/monitoreoareasprotegidas.net.ar\/map\/wp-content\/uploads\/2021\/07\/1-1024x1024.png 1024w, https:\/\/monitoreoareasprotegidas.net.ar\/map\/wp-content\/uploads\/2021\/07\/1-300x300.png 300w, https:\/\/monitoreoareasprotegidas.net.ar\/map\/wp-content\/uploads\/2021\/07\/1-150x150.png 150w, https:\/\/monitoreoareasprotegidas.net.ar\/map\/wp-content\/uploads\/2021\/07\/1-768x768.png 768w, https:\/\/monitoreoareasprotegidas.net.ar\/map\/wp-content\/uploads\/2021\/07\/1-100x100.png 100w, https:\/\/monitoreoareasprotegidas.net.ar\/map\/wp-content\/uploads\/2021\/07\/1.png 1080w\" sizes=\"auto, (max-width: 767px) 89vw, (max-width: 1000px) 54vw, (max-width: 1071px) 543px, 580px\" \/><\/a><figcaption class=\"blocks-gallery-item__caption\"><a rel=\"noreferrer noopener\" href=\"https:\/\/open.spotify.com\/episode\/4dtvqbFsGZVoPBHWG6WuvV?si=tdmSmJGfR0SxHIv16lNPWQ&amp;dl_branch=1\" data-type=\"URL\" data-id=\"https:\/\/open.spotify.com\/episode\/4dtvqbFsGZVoPBHWG6WuvV?si=tdmSmJGfR0SxHIv16lNPWQ&amp;dl_branch=1\" target=\"_blank\"><span class=\"has-inline-color has-white-color\"><strong>\u00abTe Quiero Verde\/Pachamamita EcoFeminismos &#8211; Plataforma de Monitoreo de \u00c1reas Protegidas\u00bb (Abril de 2021). Para escuchar la nota ingres\u00e1 aqu\u00ed.<\/strong><\/span><\/a><\/figcaption><\/figure><\/li><li class=\"blocks-gallery-item\"><figure><a href=\"https:\/\/monitoreoareasprotegidas.net.ar\/map\/wp-content\/uploads\/2021\/07\/vacio.png\"><img loading=\"lazy\" decoding=\"async\" width=\"1024\" height=\"1024\" src=\"https:\/\/monitoreoareasprotegidas.net.ar\/map\/wp-content\/uploads\/2021\/07\/vacio-1024x1024.png\" alt=\"\" data-id=\"1603\" data-full-url=\"https:\/\/monitoreoareasprotegidas.net.ar\/map\/wp-content\/uploads\/2021\/07\/vacio.png\" data-link=\"https:\/\/monitoreoareasprotegidas.net.ar\/map\/divulgacion\/vacio\/\" class=\"wp-image-1603\" srcset=\"https:\/\/monitoreoareasprotegidas.net.ar\/map\/wp-content\/uploads\/2021\/07\/vacio-1024x1024.png 1024w, https:\/\/monitoreoareasprotegidas.net.ar\/map\/wp-content\/uploads\/2021\/07\/vacio-300x300.png 300w, https:\/\/monitoreoareasprotegidas.net.ar\/map\/wp-content\/uploads\/2021\/07\/vacio-150x150.png 150w, https:\/\/monitoreoareasprotegidas.net.ar\/map\/wp-content\/uploads\/2021\/07\/vacio-768x768.png 768w, https:\/\/monitoreoareasprotegidas.net.ar\/map\/wp-content\/uploads\/2021\/07\/vacio-100x100.png 100w, https:\/\/monitoreoareasprotegidas.net.ar\/map\/wp-content\/uploads\/2021\/07\/vacio.png 1080w\" sizes=\"auto, (max-width: 767px) 89vw, (max-width: 1000px) 54vw, (max-width: 1071px) 543px, 580px\" \/><\/a><\/figure><\/li><\/ul><\/figure>\n\n\n\n<hr class=\"wp-block-separator\"\/>\n\n\n\n<h3 class=\"wp-block-heading\"><span class=\"ez-toc-section\" id=\"Notas_en_medios_graficos\"><\/span><strong>Notas en medios gr\u00e1ficos<\/strong><span class=\"ez-toc-section-end\"><\/span><\/h3>\n\n\n\n<p>Notas en medios period\u00edsticos gr\u00e1ficos impresos y\/o digitales.<\/p>\n\n\n\n<figure class=\"wp-block-gallery columns-2 is-cropped wp-block-gallery-3 is-layout-flex wp-block-gallery-is-layout-flex\"><ul class=\"blocks-gallery-grid\"><li class=\"blocks-gallery-item\"><figure><a href=\"https:\/\/monitoreoareasprotegidas.net.ar\/map\/wp-content\/uploads\/2022\/04\/15-1.png\"><img loading=\"lazy\" decoding=\"async\" width=\"1024\" height=\"1024\" src=\"https:\/\/monitoreoareasprotegidas.net.ar\/map\/wp-content\/uploads\/2022\/04\/15-1-1024x1024.png\" alt=\"\" data-id=\"2613\" data-full-url=\"https:\/\/monitoreoareasprotegidas.net.ar\/map\/wp-content\/uploads\/2022\/04\/15-1.png\" data-link=\"https:\/\/monitoreoareasprotegidas.net.ar\/map\/divulgacion\/15-1\/\" class=\"wp-image-2613\" srcset=\"https:\/\/monitoreoareasprotegidas.net.ar\/map\/wp-content\/uploads\/2022\/04\/15-1-1024x1024.png 1024w, https:\/\/monitoreoareasprotegidas.net.ar\/map\/wp-content\/uploads\/2022\/04\/15-1-300x300.png 300w, https:\/\/monitoreoareasprotegidas.net.ar\/map\/wp-content\/uploads\/2022\/04\/15-1-150x150.png 150w, https:\/\/monitoreoareasprotegidas.net.ar\/map\/wp-content\/uploads\/2022\/04\/15-1-768x768.png 768w, https:\/\/monitoreoareasprotegidas.net.ar\/map\/wp-content\/uploads\/2022\/04\/15-1-100x100.png 100w, https:\/\/monitoreoareasprotegidas.net.ar\/map\/wp-content\/uploads\/2022\/04\/15-1.png 1080w\" sizes=\"auto, (max-width: 767px) 89vw, (max-width: 1000px) 54vw, (max-width: 1071px) 543px, 580px\" \/><\/a><figcaption class=\"blocks-gallery-item__caption\">\u00ab<strong>Demandan m\u00e1s atenci\u00f3n para las \u00e1reas naturales protegidas de C\u00f3rdoba\u00bb La Voz (Marzo de  2022)<\/strong><br><a rel=\"noreferrer noopener\" href=\"https:\/\/www.lavoz.com.ar\/ciudadanos\/demandan-mas-atencion-para-las-areas-naturales-protegidas-de-cordoba\/\" data-type=\"URL\" data-id=\"https:\/\/www.lavoz.com.ar\/ciudadanos\/demandan-mas-atencion-para-las-areas-naturales-protegidas-de-cordoba\/\" target=\"_blank\"> <span class=\"has-inline-color has-white-color\"><strong>Para leer la nota ingresa aqu\u00ed.<\/strong><\/span> <\/a><\/figcaption><\/figure><\/li><li class=\"blocks-gallery-item\"><figure><a href=\"https:\/\/monitoreoareasprotegidas.net.ar\/map\/wp-content\/uploads\/2022\/04\/14-1024x1024.png\"><img loading=\"lazy\" decoding=\"async\" width=\"1024\" height=\"1024\" src=\"https:\/\/monitoreoareasprotegidas.net.ar\/map\/wp-content\/uploads\/2022\/04\/14-1024x1024.png\" alt=\"\" data-id=\"2610\" data-link=\"https:\/\/monitoreoareasprotegidas.net.ar\/map\/divulgacion\/14-2\/\" class=\"wp-image-2610\" srcset=\"https:\/\/monitoreoareasprotegidas.net.ar\/map\/wp-content\/uploads\/2022\/04\/14-1024x1024.png 1024w, https:\/\/monitoreoareasprotegidas.net.ar\/map\/wp-content\/uploads\/2022\/04\/14-300x300.png 300w, https:\/\/monitoreoareasprotegidas.net.ar\/map\/wp-content\/uploads\/2022\/04\/14-150x150.png 150w, https:\/\/monitoreoareasprotegidas.net.ar\/map\/wp-content\/uploads\/2022\/04\/14-768x768.png 768w, https:\/\/monitoreoareasprotegidas.net.ar\/map\/wp-content\/uploads\/2022\/04\/14-100x100.png 100w, https:\/\/monitoreoareasprotegidas.net.ar\/map\/wp-content\/uploads\/2022\/04\/14.png 1080w\" sizes=\"auto, (max-width: 767px) 89vw, (max-width: 1000px) 54vw, (max-width: 1071px) 543px, 580px\" \/><\/a><figcaption class=\"blocks-gallery-item__caption\"><strong>\u00abMientras los brigadistas controlan los focos de incendio, Schiaretti festeja el avance del agronegocio en las zonas m\u00e1s afectadas\u00bb<\/strong>.<br><strong>Carbono.news (Octubre de 2021).<br><\/strong><a rel=\"noreferrer noopener\" href=\"https:\/\/www.carbono.news\/politica\/mientras-los-brigadistas-controlan-los-focos-de-incendio-schiaretti-festeja-el-avance-del-agronegocio-en-las-zonas-mas-afectadas\/\" data-type=\"URL\" data-id=\"https:\/\/www.carbono.news\/politica\/mientras-los-brigadistas-controlan-los-focos-de-incendio-schiaretti-festeja-el-avance-del-agronegocio-en-las-zonas-mas-afectadas\/\" target=\"_blank\"><span class=\"has-inline-color has-white-color\"><strong>Para leer la nota ingresa aqu\u00ed.<\/strong><\/span><\/a><\/figcaption><\/figure><\/li><li class=\"blocks-gallery-item\"><figure><a href=\"https:\/\/monitoreoareasprotegidas.net.ar\/map\/wp-content\/uploads\/2021\/07\/12-1024x1024.png\"><img loading=\"lazy\" decoding=\"async\" width=\"1024\" height=\"1024\" src=\"https:\/\/monitoreoareasprotegidas.net.ar\/map\/wp-content\/uploads\/2021\/07\/12-1024x1024.png\" alt=\"\" data-id=\"1605\" data-link=\"https:\/\/monitoreoareasprotegidas.net.ar\/map\/divulgacion\/attachment\/12\/\" class=\"wp-image-1605\" srcset=\"https:\/\/monitoreoareasprotegidas.net.ar\/map\/wp-content\/uploads\/2021\/07\/12-1024x1024.png 1024w, https:\/\/monitoreoareasprotegidas.net.ar\/map\/wp-content\/uploads\/2021\/07\/12-300x300.png 300w, https:\/\/monitoreoareasprotegidas.net.ar\/map\/wp-content\/uploads\/2021\/07\/12-150x150.png 150w, https:\/\/monitoreoareasprotegidas.net.ar\/map\/wp-content\/uploads\/2021\/07\/12-768x768.png 768w, https:\/\/monitoreoareasprotegidas.net.ar\/map\/wp-content\/uploads\/2021\/07\/12-100x100.png 100w, https:\/\/monitoreoareasprotegidas.net.ar\/map\/wp-content\/uploads\/2021\/07\/12.png 1080w\" sizes=\"auto, (max-width: 767px) 89vw, (max-width: 1000px) 54vw, (max-width: 1071px) 543px, 580px\" \/><\/a><figcaption class=\"blocks-gallery-item__caption\"><a rel=\"noreferrer noopener\" href=\"https:\/\/lmdiario.com.ar\/contenido\/284851\/cordoba-mas-de-4-millones-de-hectareas-protegidas-para-solo-32-guardaparques\" data-type=\"URL\" data-id=\"https:\/\/lmdiario.com.ar\/contenido\/284851\/cordoba-mas-de-4-millones-de-hectareas-protegidas-para-solo-32-guardaparques\" target=\"_blank\"><span class=\"has-inline-color has-white-color\"><strong>\u00abLa pol\u00edtica ambiental de C\u00f3rdoba bajo la lupa\u00bb. <\/strong><\/span><\/a><br><a rel=\"noreferrer noopener\" href=\"https:\/\/lmdiario.com.ar\/contenido\/284851\/cordoba-mas-de-4-millones-de-hectareas-protegidas-para-solo-32-guardaparques\" data-type=\"URL\" data-id=\"https:\/\/lmdiario.com.ar\/contenido\/284851\/cordoba-mas-de-4-millones-de-hectareas-protegidas-para-solo-32-guardaparques\" target=\"_blank\"><span class=\"has-inline-color has-white-color\"><strong>La Nueva Ma\u00f1ana (Abril de 2021). <\/strong><br><strong>Para leer la nota ingres\u00e1 aqu\u00ed.<\/strong><\/span><\/a><\/figcaption><\/figure><\/li><li class=\"blocks-gallery-item\"><figure><a href=\"https:\/\/monitoreoareasprotegidas.net.ar\/map\/wp-content\/uploads\/2021\/07\/11-1024x1024.png\"><img loading=\"lazy\" decoding=\"async\" width=\"1024\" height=\"1024\" src=\"https:\/\/monitoreoareasprotegidas.net.ar\/map\/wp-content\/uploads\/2021\/07\/11-1024x1024.png\" alt=\"\" data-id=\"1606\" data-link=\"https:\/\/monitoreoareasprotegidas.net.ar\/map\/divulgacion\/attachment\/11\/\" class=\"wp-image-1606\" srcset=\"https:\/\/monitoreoareasprotegidas.net.ar\/map\/wp-content\/uploads\/2021\/07\/11-1024x1024.png 1024w, https:\/\/monitoreoareasprotegidas.net.ar\/map\/wp-content\/uploads\/2021\/07\/11-300x300.png 300w, https:\/\/monitoreoareasprotegidas.net.ar\/map\/wp-content\/uploads\/2021\/07\/11-150x150.png 150w, https:\/\/monitoreoareasprotegidas.net.ar\/map\/wp-content\/uploads\/2021\/07\/11-768x768.png 768w, https:\/\/monitoreoareasprotegidas.net.ar\/map\/wp-content\/uploads\/2021\/07\/11-100x100.png 100w, https:\/\/monitoreoareasprotegidas.net.ar\/map\/wp-content\/uploads\/2021\/07\/11.png 1080w\" sizes=\"auto, (max-width: 767px) 89vw, (max-width: 1000px) 54vw, (max-width: 1071px) 543px, 580px\" \/><\/a><figcaption class=\"blocks-gallery-item__caption\"><strong><em><a rel=\"noreferrer noopener\" href=\"https:\/\/lmdiario.com.ar\/contenido\/284851\/cordoba-mas-de-4-millones-de-hectareas-protegidas-para-solo-32-guardaparques\" data-type=\"URL\" data-id=\"https:\/\/lmdiario.com.ar\/contenido\/284851\/cordoba-mas-de-4-millones-de-hectareas-protegidas-para-solo-32-guardaparques\" target=\"_blank\"><span class=\"has-inline-color has-white-color\">\u00abC\u00f3rdoba: m\u00e1s de 4 millones de hect\u00e1reas protegidas para s\u00f3lo 8 guardaparques\u00bb.<\/span><\/a><\/em><\/strong><br><strong><em><a rel=\"noreferrer noopener\" href=\"https:\/\/lmdiario.com.ar\/contenido\/284851\/cordoba-mas-de-4-millones-de-hectareas-protegidas-para-solo-32-guardaparques\" data-type=\"URL\" data-id=\"https:\/\/lmdiario.com.ar\/contenido\/284851\/cordoba-mas-de-4-millones-de-hectareas-protegidas-para-solo-32-guardaparques\" target=\"_blank\"><span class=\"has-inline-color has-white-color\">La Nueva Ma\u00f1ana (Abril de 2021).<br>Para leer la nota ingres\u00e1 aqu\u00ed.<\/span><\/a><\/em><\/strong><\/figcaption><\/figure><\/li><li class=\"blocks-gallery-item\"><figure><a href=\"https:\/\/monitoreoareasprotegidas.net.ar\/map\/wp-content\/uploads\/2021\/07\/13-1024x1024.png\"><img loading=\"lazy\" decoding=\"async\" width=\"1024\" height=\"1024\" src=\"https:\/\/monitoreoareasprotegidas.net.ar\/map\/wp-content\/uploads\/2021\/07\/13-1024x1024.png\" alt=\"\" data-id=\"1616\" data-link=\"https:\/\/monitoreoareasprotegidas.net.ar\/map\/divulgacion\/attachment\/13\/\" class=\"wp-image-1616\" srcset=\"https:\/\/monitoreoareasprotegidas.net.ar\/map\/wp-content\/uploads\/2021\/07\/13-1024x1024.png 1024w, https:\/\/monitoreoareasprotegidas.net.ar\/map\/wp-content\/uploads\/2021\/07\/13-300x300.png 300w, https:\/\/monitoreoareasprotegidas.net.ar\/map\/wp-content\/uploads\/2021\/07\/13-150x150.png 150w, https:\/\/monitoreoareasprotegidas.net.ar\/map\/wp-content\/uploads\/2021\/07\/13-768x768.png 768w, https:\/\/monitoreoareasprotegidas.net.ar\/map\/wp-content\/uploads\/2021\/07\/13-100x100.png 100w, https:\/\/monitoreoareasprotegidas.net.ar\/map\/wp-content\/uploads\/2021\/07\/13.png 1080w\" sizes=\"auto, (max-width: 767px) 89vw, (max-width: 1000px) 54vw, (max-width: 1071px) 543px, 580px\" \/><\/a><figcaption class=\"blocks-gallery-item__caption\"><a rel=\"noreferrer noopener\" href=\"https:\/\/www.laizquierdadiario.com\/Cual-es-el-estado-de-las-areas-protegidas-en-Cordoba\" target=\"_blank\"><span class=\"has-inline-color has-white-color\"><strong>\u00bfCu\u00e1l es el estado de las \u00e1reas protegidas en C\u00f3rdoba? La Izquierda Diario (Abril de 2021).<br>Para leer la nota ingres\u00e1 aqu\u00ed.<\/strong><\/span><\/a><\/figcaption><\/figure><\/li><li class=\"blocks-gallery-item\"><figure><a href=\"https:\/\/monitoreoareasprotegidas.net.ar\/map\/wp-content\/uploads\/2021\/07\/6-1024x1024.png\"><img loading=\"lazy\" decoding=\"async\" width=\"1024\" height=\"1024\" src=\"https:\/\/monitoreoareasprotegidas.net.ar\/map\/wp-content\/uploads\/2021\/07\/6-1024x1024.png\" alt=\"\" data-id=\"1611\" data-link=\"https:\/\/monitoreoareasprotegidas.net.ar\/map\/divulgacion\/attachment\/6\/\" class=\"wp-image-1611\" srcset=\"https:\/\/monitoreoareasprotegidas.net.ar\/map\/wp-content\/uploads\/2021\/07\/6-1024x1024.png 1024w, https:\/\/monitoreoareasprotegidas.net.ar\/map\/wp-content\/uploads\/2021\/07\/6-300x300.png 300w, https:\/\/monitoreoareasprotegidas.net.ar\/map\/wp-content\/uploads\/2021\/07\/6-150x150.png 150w, https:\/\/monitoreoareasprotegidas.net.ar\/map\/wp-content\/uploads\/2021\/07\/6-768x768.png 768w, https:\/\/monitoreoareasprotegidas.net.ar\/map\/wp-content\/uploads\/2021\/07\/6-100x100.png 100w, https:\/\/monitoreoareasprotegidas.net.ar\/map\/wp-content\/uploads\/2021\/07\/6.png 1080w\" sizes=\"auto, (max-width: 767px) 89vw, (max-width: 1000px) 54vw, (max-width: 1071px) 543px, 580px\" \/><\/a><figcaption class=\"blocks-gallery-item__caption\"><a rel=\"noreferrer noopener\" href=\"https:\/\/elresaltador.com.ar\/conoces-el-monitoreo-areas-protegidas-de-cordoba\/\" data-type=\"URL\" data-id=\"https:\/\/elresaltador.com.ar\/conoces-el-monitoreo-areas-protegidas-de-cordoba\/\" target=\"_blank\"><strong><span class=\"has-inline-color has-white-color\">\u00bfConoc\u00e9s el Monitoreo \u00c1reas Protegidas de C\u00f3rdoba? El Resaltador (Abril de2021).<br>Para leer la nota ingres\u00e1 aqu\u00ed.<\/span><\/strong><\/a><\/figcaption><\/figure><\/li><\/ul><\/figure>\n\n\n\n<hr class=\"wp-block-separator\"\/>\n\n\n\n<h3 class=\"wp-block-heading\"><span class=\"ez-toc-section\" id=\"Contenidos_para_medios_y_organizaciones\"><\/span><strong>Contenidos para medios y organizaciones<\/strong><span class=\"ez-toc-section-end\"><\/span><\/h3>\n\n\n\n<p>Producciones realizadas en conjunto, en colaboraci\u00f3n o a partir de informaci\u00f3n o materiales cedidos a diferentes organizaciones, medios o grupos, para la realizaci\u00f3n de productos de comunicaci\u00f3n y divulgaci\u00f3n.<\/p>\n\n\n\n<figure class=\"wp-block-gallery columns-2 is-cropped wp-block-gallery-4 is-layout-flex wp-block-gallery-is-layout-flex\"><ul class=\"blocks-gallery-grid\"><li class=\"blocks-gallery-item\"><figure><a href=\"https:\/\/monitoreoareasprotegidas.net.ar\/map\/wp-content\/uploads\/2022\/08\/13.png\"><img loading=\"lazy\" decoding=\"async\" width=\"1024\" height=\"1024\" src=\"https:\/\/monitoreoareasprotegidas.net.ar\/map\/wp-content\/uploads\/2022\/08\/13-1024x1024.png\" alt=\"\" data-id=\"2818\" data-full-url=\"https:\/\/monitoreoareasprotegidas.net.ar\/map\/wp-content\/uploads\/2022\/08\/13.png\" data-link=\"https:\/\/monitoreoareasprotegidas.net.ar\/map\/divulgacion\/13-2\/\" class=\"wp-image-2818\" srcset=\"https:\/\/monitoreoareasprotegidas.net.ar\/map\/wp-content\/uploads\/2022\/08\/13-1024x1024.png 1024w, https:\/\/monitoreoareasprotegidas.net.ar\/map\/wp-content\/uploads\/2022\/08\/13-300x300.png 300w, https:\/\/monitoreoareasprotegidas.net.ar\/map\/wp-content\/uploads\/2022\/08\/13-150x150.png 150w, https:\/\/monitoreoareasprotegidas.net.ar\/map\/wp-content\/uploads\/2022\/08\/13-768x768.png 768w, https:\/\/monitoreoareasprotegidas.net.ar\/map\/wp-content\/uploads\/2022\/08\/13-100x100.png 100w, https:\/\/monitoreoareasprotegidas.net.ar\/map\/wp-content\/uploads\/2022\/08\/13.png 1080w\" sizes=\"auto, (max-width: 767px) 89vw, (max-width: 1000px) 54vw, (max-width: 1071px) 543px, 580px\" \/><\/a><figcaption class=\"blocks-gallery-item__caption\"><a rel=\"noreferrer noopener\" href=\"https:\/\/farn.org.ar\/iafonline2022\/articulos\/testimonio-cordoba-bosques-y-participacion-la-politica-ambiental-negada\/\" data-type=\"URL\" data-id=\"https:\/\/farn.org.ar\/iafonline2022\/articulos\/testimonio-cordoba-bosques-y-participacion-la-politica-ambiental-negada\/\" target=\"_blank\"><strong><span class=\"has-inline-color has-white-color\">Informe Ambiental FARN 2022: Testimonio C\u00f3rdoba, bosques y participaci\u00f3n: la pol\u00edtica ambiental negada<\/span><\/strong><\/a>.<\/figcaption><\/figure><\/li><li class=\"blocks-gallery-item\"><figure><a href=\"https:\/\/monitoreoareasprotegidas.net.ar\/map\/wp-content\/uploads\/2021\/07\/8.png\"><img loading=\"lazy\" decoding=\"async\" width=\"1024\" height=\"1024\" src=\"https:\/\/monitoreoareasprotegidas.net.ar\/map\/wp-content\/uploads\/2021\/07\/8-1024x1024.png\" alt=\"\" data-id=\"1607\" data-full-url=\"https:\/\/monitoreoareasprotegidas.net.ar\/map\/wp-content\/uploads\/2021\/07\/8.png\" data-link=\"https:\/\/monitoreoareasprotegidas.net.ar\/map\/divulgacion\/attachment\/8\/\" class=\"wp-image-1607\" srcset=\"https:\/\/monitoreoareasprotegidas.net.ar\/map\/wp-content\/uploads\/2021\/07\/8-1024x1024.png 1024w, https:\/\/monitoreoareasprotegidas.net.ar\/map\/wp-content\/uploads\/2021\/07\/8-300x300.png 300w, https:\/\/monitoreoareasprotegidas.net.ar\/map\/wp-content\/uploads\/2021\/07\/8-150x150.png 150w, https:\/\/monitoreoareasprotegidas.net.ar\/map\/wp-content\/uploads\/2021\/07\/8-768x768.png 768w, https:\/\/monitoreoareasprotegidas.net.ar\/map\/wp-content\/uploads\/2021\/07\/8-100x100.png 100w, https:\/\/monitoreoareasprotegidas.net.ar\/map\/wp-content\/uploads\/2021\/07\/8.png 1080w\" sizes=\"auto, (max-width: 767px) 89vw, (max-width: 1000px) 54vw, (max-width: 1071px) 543px, 580px\" \/><\/a><figcaption class=\"blocks-gallery-item__caption\"><a rel=\"noreferrer noopener\" href=\"https:\/\/www.instagram.com\/p\/CP9P-FfHhZi\/\" data-type=\"URL\" data-id=\"https:\/\/www.instagram.com\/p\/CP9P-FfHhZi\/\" target=\"_blank\"><strong><em><span class=\"has-inline-color has-white-color\">Colaboraci\u00f3n c\/Eco House C\u00f3rdoba #1.<br>Para ver el video ingres\u00e1 aqu\u00ed.<\/span><\/em><\/strong><\/a><\/figcaption><\/figure><\/li><li class=\"blocks-gallery-item\"><figure><a href=\"https:\/\/monitoreoareasprotegidas.net.ar\/map\/wp-content\/uploads\/2021\/07\/7.png\"><img loading=\"lazy\" decoding=\"async\" width=\"1024\" height=\"1024\" src=\"https:\/\/monitoreoareasprotegidas.net.ar\/map\/wp-content\/uploads\/2021\/07\/7-1024x1024.png\" alt=\"\" data-id=\"1608\" data-full-url=\"https:\/\/monitoreoareasprotegidas.net.ar\/map\/wp-content\/uploads\/2021\/07\/7.png\" data-link=\"https:\/\/monitoreoareasprotegidas.net.ar\/map\/divulgacion\/attachment\/7\/\" class=\"wp-image-1608\" srcset=\"https:\/\/monitoreoareasprotegidas.net.ar\/map\/wp-content\/uploads\/2021\/07\/7-1024x1024.png 1024w, https:\/\/monitoreoareasprotegidas.net.ar\/map\/wp-content\/uploads\/2021\/07\/7-300x300.png 300w, https:\/\/monitoreoareasprotegidas.net.ar\/map\/wp-content\/uploads\/2021\/07\/7-150x150.png 150w, https:\/\/monitoreoareasprotegidas.net.ar\/map\/wp-content\/uploads\/2021\/07\/7-768x768.png 768w, https:\/\/monitoreoareasprotegidas.net.ar\/map\/wp-content\/uploads\/2021\/07\/7-100x100.png 100w, https:\/\/monitoreoareasprotegidas.net.ar\/map\/wp-content\/uploads\/2021\/07\/7.png 1080w\" sizes=\"auto, (max-width: 767px) 89vw, (max-width: 1000px) 54vw, (max-width: 1071px) 543px, 580px\" \/><\/a><figcaption class=\"blocks-gallery-item__caption\"><strong><em><a rel=\"noreferrer noopener\" href=\"https:\/\/www.instagram.com\/p\/CQHCho4AI1H\/\" data-type=\"URL\" data-id=\"https:\/\/www.instagram.com\/p\/CQHCho4AI1H\/\" target=\"_blank\"><span class=\"has-inline-color has-white-color\">Colaboraci\u00f3n c\/Eco House C\u00f3rdoba #2.<br>Para ver el video ingres\u00e1 aqu\u00ed.<\/span><\/a><\/em><\/strong><\/figcaption><\/figure><\/li><li class=\"blocks-gallery-item\"><figure><a href=\"https:\/\/monitoreoareasprotegidas.net.ar\/map\/wp-content\/uploads\/2021\/07\/10.png\"><img loading=\"lazy\" decoding=\"async\" width=\"1024\" height=\"1024\" src=\"https:\/\/monitoreoareasprotegidas.net.ar\/map\/wp-content\/uploads\/2021\/07\/10-1024x1024.png\" alt=\"\" data-id=\"1609\" data-full-url=\"https:\/\/monitoreoareasprotegidas.net.ar\/map\/wp-content\/uploads\/2021\/07\/10.png\" data-link=\"https:\/\/monitoreoareasprotegidas.net.ar\/map\/divulgacion\/attachment\/10\/\" class=\"wp-image-1609\" srcset=\"https:\/\/monitoreoareasprotegidas.net.ar\/map\/wp-content\/uploads\/2021\/07\/10-1024x1024.png 1024w, https:\/\/monitoreoareasprotegidas.net.ar\/map\/wp-content\/uploads\/2021\/07\/10-300x300.png 300w, https:\/\/monitoreoareasprotegidas.net.ar\/map\/wp-content\/uploads\/2021\/07\/10-150x150.png 150w, https:\/\/monitoreoareasprotegidas.net.ar\/map\/wp-content\/uploads\/2021\/07\/10-768x768.png 768w, https:\/\/monitoreoareasprotegidas.net.ar\/map\/wp-content\/uploads\/2021\/07\/10-100x100.png 100w, https:\/\/monitoreoareasprotegidas.net.ar\/map\/wp-content\/uploads\/2021\/07\/10.png 1080w\" sizes=\"auto, (max-width: 767px) 89vw, (max-width: 1000px) 54vw, (max-width: 1071px) 543px, 580px\" \/><\/a><figcaption class=\"blocks-gallery-item__caption\"><a rel=\"noreferrer noopener\" href=\"https:\/\/www.instagram.com\/p\/CQgmxl_Hj5W\/\" data-type=\"URL\" data-id=\"https:\/\/www.instagram.com\/p\/CQgmxl_Hj5W\/\" target=\"_blank\"><strong><em><span class=\"has-inline-color has-white-color\">Colaboraci\u00f3n c\/Eco House C\u00f3rdoba #3.<br>Para ver el video ingres\u00e1 aqu\u00ed<\/span><\/em><\/strong><\/a>.<\/figcaption><\/figure><\/li><li class=\"blocks-gallery-item\"><figure><a href=\"https:\/\/monitoreoareasprotegidas.net.ar\/map\/wp-content\/uploads\/2021\/07\/9.png\"><img loading=\"lazy\" decoding=\"async\" width=\"1024\" height=\"1024\" src=\"https:\/\/monitoreoareasprotegidas.net.ar\/map\/wp-content\/uploads\/2021\/07\/9-1024x1024.png\" alt=\"\" data-id=\"1610\" data-full-url=\"https:\/\/monitoreoareasprotegidas.net.ar\/map\/wp-content\/uploads\/2021\/07\/9.png\" data-link=\"https:\/\/monitoreoareasprotegidas.net.ar\/map\/divulgacion\/attachment\/9\/\" class=\"wp-image-1610\" srcset=\"https:\/\/monitoreoareasprotegidas.net.ar\/map\/wp-content\/uploads\/2021\/07\/9-1024x1024.png 1024w, https:\/\/monitoreoareasprotegidas.net.ar\/map\/wp-content\/uploads\/2021\/07\/9-300x300.png 300w, https:\/\/monitoreoareasprotegidas.net.ar\/map\/wp-content\/uploads\/2021\/07\/9-150x150.png 150w, https:\/\/monitoreoareasprotegidas.net.ar\/map\/wp-content\/uploads\/2021\/07\/9-768x768.png 768w, https:\/\/monitoreoareasprotegidas.net.ar\/map\/wp-content\/uploads\/2021\/07\/9-100x100.png 100w, https:\/\/monitoreoareasprotegidas.net.ar\/map\/wp-content\/uploads\/2021\/07\/9.png 1080w\" sizes=\"auto, (max-width: 767px) 89vw, (max-width: 1000px) 54vw, (max-width: 1071px) 543px, 580px\" \/><\/a><figcaption class=\"blocks-gallery-item__caption\"><strong><a rel=\"noreferrer noopener\" href=\"https:\/\/www.instagram.com\/p\/CQjaJsRn_w7\/\" data-type=\"URL\" data-id=\"https:\/\/www.instagram.com\/p\/CQjaJsRn_w7\/\" target=\"_blank\"><span class=\"has-inline-color has-white-color\">Colaboraci\u00f3n c\/Eco House C\u00f3rdoba #4.<br>Para ver el video ingres\u00e1 aqu\u00ed.<\/span><\/a><\/strong><\/figcaption><\/figure><\/li><li class=\"blocks-gallery-item\"><figure><a href=\"https:\/\/monitoreoareasprotegidas.net.ar\/map\/wp-content\/uploads\/2021\/07\/13.png\"><img loading=\"lazy\" decoding=\"async\" width=\"1024\" height=\"1024\" src=\"https:\/\/monitoreoareasprotegidas.net.ar\/map\/wp-content\/uploads\/2021\/07\/13-1024x1024.png\" alt=\"\" data-id=\"1616\" data-full-url=\"https:\/\/monitoreoareasprotegidas.net.ar\/map\/wp-content\/uploads\/2021\/07\/13.png\" data-link=\"https:\/\/monitoreoareasprotegidas.net.ar\/map\/divulgacion\/attachment\/13\/\" class=\"wp-image-1616\" srcset=\"https:\/\/monitoreoareasprotegidas.net.ar\/map\/wp-content\/uploads\/2021\/07\/13-1024x1024.png 1024w, https:\/\/monitoreoareasprotegidas.net.ar\/map\/wp-content\/uploads\/2021\/07\/13-300x300.png 300w, https:\/\/monitoreoareasprotegidas.net.ar\/map\/wp-content\/uploads\/2021\/07\/13-150x150.png 150w, https:\/\/monitoreoareasprotegidas.net.ar\/map\/wp-content\/uploads\/2021\/07\/13-768x768.png 768w, https:\/\/monitoreoareasprotegidas.net.ar\/map\/wp-content\/uploads\/2021\/07\/13-100x100.png 100w, https:\/\/monitoreoareasprotegidas.net.ar\/map\/wp-content\/uploads\/2021\/07\/13.png 1080w\" sizes=\"auto, (max-width: 767px) 89vw, (max-width: 1000px) 54vw, (max-width: 1071px) 543px, 580px\" \/><\/a><figcaption class=\"blocks-gallery-item__caption\"><a rel=\"noreferrer noopener\" href=\"https:\/\/youtu.be\/ps8N3NukDcg\" target=\"_blank\"><strong><span class=\"has-inline-color has-white-color\">\u00bfCu\u00e1l es el estado de las \u00e1reas protegidas en C\u00f3rdoba? La Izquierda Diario.<br>Para ver el video ingres\u00e1 aqu\u00ed.<\/span><\/strong><\/a><\/figcaption><\/figure><\/li><li class=\"blocks-gallery-item\"><figure><a href=\"https:\/\/monitoreoareasprotegidas.net.ar\/map\/wp-content\/uploads\/2021\/07\/6.png\"><img loading=\"lazy\" decoding=\"async\" width=\"1024\" height=\"1024\" src=\"https:\/\/monitoreoareasprotegidas.net.ar\/map\/wp-content\/uploads\/2021\/07\/6-1024x1024.png\" alt=\"\" data-id=\"1611\" data-full-url=\"https:\/\/monitoreoareasprotegidas.net.ar\/map\/wp-content\/uploads\/2021\/07\/6.png\" data-link=\"https:\/\/monitoreoareasprotegidas.net.ar\/map\/divulgacion\/attachment\/6\/\" class=\"wp-image-1611\" srcset=\"https:\/\/monitoreoareasprotegidas.net.ar\/map\/wp-content\/uploads\/2021\/07\/6-1024x1024.png 1024w, https:\/\/monitoreoareasprotegidas.net.ar\/map\/wp-content\/uploads\/2021\/07\/6-300x300.png 300w, https:\/\/monitoreoareasprotegidas.net.ar\/map\/wp-content\/uploads\/2021\/07\/6-150x150.png 150w, https:\/\/monitoreoareasprotegidas.net.ar\/map\/wp-content\/uploads\/2021\/07\/6-768x768.png 768w, https:\/\/monitoreoareasprotegidas.net.ar\/map\/wp-content\/uploads\/2021\/07\/6-100x100.png 100w, https:\/\/monitoreoareasprotegidas.net.ar\/map\/wp-content\/uploads\/2021\/07\/6.png 1080w\" sizes=\"auto, (max-width: 767px) 89vw, (max-width: 1000px) 54vw, (max-width: 1071px) 543px, 580px\" \/><\/a><figcaption class=\"blocks-gallery-item__caption\"><a rel=\"noreferrer noopener\" href=\"https:\/\/elresaltador.com.ar\/conoces-el-monitoreo-areas-protegidas-de-cordoba\/\" data-type=\"URL\" data-id=\"https:\/\/elresaltador.com.ar\/conoces-el-monitoreo-areas-protegidas-de-cordoba\/\" target=\"_blank\"><strong><span class=\"has-inline-color has-white-color\">\u00bfConoc\u00e9s el Monitoreo \u00c1reas Protegidas de C\u00f3rdoba? El Resaltador. <\/span><\/strong><\/a><br><a rel=\"noreferrer noopener\" href=\"https:\/\/elresaltador.com.ar\/conoces-el-monitoreo-areas-protegidas-de-cordoba\/\" data-type=\"URL\" data-id=\"https:\/\/elresaltador.com.ar\/conoces-el-monitoreo-areas-protegidas-de-cordoba\/\" target=\"_blank\"><strong><span class=\"has-inline-color has-white-color\">Para ver la nota ingres\u00e1 aqu\u00ed.<\/span><\/strong><\/a><\/figcaption><\/figure><\/li><li class=\"blocks-gallery-item\"><figure><a href=\"https:\/\/monitoreoareasprotegidas.net.ar\/map\/wp-content\/uploads\/2021\/07\/vacio-1.png\"><img loading=\"lazy\" decoding=\"async\" width=\"1024\" height=\"1024\" src=\"https:\/\/monitoreoareasprotegidas.net.ar\/map\/wp-content\/uploads\/2021\/07\/vacio-1-1024x1024.png\" alt=\"\" data-id=\"1613\" data-full-url=\"https:\/\/monitoreoareasprotegidas.net.ar\/map\/wp-content\/uploads\/2021\/07\/vacio-1.png\" data-link=\"https:\/\/monitoreoareasprotegidas.net.ar\/map\/divulgacion\/vacio-1\/\" class=\"wp-image-1613\" srcset=\"https:\/\/monitoreoareasprotegidas.net.ar\/map\/wp-content\/uploads\/2021\/07\/vacio-1-1024x1024.png 1024w, https:\/\/monitoreoareasprotegidas.net.ar\/map\/wp-content\/uploads\/2021\/07\/vacio-1-300x300.png 300w, https:\/\/monitoreoareasprotegidas.net.ar\/map\/wp-content\/uploads\/2021\/07\/vacio-1-150x150.png 150w, https:\/\/monitoreoareasprotegidas.net.ar\/map\/wp-content\/uploads\/2021\/07\/vacio-1-768x768.png 768w, https:\/\/monitoreoareasprotegidas.net.ar\/map\/wp-content\/uploads\/2021\/07\/vacio-1-100x100.png 100w, https:\/\/monitoreoareasprotegidas.net.ar\/map\/wp-content\/uploads\/2021\/07\/vacio-1.png 1080w\" sizes=\"auto, (max-width: 767px) 89vw, (max-width: 1000px) 54vw, (max-width: 1071px) 543px, 580px\" \/><\/a><\/figure><\/li><\/ul><\/figure>\n\n\n\n<p><\/p>\n\n\n\n<p><\/p>\n","protected":false},"excerpt":{"rendered":"<p>Presentaciones Presentaciones de la Plataforma MAP realizadas en diferentes reuniones, jornadas, congresos o ciclos (presenciales o virtuales). Entrevistas en medios radiales Entrevistas a miembros de la Plataforma MAP en medios radiales de aire y\/o digitales. Notas en medios gr\u00e1ficos Notas en medios period\u00edsticos gr\u00e1ficos impresos y\/o digitales. Contenidos para medios y organizaciones Producciones realizadas en &hellip; <\/p>\n<p class=\"link-more\"><a href=\"https:\/\/monitoreoareasprotegidas.net.ar\/map\/divulgacion\/\" class=\"more-link\">Continuar leyendo<span class=\"screen-reader-text\"> \u00abDivulgaci\u00f3n\u00bb<\/span><\/a><\/p>\n","protected":false},"author":2,"featured_media":0,"parent":0,"menu_order":11,"comment_status":"closed","ping_status":"closed","template":"","meta":{"_seopress_robots_primary_cat":"","_seopress_titles_title":"","_seopress_titles_desc":"","_seopress_robots_index":"","footnotes":""},"class_list":["post-1512","page","type-page","status-publish","hentry"],"jetpack_sharing_enabled":true,"_links":{"self":[{"href":"https:\/\/monitoreoareasprotegidas.net.ar\/map\/wp-json\/wp\/v2\/pages\/1512","targetHints":{"allow":["GET"]}}],"collection":[{"href":"https:\/\/monitoreoareasprotegidas.net.ar\/map\/wp-json\/wp\/v2\/pages"}],"about":[{"href":"https:\/\/monitoreoareasprotegidas.net.ar\/map\/wp-json\/wp\/v2\/types\/page"}],"author":[{"embeddable":true,"href":"https:\/\/monitoreoareasprotegidas.net.ar\/map\/wp-json\/wp\/v2\/users\/2"}],"replies":[{"embeddable":true,"href":"https:\/\/monitoreoareasprotegidas.net.ar\/map\/wp-json\/wp\/v2\/comments?post=1512"}],"version-history":[{"count":81,"href":"https:\/\/monitoreoareasprotegidas.net.ar\/map\/wp-json\/wp\/v2\/pages\/1512\/revisions"}],"predecessor-version":[{"id":2821,"href":"https:\/\/monitoreoareasprotegidas.net.ar\/map\/wp-json\/wp\/v2\/pages\/1512\/revisions\/2821"}],"wp:attachment":[{"href":"https:\/\/monitoreoareasprotegidas.net.ar\/map\/wp-json\/wp\/v2\/media?parent=1512"}],"curies":[{"name":"wp","href":"https:\/\/api.w.org\/{rel}","templated":true}]}}